{"version":"1.0","provider_name":"Vandra V\u00e4gen","provider_url":"https:\/\/blogg.svenskakyrkan.se\/vandravagen","author_name":"Tomas Jarvid","author_url":"https:\/\/blogg.svenskakyrkan.se\/vandravagen\/author\/vandravagen\/","title":"Hj\u00e4lp till att utv\u00e4rdera Vandra V\u00e4gen! - Vandra V\u00e4gen","type":"rich","width":600,"height":338,"html":"<blockquote class=\"wp-embedded-content\" data-secret=\"ssjCIHQVOi\"><a href=\"https:\/\/blogg.svenskakyrkan.se\/vandravagen\/2013\/03\/01\/hjalp-till-att-utvardera-vandra-vagen\/\">Hj\u00e4lp till att utv\u00e4rdera Vandra V\u00e4gen!<\/a><\/blockquote><iframe sandbox=\"allow-scripts\" security=\"restricted\" src=\"https:\/\/blogg.svenskakyrkan.se\/vandravagen\/2013\/03\/01\/hjalp-till-att-utvardera-vandra-vagen\/embed\/#?secret=ssjCIHQVOi\" width=\"600\" height=\"338\" title=\"\u201dHj\u00e4lp till att utv\u00e4rdera Vandra V\u00e4gen!\u201d &ndash; Vandra V\u00e4gen\" data-secret=\"ssjCIHQVOi\" frameborder=\"0\" marginwidth=\"0\" marginheight=\"0\" scrolling=\"no\" class=\"wp-embedded-content\"><\/iframe><script type=\"text\/javascript\">\n\/* <![CDATA[ *\/\n\/*! This file is auto-generated *\/\n!function(d,l){\"use strict\";l.querySelector&&d.addEventListener&&\"undefined\"!=typeof URL&&(d.wp=d.wp||{},d.wp.receiveEmbedMessage||(d.wp.receiveEmbedMessage=function(e){var t=e.data;if((t||t.secret||t.message||t.value)&&!\/[^a-zA-Z0-9]\/.test(t.secret)){for(var s,r,n,a=l.querySelectorAll('iframe[data-secret=\"'+t.secret+'\"]'),o=l.querySelectorAll('blockquote[data-secret=\"'+t.secret+'\"]'),c=new RegExp(\"^https?:$\",\"i\"),i=0;i<o.length;i++)o[i].style.display=\"none\";for(i=0;i<a.length;i++)s=a[i],e.source===s.contentWindow&&(s.removeAttribute(\"style\"),\"height\"===t.message?(1e3<(r=parseInt(t.value,10))?r=1e3:~~r<200&&(r=200),s.height=r):\"link\"===t.message&&(r=new URL(s.getAttribute(\"src\")),n=new URL(t.value),c.test(n.protocol))&&n.host===r.host&&l.activeElement===s&&(d.top.location.href=t.value))}},d.addEventListener(\"message\",d.wp.receiveEmbedMessage,!1),l.addEventListener(\"DOMContentLoaded\",function(){for(var e,t,s=l.querySelectorAll(\"iframe.wp-embedded-content\"),r=0;r<s.length;r++)(t=(e=s[r]).getAttribute(\"data-secret\"))||(t=Math.random().toString(36).substring(2,12),e.src+=\"#?secret=\"+t,e.setAttribute(\"data-secret\",t)),e.contentWindow.postMessage({message:\"ready\",secret:t},\"*\")},!1)))}(window,document);\n\/\/# sourceURL=https:\/\/blogg.svenskakyrkan.se\/vandravagen\/wp-includes\/js\/wp-embed.min.js\n\/* ]]> *\/\n<\/script>\n","description":"Hur bra blev det h\u00e4r? Jag undrar f\u00f6rst\u00e5s ibland hur bra bloggen lever upp till sina stolta m\u00e5l. Vilka som l\u00e4ser och s\u00e5 vidare. F\u00f6r den som har facebook f\u00e5r man g\u00e4rna ta en sekund till att svara p\u00e5 den fr\u00e5ga jag lagt ut d\u00e4r: http:\/\/www.facebook.com\/questions\/414250402001732\/ Annars tar jag f\u00f6rst\u00e5s som vanligt g\u00e4rna emot feedback [&hellip;]","thumbnail_url":"http:\/\/1.bp.blogspot.com\/-LnnCnHqsh78\/T7PBx60EvjI\/AAAAAAAAALo\/H0JWNUmPvsk\/s400\/ok_att_gora_fel.jpg"}