{"version":"1.0","provider_name":"Vandra V\u00e4gen","provider_url":"https:\/\/blogg.svenskakyrkan.se\/vandravagen","author_name":"Tomas Jarvid","author_url":"https:\/\/blogg.svenskakyrkan.se\/vandravagen\/author\/vandravagen\/","title":"Barnens katedral i Lidk\u00f6ping! - Vandra V\u00e4gen","type":"rich","width":600,"height":338,"html":"<blockquote class=\"wp-embedded-content\" data-secret=\"2EIIhcSLbE\"><a href=\"https:\/\/blogg.svenskakyrkan.se\/vandravagen\/2013\/03\/04\/barnens-katedral-i-lidkoping\/\">Barnens katedral i Lidk\u00f6ping!<\/a><\/blockquote><iframe sandbox=\"allow-scripts\" security=\"restricted\" src=\"https:\/\/blogg.svenskakyrkan.se\/vandravagen\/2013\/03\/04\/barnens-katedral-i-lidkoping\/embed\/#?secret=2EIIhcSLbE\" width=\"600\" height=\"338\" title=\"\u201dBarnens katedral i Lidk\u00f6ping!\u201d &ndash; Vandra V\u00e4gen\" data-secret=\"2EIIhcSLbE\" frameborder=\"0\" marginwidth=\"0\" marginheight=\"0\" scrolling=\"no\" class=\"wp-embedded-content\"><\/iframe><script type=\"text\/javascript\">\n\/* <![CDATA[ *\/\n\/*! This file is auto-generated *\/\n!function(d,l){\"use strict\";l.querySelector&&d.addEventListener&&\"undefined\"!=typeof URL&&(d.wp=d.wp||{},d.wp.receiveEmbedMessage||(d.wp.receiveEmbedMessage=function(e){var t=e.data;if((t||t.secret||t.message||t.value)&&!\/[^a-zA-Z0-9]\/.test(t.secret)){for(var s,r,n,a=l.querySelectorAll('iframe[data-secret=\"'+t.secret+'\"]'),o=l.querySelectorAll('blockquote[data-secret=\"'+t.secret+'\"]'),c=new RegExp(\"^https?:$\",\"i\"),i=0;i<o.length;i++)o[i].style.display=\"none\";for(i=0;i<a.length;i++)s=a[i],e.source===s.contentWindow&&(s.removeAttribute(\"style\"),\"height\"===t.message?(1e3<(r=parseInt(t.value,10))?r=1e3:~~r<200&&(r=200),s.height=r):\"link\"===t.message&&(r=new URL(s.getAttribute(\"src\")),n=new URL(t.value),c.test(n.protocol))&&n.host===r.host&&l.activeElement===s&&(d.top.location.href=t.value))}},d.addEventListener(\"message\",d.wp.receiveEmbedMessage,!1),l.addEventListener(\"DOMContentLoaded\",function(){for(var e,t,s=l.querySelectorAll(\"iframe.wp-embedded-content\"),r=0;r<s.length;r++)(t=(e=s[r]).getAttribute(\"data-secret\"))||(t=Math.random().toString(36).substring(2,12),e.src+=\"#?secret=\"+t,e.setAttribute(\"data-secret\",t)),e.contentWindow.postMessage({message:\"ready\",secret:t},\"*\")},!1)))}(window,document);\n\/\/# sourceURL=https:\/\/blogg.svenskakyrkan.se\/vandravagen\/wp-includes\/js\/wp-embed.min.js\n\/* ]]> *\/\n<\/script>\n","description":"Denna s\u00f6ndag firade vi v\u00e5r gudstj\u00e4nst i &#8221;barnens katedral&#8221; i f\u00f6rsamlingsg\u00e5rden i Lock\u00f6rn i Lidk\u00f6ping. Det \u00e4r en familjegudstj\u00e4nst som firas varannan vecka och d\u00e4r barnen f\u00e5r mycket plats. Det var roligt f\u00f6r v\u00e5r lilla barnfamilj och jag kan rekommendera det till fler som bor h\u00e4r i trakten. H\u00e4r ser man pr\u00e4sten Rickard Bur\u00e9n inleda [&hellip;]","thumbnail_url":"https:\/\/lh3.googleusercontent.com\/-jvG38fGflA4\/UTOhEvXhPiI\/AAAAAAAACqQ\/GXCtJbjIkFo\/s400\/blogger-image-1683441784.jpg"}