{"version":"1.0","provider_name":"Vandra V\u00e4gen","provider_url":"https:\/\/blogg.svenskakyrkan.se\/vandravagen","author_name":"Tomas Jarvid","author_url":"https:\/\/blogg.svenskakyrkan.se\/vandravagen\/author\/vandravagen\/","title":"Veckans snabbgenomg\u00e5ng - Vandra V\u00e4gen","type":"rich","width":600,"height":338,"html":"<blockquote class=\"wp-embedded-content\" data-secret=\"9XS20dnSSP\"><a href=\"https:\/\/blogg.svenskakyrkan.se\/vandravagen\/2013\/03\/10\/veckans-snabbgenomgang-8\/\">Veckans snabbgenomg\u00e5ng<\/a><\/blockquote><iframe sandbox=\"allow-scripts\" security=\"restricted\" src=\"https:\/\/blogg.svenskakyrkan.se\/vandravagen\/2013\/03\/10\/veckans-snabbgenomgang-8\/embed\/#?secret=9XS20dnSSP\" width=\"600\" height=\"338\" title=\"\u201dVeckans snabbgenomg\u00e5ng\u201d &ndash; Vandra V\u00e4gen\" data-secret=\"9XS20dnSSP\" frameborder=\"0\" marginwidth=\"0\" marginheight=\"0\" scrolling=\"no\" class=\"wp-embedded-content\"><\/iframe><script type=\"text\/javascript\">\n\/* <![CDATA[ *\/\n\/*! This file is auto-generated *\/\n!function(d,l){\"use strict\";l.querySelector&&d.addEventListener&&\"undefined\"!=typeof URL&&(d.wp=d.wp||{},d.wp.receiveEmbedMessage||(d.wp.receiveEmbedMessage=function(e){var t=e.data;if((t||t.secret||t.message||t.value)&&!\/[^a-zA-Z0-9]\/.test(t.secret)){for(var s,r,n,a=l.querySelectorAll('iframe[data-secret=\"'+t.secret+'\"]'),o=l.querySelectorAll('blockquote[data-secret=\"'+t.secret+'\"]'),c=new RegExp(\"^https?:$\",\"i\"),i=0;i<o.length;i++)o[i].style.display=\"none\";for(i=0;i<a.length;i++)s=a[i],e.source===s.contentWindow&&(s.removeAttribute(\"style\"),\"height\"===t.message?(1e3<(r=parseInt(t.value,10))?r=1e3:~~r<200&&(r=200),s.height=r):\"link\"===t.message&&(r=new URL(s.getAttribute(\"src\")),n=new URL(t.value),c.test(n.protocol))&&n.host===r.host&&l.activeElement===s&&(d.top.location.href=t.value))}},d.addEventListener(\"message\",d.wp.receiveEmbedMessage,!1),l.addEventListener(\"DOMContentLoaded\",function(){for(var e,t,s=l.querySelectorAll(\"iframe.wp-embedded-content\"),r=0;r<s.length;r++)(t=(e=s[r]).getAttribute(\"data-secret\"))||(t=Math.random().toString(36).substring(2,12),e.src+=\"#?secret=\"+t,e.setAttribute(\"data-secret\",t)),e.contentWindow.postMessage({message:\"ready\",secret:t},\"*\")},!1)))}(window,document);\n\/\/# sourceURL=https:\/\/blogg.svenskakyrkan.se\/vandravagen\/wp-includes\/js\/wp-embed.min.js\n\/* ]]> *\/\n<\/script>\n","description":"Veckans starka l\u00e4nkar Det blev visst bokrecension ig\u00e5r ist\u00e4llet f\u00f6r veckogenomg\u00e5ng. N\u00e5v\u00e4l, den kommer nu! L\u00e4s dessa om du inte redan gjort det. Har du l\u00e4st dem s\u00e5 g\u00f6r det igen. 1, Jag har till slut l\u00e4st den stora klassikern Kallocain av Karin Boye, och p\u00e5 bloggen funderade jag p\u00e5 vad den s\u00e4ger om att [&hellip;]","thumbnail_url":"http:\/\/4.bp.blogspot.com\/-bdxujLDqTPc\/T1tfTM0M6PI\/AAAAAAAAAGg\/V5vUak4UBAc\/s320\/links_iStock_000005060560XSmall.jpg"}