{"version":"1.0","provider_name":"Vandra V\u00e4gen","provider_url":"https:\/\/blogg.svenskakyrkan.se\/vandravagen","author_name":"Tomas Jarvid","author_url":"https:\/\/blogg.svenskakyrkan.se\/vandravagen\/author\/vandravagen\/","title":"Vad f\u00f6rest\u00e4ller bilden? del XI - Vandra V\u00e4gen","type":"rich","width":600,"height":338,"html":"<blockquote class=\"wp-embedded-content\" data-secret=\"cIguM1vavU\"><a href=\"https:\/\/blogg.svenskakyrkan.se\/vandravagen\/2013\/03\/18\/vad-forestaller-bilden-del-xi\/\">Vad f\u00f6rest\u00e4ller bilden? del XI<\/a><\/blockquote><iframe sandbox=\"allow-scripts\" security=\"restricted\" src=\"https:\/\/blogg.svenskakyrkan.se\/vandravagen\/2013\/03\/18\/vad-forestaller-bilden-del-xi\/embed\/#?secret=cIguM1vavU\" width=\"600\" height=\"338\" title=\"\u201dVad f\u00f6rest\u00e4ller bilden? del XI\u201d &ndash; Vandra V\u00e4gen\" data-secret=\"cIguM1vavU\" frameborder=\"0\" marginwidth=\"0\" marginheight=\"0\" scrolling=\"no\" class=\"wp-embedded-content\"><\/iframe><script type=\"text\/javascript\">\n\/* <![CDATA[ *\/\n\/*! This file is auto-generated *\/\n!function(d,l){\"use strict\";l.querySelector&&d.addEventListener&&\"undefined\"!=typeof URL&&(d.wp=d.wp||{},d.wp.receiveEmbedMessage||(d.wp.receiveEmbedMessage=function(e){var t=e.data;if((t||t.secret||t.message||t.value)&&!\/[^a-zA-Z0-9]\/.test(t.secret)){for(var s,r,n,a=l.querySelectorAll('iframe[data-secret=\"'+t.secret+'\"]'),o=l.querySelectorAll('blockquote[data-secret=\"'+t.secret+'\"]'),c=new RegExp(\"^https?:$\",\"i\"),i=0;i<o.length;i++)o[i].style.display=\"none\";for(i=0;i<a.length;i++)s=a[i],e.source===s.contentWindow&&(s.removeAttribute(\"style\"),\"height\"===t.message?(1e3<(r=parseInt(t.value,10))?r=1e3:~~r<200&&(r=200),s.height=r):\"link\"===t.message&&(r=new URL(s.getAttribute(\"src\")),n=new URL(t.value),c.test(n.protocol))&&n.host===r.host&&l.activeElement===s&&(d.top.location.href=t.value))}},d.addEventListener(\"message\",d.wp.receiveEmbedMessage,!1),l.addEventListener(\"DOMContentLoaded\",function(){for(var e,t,s=l.querySelectorAll(\"iframe.wp-embedded-content\"),r=0;r<s.length;r++)(t=(e=s[r]).getAttribute(\"data-secret\"))||(t=Math.random().toString(36).substring(2,12),e.src+=\"#?secret=\"+t,e.setAttribute(\"data-secret\",t)),e.contentWindow.postMessage({message:\"ready\",secret:t},\"*\")},!1)))}(window,document);\n\/\/# sourceURL=https:\/\/blogg.svenskakyrkan.se\/vandravagen\/wp-includes\/js\/wp-embed.min.js\n\/* ]]> *\/\n<\/script>\n","description":"Den senaste fotog\u00e5tan s\u00e5g ut s\u00e5 h\u00e4r. Den var kanske ocks\u00e5 ganska sv\u00e5r men Johannes och Simon har grejat det. Bilden f\u00f6rest\u00e4ller mycket riktigt den unge Samuel, den sista av domarna. Samuels f\u00f6r\u00e4ldrar var barnl\u00f6sa och hans mor lovade Gud att om hon fick en son skulle han \u00e4gna sitt liv \u00e5t att tj\u00e4na Gud. [&hellip;]","thumbnail_url":"http:\/\/4.bp.blogspot.com\/-aEf1ORTQjlI\/UTefr2SB2tI\/AAAAAAAACrE\/Er_Duyc92Lw\/s400\/IMG_2856.jpg"}