{"version":"1.0","provider_name":"Vandra V\u00e4gen","provider_url":"https:\/\/blogg.svenskakyrkan.se\/vandravagen","author_name":"Tomas Jarvid","author_url":"https:\/\/blogg.svenskakyrkan.se\/vandravagen\/author\/vandravagen\/","title":"Risinge kyrka p\u00e5 Marie beb\u00e5delsedag - Vandra V\u00e4gen","type":"rich","width":600,"height":338,"html":"<blockquote class=\"wp-embedded-content\" data-secret=\"Rdt9LBjMNl\"><a href=\"https:\/\/blogg.svenskakyrkan.se\/vandravagen\/2013\/03\/19\/risinge-kyrka-pa-marie-bebadelsedag\/\">Risinge kyrka p\u00e5 Marie beb\u00e5delsedag<\/a><\/blockquote><iframe sandbox=\"allow-scripts\" security=\"restricted\" src=\"https:\/\/blogg.svenskakyrkan.se\/vandravagen\/2013\/03\/19\/risinge-kyrka-pa-marie-bebadelsedag\/embed\/#?secret=Rdt9LBjMNl\" width=\"600\" height=\"338\" title=\"\u201dRisinge kyrka p\u00e5 Marie beb\u00e5delsedag\u201d &ndash; Vandra V\u00e4gen\" data-secret=\"Rdt9LBjMNl\" frameborder=\"0\" marginwidth=\"0\" marginheight=\"0\" scrolling=\"no\" class=\"wp-embedded-content\"><\/iframe><script type=\"text\/javascript\">\n\/* <![CDATA[ *\/\n\/*! This file is auto-generated *\/\n!function(d,l){\"use strict\";l.querySelector&&d.addEventListener&&\"undefined\"!=typeof URL&&(d.wp=d.wp||{},d.wp.receiveEmbedMessage||(d.wp.receiveEmbedMessage=function(e){var t=e.data;if((t||t.secret||t.message||t.value)&&!\/[^a-zA-Z0-9]\/.test(t.secret)){for(var s,r,n,a=l.querySelectorAll('iframe[data-secret=\"'+t.secret+'\"]'),o=l.querySelectorAll('blockquote[data-secret=\"'+t.secret+'\"]'),c=new RegExp(\"^https?:$\",\"i\"),i=0;i<o.length;i++)o[i].style.display=\"none\";for(i=0;i<a.length;i++)s=a[i],e.source===s.contentWindow&&(s.removeAttribute(\"style\"),\"height\"===t.message?(1e3<(r=parseInt(t.value,10))?r=1e3:~~r<200&&(r=200),s.height=r):\"link\"===t.message&&(r=new URL(s.getAttribute(\"src\")),n=new URL(t.value),c.test(n.protocol))&&n.host===r.host&&l.activeElement===s&&(d.top.location.href=t.value))}},d.addEventListener(\"message\",d.wp.receiveEmbedMessage,!1),l.addEventListener(\"DOMContentLoaded\",function(){for(var e,t,s=l.querySelectorAll(\"iframe.wp-embedded-content\"),r=0;r<s.length;r++)(t=(e=s[r]).getAttribute(\"data-secret\"))||(t=Math.random().toString(36).substring(2,12),e.src+=\"#?secret=\"+t,e.setAttribute(\"data-secret\",t)),e.contentWindow.postMessage({message:\"ready\",secret:t},\"*\")},!1)))}(window,document);\n\/\/# sourceURL=https:\/\/blogg.svenskakyrkan.se\/vandravagen\/wp-includes\/js\/wp-embed.min.js\n\/* ]]> *\/\n<\/script>\n","description":"Idag blir det ett litet fotoreportage p\u00e5 Vandra V\u00e4gen. Jungfru Marie Beb\u00e5delsedag firade vi gudstj\u00e4nsten i Risinge kyrka utanf\u00f6r Finsp\u00e5ng i \u00d6sterg\u00f6tland. Efter\u00e5t bj\u00f6ds det ocks\u00e5 p\u00e5 v\u00e5fflor och gudstj\u00e4nstfirarna var trevliga. Tornspiran Ljus \u00f6ver altaret F\u00f6nsterdetalj I kyrkan fanns ocks\u00e5 ett medeltida altarsk\u00e5p och d\u00e4r kunde vi finna Maria i centrum. Marias himmelsf\u00e4rd n\u00e4rmare [&hellip;]","thumbnail_url":"http:\/\/4.bp.blogspot.com\/-ZWlyTZjc7K4\/UUdODBu_BEI\/AAAAAAAACys\/emHF0LzPIEY\/s400\/kyrkexterio%CC%88r.jpg"}