{"version":"1.0","provider_name":"Vandra V\u00e4gen","provider_url":"https:\/\/blogg.svenskakyrkan.se\/vandravagen","author_name":"Tomas Jarvid","author_url":"https:\/\/blogg.svenskakyrkan.se\/vandravagen\/author\/vandravagen\/","title":"Till alla pr\u00e4ster! - Vandra V\u00e4gen","type":"rich","width":600,"height":338,"html":"<blockquote class=\"wp-embedded-content\" data-secret=\"urzfpoRLOM\"><a href=\"https:\/\/blogg.svenskakyrkan.se\/vandravagen\/2013\/03\/19\/till-alla-praster\/\">Till alla pr\u00e4ster!<\/a><\/blockquote><iframe sandbox=\"allow-scripts\" security=\"restricted\" src=\"https:\/\/blogg.svenskakyrkan.se\/vandravagen\/2013\/03\/19\/till-alla-praster\/embed\/#?secret=urzfpoRLOM\" width=\"600\" height=\"338\" title=\"\u201dTill alla pr\u00e4ster!\u201d &ndash; Vandra V\u00e4gen\" data-secret=\"urzfpoRLOM\" frameborder=\"0\" marginwidth=\"0\" marginheight=\"0\" scrolling=\"no\" class=\"wp-embedded-content\"><\/iframe><script type=\"text\/javascript\">\n\/* <![CDATA[ *\/\n\/*! This file is auto-generated *\/\n!function(d,l){\"use strict\";l.querySelector&&d.addEventListener&&\"undefined\"!=typeof URL&&(d.wp=d.wp||{},d.wp.receiveEmbedMessage||(d.wp.receiveEmbedMessage=function(e){var t=e.data;if((t||t.secret||t.message||t.value)&&!\/[^a-zA-Z0-9]\/.test(t.secret)){for(var s,r,n,a=l.querySelectorAll('iframe[data-secret=\"'+t.secret+'\"]'),o=l.querySelectorAll('blockquote[data-secret=\"'+t.secret+'\"]'),c=new RegExp(\"^https?:$\",\"i\"),i=0;i<o.length;i++)o[i].style.display=\"none\";for(i=0;i<a.length;i++)s=a[i],e.source===s.contentWindow&&(s.removeAttribute(\"style\"),\"height\"===t.message?(1e3<(r=parseInt(t.value,10))?r=1e3:~~r<200&&(r=200),s.height=r):\"link\"===t.message&&(r=new URL(s.getAttribute(\"src\")),n=new URL(t.value),c.test(n.protocol))&&n.host===r.host&&l.activeElement===s&&(d.top.location.href=t.value))}},d.addEventListener(\"message\",d.wp.receiveEmbedMessage,!1),l.addEventListener(\"DOMContentLoaded\",function(){for(var e,t,s=l.querySelectorAll(\"iframe.wp-embedded-content\"),r=0;r<s.length;r++)(t=(e=s[r]).getAttribute(\"data-secret\"))||(t=Math.random().toString(36).substring(2,12),e.src+=\"#?secret=\"+t,e.setAttribute(\"data-secret\",t)),e.contentWindow.postMessage({message:\"ready\",secret:t},\"*\")},!1)))}(window,document);\n\/\/# sourceURL=https:\/\/blogg.svenskakyrkan.se\/vandravagen\/wp-includes\/js\/wp-embed.min.js\n\/* ]]> *\/\n<\/script>\n","description":"Det var en praktikhandledare som sa till mig att man ska vara f\u00f6rsiktig, &#8221;du vet v\u00e4l att pr\u00e4stige stavas med \u00e4?&#8221; Det finns en stor risk att man b\u00f6rjar ta sig sj\u00e4lv p\u00e5 lite v\u00e4l stort allvar om man \u00e4r pr\u00e4st. S\u00e4tt den h\u00e4r bilden p\u00e5 ditt kontor eller n\u00e5t och st\u00e4m av mot den [&hellip;]","thumbnail_url":"http:\/\/1.bp.blogspot.com\/-xj5Gex3UCKk\/UUiag2o1b7I\/AAAAAAAACz0\/e8nsl2aAVS4\/s400\/pra%CC%88stige2.jpg"}