{"version":"1.0","provider_name":"Vandra V\u00e4gen","provider_url":"https:\/\/blogg.svenskakyrkan.se\/vandravagen","author_name":"Tomas Jarvid","author_url":"https:\/\/blogg.svenskakyrkan.se\/vandravagen\/author\/vandravagen\/","title":"Vad sj\u00e4lvk\u00e4nsla \u00e4r och inte \u00e4r - Vandra V\u00e4gen","type":"rich","width":600,"height":338,"html":"<blockquote class=\"wp-embedded-content\" data-secret=\"XGzd76Bk4p\"><a href=\"https:\/\/blogg.svenskakyrkan.se\/vandravagen\/2013\/03\/22\/vad-sjalvkansla-ar-och-inte-ar\/\">Vad sj\u00e4lvk\u00e4nsla \u00e4r och inte \u00e4r<\/a><\/blockquote><iframe sandbox=\"allow-scripts\" security=\"restricted\" src=\"https:\/\/blogg.svenskakyrkan.se\/vandravagen\/2013\/03\/22\/vad-sjalvkansla-ar-och-inte-ar\/embed\/#?secret=XGzd76Bk4p\" width=\"600\" height=\"338\" title=\"\u201dVad sj\u00e4lvk\u00e4nsla \u00e4r och inte \u00e4r\u201d &ndash; Vandra V\u00e4gen\" data-secret=\"XGzd76Bk4p\" frameborder=\"0\" marginwidth=\"0\" marginheight=\"0\" scrolling=\"no\" class=\"wp-embedded-content\"><\/iframe><script type=\"text\/javascript\">\n\/* <![CDATA[ *\/\n\/*! This file is auto-generated *\/\n!function(d,l){\"use strict\";l.querySelector&&d.addEventListener&&\"undefined\"!=typeof URL&&(d.wp=d.wp||{},d.wp.receiveEmbedMessage||(d.wp.receiveEmbedMessage=function(e){var t=e.data;if((t||t.secret||t.message||t.value)&&!\/[^a-zA-Z0-9]\/.test(t.secret)){for(var s,r,n,a=l.querySelectorAll('iframe[data-secret=\"'+t.secret+'\"]'),o=l.querySelectorAll('blockquote[data-secret=\"'+t.secret+'\"]'),c=new RegExp(\"^https?:$\",\"i\"),i=0;i<o.length;i++)o[i].style.display=\"none\";for(i=0;i<a.length;i++)s=a[i],e.source===s.contentWindow&&(s.removeAttribute(\"style\"),\"height\"===t.message?(1e3<(r=parseInt(t.value,10))?r=1e3:~~r<200&&(r=200),s.height=r):\"link\"===t.message&&(r=new URL(s.getAttribute(\"src\")),n=new URL(t.value),c.test(n.protocol))&&n.host===r.host&&l.activeElement===s&&(d.top.location.href=t.value))}},d.addEventListener(\"message\",d.wp.receiveEmbedMessage,!1),l.addEventListener(\"DOMContentLoaded\",function(){for(var e,t,s=l.querySelectorAll(\"iframe.wp-embedded-content\"),r=0;r<s.length;r++)(t=(e=s[r]).getAttribute(\"data-secret\"))||(t=Math.random().toString(36).substring(2,12),e.src+=\"#?secret=\"+t,e.setAttribute(\"data-secret\",t)),e.contentWindow.postMessage({message:\"ready\",secret:t},\"*\")},!1)))}(window,document);\n\/\/# sourceURL=https:\/\/blogg.svenskakyrkan.se\/vandravagen\/wp-includes\/js\/wp-embed.min.js\n\/* ]]> *\/\n<\/script>\n","description":"H\u00e4r ligger jag och duger\u00a0 N\u00e4r jag \u00e4nd\u00e5 \u00e4r ig\u00e5ng och skriver inl\u00e4gg utifr\u00e5n inneh\u00e5llet i Gordon Neufelds bok vill jag ocks\u00e5 dela med mig av det han skriver om sj\u00e4lvk\u00e4nsla. I reklamens v\u00e4rld h\u00e4nger sj\u00e4lvk\u00e4nsla ofta ihop med yttre attribut. Den som \u00e4r inne och snygg kan k\u00e4nna sig bra och trygg och n\u00f6jd [&hellip;]","thumbnail_url":"http:\/\/1.bp.blogspot.com\/-Qf_zA_7T7yA\/UAfLskIHUeI\/AAAAAAAAATA\/Ehtbn9nA_Bw\/s400\/P7180070.JPG"}