{"version":"1.0","provider_name":"Vandra V\u00e4gen","provider_url":"https:\/\/blogg.svenskakyrkan.se\/vandravagen","author_name":"Tomas Jarvid","author_url":"https:\/\/blogg.svenskakyrkan.se\/vandravagen\/author\/vandravagen\/","title":"M\u00e4ktiga inl\u00e4gg om makt - Vandra V\u00e4gen","type":"rich","width":600,"height":338,"html":"<blockquote class=\"wp-embedded-content\" data-secret=\"UuV2ZbYFqS\"><a href=\"https:\/\/blogg.svenskakyrkan.se\/vandravagen\/2013\/03\/26\/maktiga-inlagg-om-makt\/\">M\u00e4ktiga inl\u00e4gg om makt<\/a><\/blockquote><iframe sandbox=\"allow-scripts\" security=\"restricted\" src=\"https:\/\/blogg.svenskakyrkan.se\/vandravagen\/2013\/03\/26\/maktiga-inlagg-om-makt\/embed\/#?secret=UuV2ZbYFqS\" width=\"600\" height=\"338\" title=\"\u201dM\u00e4ktiga inl\u00e4gg om makt\u201d &ndash; Vandra V\u00e4gen\" data-secret=\"UuV2ZbYFqS\" frameborder=\"0\" marginwidth=\"0\" marginheight=\"0\" scrolling=\"no\" class=\"wp-embedded-content\"><\/iframe><script type=\"text\/javascript\">\n\/* <![CDATA[ *\/\n\/*! This file is auto-generated *\/\n!function(d,l){\"use strict\";l.querySelector&&d.addEventListener&&\"undefined\"!=typeof URL&&(d.wp=d.wp||{},d.wp.receiveEmbedMessage||(d.wp.receiveEmbedMessage=function(e){var t=e.data;if((t||t.secret||t.message||t.value)&&!\/[^a-zA-Z0-9]\/.test(t.secret)){for(var s,r,n,a=l.querySelectorAll('iframe[data-secret=\"'+t.secret+'\"]'),o=l.querySelectorAll('blockquote[data-secret=\"'+t.secret+'\"]'),c=new RegExp(\"^https?:$\",\"i\"),i=0;i<o.length;i++)o[i].style.display=\"none\";for(i=0;i<a.length;i++)s=a[i],e.source===s.contentWindow&&(s.removeAttribute(\"style\"),\"height\"===t.message?(1e3<(r=parseInt(t.value,10))?r=1e3:~~r<200&&(r=200),s.height=r):\"link\"===t.message&&(r=new URL(s.getAttribute(\"src\")),n=new URL(t.value),c.test(n.protocol))&&n.host===r.host&&l.activeElement===s&&(d.top.location.href=t.value))}},d.addEventListener(\"message\",d.wp.receiveEmbedMessage,!1),l.addEventListener(\"DOMContentLoaded\",function(){for(var e,t,s=l.querySelectorAll(\"iframe.wp-embedded-content\"),r=0;r<s.length;r++)(t=(e=s[r]).getAttribute(\"data-secret\"))||(t=Math.random().toString(36).substring(2,12),e.src+=\"#?secret=\"+t,e.setAttribute(\"data-secret\",t)),e.contentWindow.postMessage({message:\"ready\",secret:t},\"*\")},!1)))}(window,document);\n\/\/# sourceURL=https:\/\/blogg.svenskakyrkan.se\/vandravagen\/wp-includes\/js\/wp-embed.min.js\n\/* ]]> *\/\n<\/script>\n","description":"Jesus allh\u00e4rskaren I bloggens ringa begynnelse skrev jag en hel del bloggposter om makt fr\u00e5n olika perspektiv. Det hade f\u00f6rst\u00e5s varit roligt om jag haft s\u00e5 m\u00e5nga l\u00e4sare d\u00e5 som jag har nu s\u00e5 att de hade kunnat f\u00e5 ta del av dessa inl\u00e4gg&#8230; Jo, det kan de f\u00f6rst\u00e5s! F\u00f6r h\u00e4r kommer de i repris! [&hellip;]","thumbnail_url":"http:\/\/4.bp.blogspot.com\/-WzYwHjfWm7g\/TyPZ5nP4YnI\/AAAAAAAAADo\/1gNXAfZSUU0\/s400\/blogger-image--91870851.jpg"}