{"version":"1.0","provider_name":"Vandra V\u00e4gen","provider_url":"https:\/\/blogg.svenskakyrkan.se\/vandravagen","author_name":"Tomas Jarvid","author_url":"https:\/\/blogg.svenskakyrkan.se\/vandravagen\/author\/vandravagen\/","title":"X-men, kallelsen och Guds folk - Vandra V\u00e4gen","type":"rich","width":600,"height":338,"html":"<blockquote class=\"wp-embedded-content\" data-secret=\"QlUIUfgWh9\"><a href=\"https:\/\/blogg.svenskakyrkan.se\/vandravagen\/2013\/03\/26\/x-men-kallelsen-och-guds-folk\/\">X-men, kallelsen och Guds folk<\/a><\/blockquote><iframe sandbox=\"allow-scripts\" security=\"restricted\" src=\"https:\/\/blogg.svenskakyrkan.se\/vandravagen\/2013\/03\/26\/x-men-kallelsen-och-guds-folk\/embed\/#?secret=QlUIUfgWh9\" width=\"600\" height=\"338\" title=\"\u201dX-men, kallelsen och Guds folk\u201d &ndash; Vandra V\u00e4gen\" data-secret=\"QlUIUfgWh9\" frameborder=\"0\" marginwidth=\"0\" marginheight=\"0\" scrolling=\"no\" class=\"wp-embedded-content\"><\/iframe><script type=\"text\/javascript\">\n\/* <![CDATA[ *\/\n\/*! This file is auto-generated *\/\n!function(d,l){\"use strict\";l.querySelector&&d.addEventListener&&\"undefined\"!=typeof URL&&(d.wp=d.wp||{},d.wp.receiveEmbedMessage||(d.wp.receiveEmbedMessage=function(e){var t=e.data;if((t||t.secret||t.message||t.value)&&!\/[^a-zA-Z0-9]\/.test(t.secret)){for(var s,r,n,a=l.querySelectorAll('iframe[data-secret=\"'+t.secret+'\"]'),o=l.querySelectorAll('blockquote[data-secret=\"'+t.secret+'\"]'),c=new RegExp(\"^https?:$\",\"i\"),i=0;i<o.length;i++)o[i].style.display=\"none\";for(i=0;i<a.length;i++)s=a[i],e.source===s.contentWindow&&(s.removeAttribute(\"style\"),\"height\"===t.message?(1e3<(r=parseInt(t.value,10))?r=1e3:~~r<200&&(r=200),s.height=r):\"link\"===t.message&&(r=new URL(s.getAttribute(\"src\")),n=new URL(t.value),c.test(n.protocol))&&n.host===r.host&&l.activeElement===s&&(d.top.location.href=t.value))}},d.addEventListener(\"message\",d.wp.receiveEmbedMessage,!1),l.addEventListener(\"DOMContentLoaded\",function(){for(var e,t,s=l.querySelectorAll(\"iframe.wp-embedded-content\"),r=0;r<s.length;r++)(t=(e=s[r]).getAttribute(\"data-secret\"))||(t=Math.random().toString(36).substring(2,12),e.src+=\"#?secret=\"+t,e.setAttribute(\"data-secret\",t)),e.contentWindow.postMessage({message:\"ready\",secret:t},\"*\")},!1)))}(window,document);\n\/\/# sourceURL=https:\/\/blogg.svenskakyrkan.se\/vandravagen\/wp-includes\/js\/wp-embed.min.js\n\/* ]]> *\/\n<\/script>\n","description":"Jag har med god timing l\u00e4st den gamla klassiska x-menserien &#8221;days of future past&#8221; fr\u00e5n 1980. Den utspelar sig ocks\u00e5 i den fj\u00e4rran framtiden&#8230; 2013, vilket f\u00e5r en att t\u00e4nka att hur illa det \u00e4n \u00e4r i v\u00e4rlden s\u00e5 har det faktiskt inte blivit S\u00c5 illa \u00e4n. Jag brukar skriva om olika tecknade hj\u00e4ltar p\u00e5 [&hellip;]","thumbnail_url":"http:\/\/3.bp.blogspot.com\/-zx3nkuZqApk\/UUzM7k0as_I\/AAAAAAAAC0E\/m7zExFxl3W4\/s400\/xmen2.jpg"}