{"version":"1.0","provider_name":"Vandra V\u00e4gen","provider_url":"https:\/\/blogg.svenskakyrkan.se\/vandravagen","author_name":"Tomas Jarvid","author_url":"https:\/\/blogg.svenskakyrkan.se\/vandravagen\/author\/vandravagen\/","title":"Korsf\u00e4stelsens ikon - Vandra V\u00e4gen","type":"rich","width":600,"height":338,"html":"<blockquote class=\"wp-embedded-content\" data-secret=\"4pII6BcGHd\"><a href=\"https:\/\/blogg.svenskakyrkan.se\/vandravagen\/2013\/03\/29\/korsfastelsens-ikon\/\">Korsf\u00e4stelsens ikon<\/a><\/blockquote><iframe sandbox=\"allow-scripts\" security=\"restricted\" src=\"https:\/\/blogg.svenskakyrkan.se\/vandravagen\/2013\/03\/29\/korsfastelsens-ikon\/embed\/#?secret=4pII6BcGHd\" width=\"600\" height=\"338\" title=\"\u201dKorsf\u00e4stelsens ikon\u201d &ndash; Vandra V\u00e4gen\" data-secret=\"4pII6BcGHd\" frameborder=\"0\" marginwidth=\"0\" marginheight=\"0\" scrolling=\"no\" class=\"wp-embedded-content\"><\/iframe><script type=\"text\/javascript\">\n\/* <![CDATA[ *\/\n\/*! This file is auto-generated *\/\n!function(d,l){\"use strict\";l.querySelector&&d.addEventListener&&\"undefined\"!=typeof URL&&(d.wp=d.wp||{},d.wp.receiveEmbedMessage||(d.wp.receiveEmbedMessage=function(e){var t=e.data;if((t||t.secret||t.message||t.value)&&!\/[^a-zA-Z0-9]\/.test(t.secret)){for(var s,r,n,a=l.querySelectorAll('iframe[data-secret=\"'+t.secret+'\"]'),o=l.querySelectorAll('blockquote[data-secret=\"'+t.secret+'\"]'),c=new RegExp(\"^https?:$\",\"i\"),i=0;i<o.length;i++)o[i].style.display=\"none\";for(i=0;i<a.length;i++)s=a[i],e.source===s.contentWindow&&(s.removeAttribute(\"style\"),\"height\"===t.message?(1e3<(r=parseInt(t.value,10))?r=1e3:~~r<200&&(r=200),s.height=r):\"link\"===t.message&&(r=new URL(s.getAttribute(\"src\")),n=new URL(t.value),c.test(n.protocol))&&n.host===r.host&&l.activeElement===s&&(d.top.location.href=t.value))}},d.addEventListener(\"message\",d.wp.receiveEmbedMessage,!1),l.addEventListener(\"DOMContentLoaded\",function(){for(var e,t,s=l.querySelectorAll(\"iframe.wp-embedded-content\"),r=0;r<s.length;r++)(t=(e=s[r]).getAttribute(\"data-secret\"))||(t=Math.random().toString(36).substring(2,12),e.src+=\"#?secret=\"+t,e.setAttribute(\"data-secret\",t)),e.contentWindow.postMessage({message:\"ready\",secret:t},\"*\")},!1)))}(window,document);\n\/\/# sourceURL=https:\/\/blogg.svenskakyrkan.se\/vandravagen\/wp-includes\/js\/wp-embed.min.js\n\/* ]]> *\/\n<\/script>\n","description":"Korsf\u00e4stelsen \u00e4r ett vanligare motiv i v\u00e4stkyrkan \u00e4n i \u00f6st. P\u00e5 ikonerna ser man inte heller det utm\u00e4rglade och pl\u00e5gade sm\u00e4rtomannen eftersom ikonen alltid visar m\u00e4nniskan f\u00f6rh\u00e4rligad. Redan p\u00e5 korset pekar ikonen vidare mot uppst\u00e5ndelsen. Dock h\u00e4nger Jesus med huvudet och har blivit avkl\u00e4dd sina kl\u00e4der, ber\u00f6vad allt. \u00c4ven sitt liv. Vid korset st\u00e5r Maria [&hellip;]","thumbnail_url":"http:\/\/holy-icons.com\/site\/wp-content\/uploads\/2009\/08\/crucifixionlarge.jpg"}