{"version":"1.0","provider_name":"Vandra V\u00e4gen","provider_url":"https:\/\/blogg.svenskakyrkan.se\/vandravagen","author_name":"Tomas Jarvid","author_url":"https:\/\/blogg.svenskakyrkan.se\/vandravagen\/author\/vandravagen\/","title":"P\u00e5skafton och v\u00e4ntan i G\u00f6tene kyrka - Vandra V\u00e4gen","type":"rich","width":600,"height":338,"html":"<blockquote class=\"wp-embedded-content\" data-secret=\"Z30hi7nZSI\"><a href=\"https:\/\/blogg.svenskakyrkan.se\/vandravagen\/2013\/03\/30\/paskafton-och-vantan-i-gotene-kyrka\/\">P\u00e5skafton och v\u00e4ntan i G\u00f6tene kyrka<\/a><\/blockquote><iframe sandbox=\"allow-scripts\" security=\"restricted\" src=\"https:\/\/blogg.svenskakyrkan.se\/vandravagen\/2013\/03\/30\/paskafton-och-vantan-i-gotene-kyrka\/embed\/#?secret=Z30hi7nZSI\" width=\"600\" height=\"338\" title=\"\u201dP\u00e5skafton och v\u00e4ntan i G\u00f6tene kyrka\u201d &ndash; Vandra V\u00e4gen\" data-secret=\"Z30hi7nZSI\" frameborder=\"0\" marginwidth=\"0\" marginheight=\"0\" scrolling=\"no\" class=\"wp-embedded-content\"><\/iframe><script type=\"text\/javascript\">\n\/* <![CDATA[ *\/\n\/*! This file is auto-generated *\/\n!function(d,l){\"use strict\";l.querySelector&&d.addEventListener&&\"undefined\"!=typeof URL&&(d.wp=d.wp||{},d.wp.receiveEmbedMessage||(d.wp.receiveEmbedMessage=function(e){var t=e.data;if((t||t.secret||t.message||t.value)&&!\/[^a-zA-Z0-9]\/.test(t.secret)){for(var s,r,n,a=l.querySelectorAll('iframe[data-secret=\"'+t.secret+'\"]'),o=l.querySelectorAll('blockquote[data-secret=\"'+t.secret+'\"]'),c=new RegExp(\"^https?:$\",\"i\"),i=0;i<o.length;i++)o[i].style.display=\"none\";for(i=0;i<a.length;i++)s=a[i],e.source===s.contentWindow&&(s.removeAttribute(\"style\"),\"height\"===t.message?(1e3<(r=parseInt(t.value,10))?r=1e3:~~r<200&&(r=200),s.height=r):\"link\"===t.message&&(r=new URL(s.getAttribute(\"src\")),n=new URL(t.value),c.test(n.protocol))&&n.host===r.host&&l.activeElement===s&&(d.top.location.href=t.value))}},d.addEventListener(\"message\",d.wp.receiveEmbedMessage,!1),l.addEventListener(\"DOMContentLoaded\",function(){for(var e,t,s=l.querySelectorAll(\"iframe.wp-embedded-content\"),r=0;r<s.length;r++)(t=(e=s[r]).getAttribute(\"data-secret\"))||(t=Math.random().toString(36).substring(2,12),e.src+=\"#?secret=\"+t,e.setAttribute(\"data-secret\",t)),e.contentWindow.postMessage({message:\"ready\",secret:t},\"*\")},!1)))}(window,document);\n\/\/# sourceURL=https:\/\/blogg.svenskakyrkan.se\/vandravagen\/wp-includes\/js\/wp-embed.min.js\n\/* ]]> *\/\n<\/script>\n","description":"I v\u00e4ntan p\u00e5 p\u00e5sknattsm\u00e4ssan \u00e4r det v\u00e4ldigt avskalat i de flesta kyrkor just nu. Traditionen s\u00e4ger att altarsk\u00e5pet ska st\u00e4ngas, ikoner t\u00e4ckas \u00f6ver och altare kl\u00e4s av efter sk\u00e4rtorsdagsm\u00e4ssan d\u00e5 Jesus utl\u00e4mnas och grips. Altarsk\u00e5pet st\u00e5r st\u00e4ngt, fem rosor p\u00e5 altaret f\u00f6r Jesu fem s\u00e5r i h\u00e4nder, f\u00f6tter och sida. Han som vandrat med oss [&hellip;]","thumbnail_url":"http:\/\/1.bp.blogspot.com\/-8ZF1zmh4OKU\/UVXW4npmiOI\/AAAAAAAAC40\/49IW8KcPtHg\/s320\/altarska%CC%8Apsta%CC%88ngt.jpg"}