{"version":"1.0","provider_name":"Vandra V\u00e4gen","provider_url":"https:\/\/blogg.svenskakyrkan.se\/vandravagen","author_name":"Tomas Jarvid","author_url":"https:\/\/blogg.svenskakyrkan.se\/vandravagen\/author\/vandravagen\/","title":"Annandagens ikoner, v\u00e4gen till Emmaus - Vandra V\u00e4gen","type":"rich","width":600,"height":338,"html":"<blockquote class=\"wp-embedded-content\" data-secret=\"VBTS5J0t34\"><a href=\"https:\/\/blogg.svenskakyrkan.se\/vandravagen\/2013\/04\/01\/annandagens-ikoner-vagen-till-emmaus\/\">Annandagens ikoner, v\u00e4gen till Emmaus<\/a><\/blockquote><iframe sandbox=\"allow-scripts\" security=\"restricted\" src=\"https:\/\/blogg.svenskakyrkan.se\/vandravagen\/2013\/04\/01\/annandagens-ikoner-vagen-till-emmaus\/embed\/#?secret=VBTS5J0t34\" width=\"600\" height=\"338\" title=\"\u201dAnnandagens ikoner, v\u00e4gen till Emmaus\u201d &ndash; Vandra V\u00e4gen\" data-secret=\"VBTS5J0t34\" frameborder=\"0\" marginwidth=\"0\" marginheight=\"0\" scrolling=\"no\" class=\"wp-embedded-content\"><\/iframe><script type=\"text\/javascript\">\n\/* <![CDATA[ *\/\n\/*! This file is auto-generated *\/\n!function(d,l){\"use strict\";l.querySelector&&d.addEventListener&&\"undefined\"!=typeof URL&&(d.wp=d.wp||{},d.wp.receiveEmbedMessage||(d.wp.receiveEmbedMessage=function(e){var t=e.data;if((t||t.secret||t.message||t.value)&&!\/[^a-zA-Z0-9]\/.test(t.secret)){for(var s,r,n,a=l.querySelectorAll('iframe[data-secret=\"'+t.secret+'\"]'),o=l.querySelectorAll('blockquote[data-secret=\"'+t.secret+'\"]'),c=new RegExp(\"^https?:$\",\"i\"),i=0;i<o.length;i++)o[i].style.display=\"none\";for(i=0;i<a.length;i++)s=a[i],e.source===s.contentWindow&&(s.removeAttribute(\"style\"),\"height\"===t.message?(1e3<(r=parseInt(t.value,10))?r=1e3:~~r<200&&(r=200),s.height=r):\"link\"===t.message&&(r=new URL(s.getAttribute(\"src\")),n=new URL(t.value),c.test(n.protocol))&&n.host===r.host&&l.activeElement===s&&(d.top.location.href=t.value))}},d.addEventListener(\"message\",d.wp.receiveEmbedMessage,!1),l.addEventListener(\"DOMContentLoaded\",function(){for(var e,t,s=l.querySelectorAll(\"iframe.wp-embedded-content\"),r=0;r<s.length;r++)(t=(e=s[r]).getAttribute(\"data-secret\"))||(t=Math.random().toString(36).substring(2,12),e.src+=\"#?secret=\"+t,e.setAttribute(\"data-secret\",t)),e.contentWindow.postMessage({message:\"ready\",secret:t},\"*\")},!1)))}(window,document);\n\/\/# sourceURL=https:\/\/blogg.svenskakyrkan.se\/vandravagen\/wp-includes\/js\/wp-embed.min.js\n\/* ]]> *\/\n<\/script>\n","description":"Annandagens l\u00e4sningar handlar om m\u00f6ten med den uppst\u00e5ndne Jesus. Evangeliet handlar om l\u00e4rjungarna som vandrar hem mot Emmaus, bedr\u00f6vade \u00f6ver det som h\u00e4nt p\u00e5 l\u00e5ngfredagen. Men s\u00e5 m\u00f6ter de en fr\u00e4mling som l\u00e4gger ut gamla testamentets profeter f\u00f6r dem och f\u00f6rklarar att det var detta som m\u00e5ste ske med Messias.\u00a0 F\u00f6rst\u00e5 n\u00e4r de bryter br\u00f6d [&hellip;]","thumbnail_url":"http:\/\/3.bp.blogspot.com\/-OHlboa5ivM4\/UVk0yTIYiTI\/AAAAAAAAC5U\/sckcQvGaDGU\/s640\/emmauskristus.jpg"}