{"version":"1.0","provider_name":"Vandra V\u00e4gen","provider_url":"https:\/\/blogg.svenskakyrkan.se\/vandravagen","author_name":"Tomas Jarvid","author_url":"https:\/\/blogg.svenskakyrkan.se\/vandravagen\/author\/vandravagen\/","title":"Veckans snabbgenomg\u00e5ng - Vandra V\u00e4gen","type":"rich","width":600,"height":338,"html":"<blockquote class=\"wp-embedded-content\" data-secret=\"g0day7dA0e\"><a href=\"https:\/\/blogg.svenskakyrkan.se\/vandravagen\/2013\/04\/13\/veckans-snabbgenomgang-4\/\">Veckans snabbgenomg\u00e5ng<\/a><\/blockquote><iframe sandbox=\"allow-scripts\" security=\"restricted\" src=\"https:\/\/blogg.svenskakyrkan.se\/vandravagen\/2013\/04\/13\/veckans-snabbgenomgang-4\/embed\/#?secret=g0day7dA0e\" width=\"600\" height=\"338\" title=\"\u201dVeckans snabbgenomg\u00e5ng\u201d &ndash; Vandra V\u00e4gen\" data-secret=\"g0day7dA0e\" frameborder=\"0\" marginwidth=\"0\" marginheight=\"0\" scrolling=\"no\" class=\"wp-embedded-content\"><\/iframe><script type=\"text\/javascript\">\n\/* <![CDATA[ *\/\n\/*! This file is auto-generated *\/\n!function(d,l){\"use strict\";l.querySelector&&d.addEventListener&&\"undefined\"!=typeof URL&&(d.wp=d.wp||{},d.wp.receiveEmbedMessage||(d.wp.receiveEmbedMessage=function(e){var t=e.data;if((t||t.secret||t.message||t.value)&&!\/[^a-zA-Z0-9]\/.test(t.secret)){for(var s,r,n,a=l.querySelectorAll('iframe[data-secret=\"'+t.secret+'\"]'),o=l.querySelectorAll('blockquote[data-secret=\"'+t.secret+'\"]'),c=new RegExp(\"^https?:$\",\"i\"),i=0;i<o.length;i++)o[i].style.display=\"none\";for(i=0;i<a.length;i++)s=a[i],e.source===s.contentWindow&&(s.removeAttribute(\"style\"),\"height\"===t.message?(1e3<(r=parseInt(t.value,10))?r=1e3:~~r<200&&(r=200),s.height=r):\"link\"===t.message&&(r=new URL(s.getAttribute(\"src\")),n=new URL(t.value),c.test(n.protocol))&&n.host===r.host&&l.activeElement===s&&(d.top.location.href=t.value))}},d.addEventListener(\"message\",d.wp.receiveEmbedMessage,!1),l.addEventListener(\"DOMContentLoaded\",function(){for(var e,t,s=l.querySelectorAll(\"iframe.wp-embedded-content\"),r=0;r<s.length;r++)(t=(e=s[r]).getAttribute(\"data-secret\"))||(t=Math.random().toString(36).substring(2,12),e.src+=\"#?secret=\"+t,e.setAttribute(\"data-secret\",t)),e.contentWindow.postMessage({message:\"ready\",secret:t},\"*\")},!1)))}(window,document);\n\/\/# sourceURL=https:\/\/blogg.svenskakyrkan.se\/vandravagen\/wp-includes\/js\/wp-embed.min.js\n\/* ]]> *\/\n<\/script>\n","description":"Nu med eget foto! Starka l\u00e4nkar, kanske lite mossigt? S\u00e5 var det dags att sammanfatta \u00e4nnu en vecka p\u00e5 Vandra V\u00e4gen. Notera g\u00e4rna att jag ersatt den gamla l\u00e4nkillustrationen med en bild p\u00e5 kedjan utanf\u00f6r v\u00e5r d\u00f6rr. Se inte f\u00f6r mycket symbolik i att den \u00e4r s\u00e5 mossig bara, det \u00e4r ju egna grejer jag [&hellip;]","thumbnail_url":"http:\/\/4.bp.blogspot.com\/-5iLzC361DXQ\/UWj8oy0i-NI\/AAAAAAAADD8\/KwdDHTA7niY\/s400\/la%CC%88nkarikedje.jpg"}