{"version":"1.0","provider_name":"Vandra V\u00e4gen","provider_url":"https:\/\/blogg.svenskakyrkan.se\/vandravagen","author_name":"Tomas Jarvid","author_url":"https:\/\/blogg.svenskakyrkan.se\/vandravagen\/author\/vandravagen\/","title":"Den gode herdens ikon - Vandra V\u00e4gen","type":"rich","width":600,"height":338,"html":"<blockquote class=\"wp-embedded-content\" data-secret=\"vQqNAAcJTv\"><a href=\"https:\/\/blogg.svenskakyrkan.se\/vandravagen\/2013\/04\/14\/den-gode-herdens-ikon\/\">Den gode herdens ikon<\/a><\/blockquote><iframe sandbox=\"allow-scripts\" security=\"restricted\" src=\"https:\/\/blogg.svenskakyrkan.se\/vandravagen\/2013\/04\/14\/den-gode-herdens-ikon\/embed\/#?secret=vQqNAAcJTv\" width=\"600\" height=\"338\" title=\"\u201dDen gode herdens ikon\u201d &ndash; Vandra V\u00e4gen\" data-secret=\"vQqNAAcJTv\" frameborder=\"0\" marginwidth=\"0\" marginheight=\"0\" scrolling=\"no\" class=\"wp-embedded-content\"><\/iframe><script type=\"text\/javascript\">\n\/* <![CDATA[ *\/\n\/*! This file is auto-generated *\/\n!function(d,l){\"use strict\";l.querySelector&&d.addEventListener&&\"undefined\"!=typeof URL&&(d.wp=d.wp||{},d.wp.receiveEmbedMessage||(d.wp.receiveEmbedMessage=function(e){var t=e.data;if((t||t.secret||t.message||t.value)&&!\/[^a-zA-Z0-9]\/.test(t.secret)){for(var s,r,n,a=l.querySelectorAll('iframe[data-secret=\"'+t.secret+'\"]'),o=l.querySelectorAll('blockquote[data-secret=\"'+t.secret+'\"]'),c=new RegExp(\"^https?:$\",\"i\"),i=0;i<o.length;i++)o[i].style.display=\"none\";for(i=0;i<a.length;i++)s=a[i],e.source===s.contentWindow&&(s.removeAttribute(\"style\"),\"height\"===t.message?(1e3<(r=parseInt(t.value,10))?r=1e3:~~r<200&&(r=200),s.height=r):\"link\"===t.message&&(r=new URL(s.getAttribute(\"src\")),n=new URL(t.value),c.test(n.protocol))&&n.host===r.host&&l.activeElement===s&&(d.top.location.href=t.value))}},d.addEventListener(\"message\",d.wp.receiveEmbedMessage,!1),l.addEventListener(\"DOMContentLoaded\",function(){for(var e,t,s=l.querySelectorAll(\"iframe.wp-embedded-content\"),r=0;r<s.length;r++)(t=(e=s[r]).getAttribute(\"data-secret\"))||(t=Math.random().toString(36).substring(2,12),e.src+=\"#?secret=\"+t,e.setAttribute(\"data-secret\",t)),e.contentWindow.postMessage({message:\"ready\",secret:t},\"*\")},!1)))}(window,document);\n\/\/# sourceURL=https:\/\/blogg.svenskakyrkan.se\/vandravagen\/wp-includes\/js\/wp-embed.min.js\n\/* ]]> *\/\n<\/script>\n","description":"Idag \u00e4r det den s\u00f6ndag som i svenska kyrkan har temat &#8221;den gode herden&#8221;. Vad passar v\u00e4l d\u00e5 b\u00e4ttre \u00e4n att titta p\u00e5 \u00e4nnu en ikon. Jesus som den gode herden som b\u00e4r f\u00e5ret p\u00e5 sina axlar. Som vi kan se h\u00e4nger det ihop med att han ocks\u00e5 b\u00e4r korset f\u00f6r v\u00e5r skull. Herdestaven st\u00e5r [&hellip;]","thumbnail_url":"https:\/\/lh6.googleusercontent.com\/-Ahubsz4q0NQ\/UWmeFpXW0sI\/AAAAAAAADEY\/H65aV87LPVw\/s400\/blogger-image--69030967.jpg"}