{"version":"1.0","provider_name":"Vandra V\u00e4gen","provider_url":"https:\/\/blogg.svenskakyrkan.se\/vandravagen","author_name":"Tomas Jarvid","author_url":"https:\/\/blogg.svenskakyrkan.se\/vandravagen\/author\/vandravagen\/","title":"Veckans samlade twittervisdom - Vandra V\u00e4gen","type":"rich","width":600,"height":338,"html":"<blockquote class=\"wp-embedded-content\" data-secret=\"ICBAJulBF4\"><a href=\"https:\/\/blogg.svenskakyrkan.se\/vandravagen\/2013\/04\/16\/veckans-samlade-twittervisdom-2\/\">Veckans samlade twittervisdom<\/a><\/blockquote><iframe sandbox=\"allow-scripts\" security=\"restricted\" src=\"https:\/\/blogg.svenskakyrkan.se\/vandravagen\/2013\/04\/16\/veckans-samlade-twittervisdom-2\/embed\/#?secret=ICBAJulBF4\" width=\"600\" height=\"338\" title=\"\u201dVeckans samlade twittervisdom\u201d &ndash; Vandra V\u00e4gen\" data-secret=\"ICBAJulBF4\" frameborder=\"0\" marginwidth=\"0\" marginheight=\"0\" scrolling=\"no\" class=\"wp-embedded-content\"><\/iframe><script type=\"text\/javascript\">\n\/* <![CDATA[ *\/\n\/*! This file is auto-generated *\/\n!function(d,l){\"use strict\";l.querySelector&&d.addEventListener&&\"undefined\"!=typeof URL&&(d.wp=d.wp||{},d.wp.receiveEmbedMessage||(d.wp.receiveEmbedMessage=function(e){var t=e.data;if((t||t.secret||t.message||t.value)&&!\/[^a-zA-Z0-9]\/.test(t.secret)){for(var s,r,n,a=l.querySelectorAll('iframe[data-secret=\"'+t.secret+'\"]'),o=l.querySelectorAll('blockquote[data-secret=\"'+t.secret+'\"]'),c=new RegExp(\"^https?:$\",\"i\"),i=0;i<o.length;i++)o[i].style.display=\"none\";for(i=0;i<a.length;i++)s=a[i],e.source===s.contentWindow&&(s.removeAttribute(\"style\"),\"height\"===t.message?(1e3<(r=parseInt(t.value,10))?r=1e3:~~r<200&&(r=200),s.height=r):\"link\"===t.message&&(r=new URL(s.getAttribute(\"src\")),n=new URL(t.value),c.test(n.protocol))&&n.host===r.host&&l.activeElement===s&&(d.top.location.href=t.value))}},d.addEventListener(\"message\",d.wp.receiveEmbedMessage,!1),l.addEventListener(\"DOMContentLoaded\",function(){for(var e,t,s=l.querySelectorAll(\"iframe.wp-embedded-content\"),r=0;r<s.length;r++)(t=(e=s[r]).getAttribute(\"data-secret\"))||(t=Math.random().toString(36).substring(2,12),e.src+=\"#?secret=\"+t,e.setAttribute(\"data-secret\",t)),e.contentWindow.postMessage({message:\"ready\",secret:t},\"*\")},!1)))}(window,document);\n\/\/# sourceURL=https:\/\/blogg.svenskakyrkan.se\/vandravagen\/wp-includes\/js\/wp-embed.min.js\n\/* ]]> *\/\n<\/script>\n","description":"S\u00e5 var det dags, traditionsenligt f\u00f6rsenat, att sammanfatta twitterveckan som varit. H\u00e4r \u00e4r veckans best of! Denna g\u00e5ng med den lilla extrarubriken f\u00f6r\u00e4ldraskap. Kunde inte med att s\u00e4tta den under varken klokt eller roligt&#8230; Fromma tweets Kanske leder ordet &#8221;andlig&#8221; bara fel? Borde tas bort? Kloka och t\u00e4nkv\u00e4rda tweets (kommande tweet passar ihop med insikten [&hellip;]","thumbnail_url":"http:\/\/4.bp.blogspot.com\/-lpr3xJRVrDY\/UWxBfhBHxrI\/AAAAAAAADEw\/YQKQQcabt9s\/s400\/andlighet.jpg"}