{"version":"1.0","provider_name":"Vandra V\u00e4gen","provider_url":"https:\/\/blogg.svenskakyrkan.se\/vandravagen","author_name":"Tomas Jarvid","author_url":"https:\/\/blogg.svenskakyrkan.se\/vandravagen\/author\/vandravagen\/","title":"P\u00e5 studiebes\u00f6k i Arlabingen! - Vandra V\u00e4gen","type":"rich","width":600,"height":338,"html":"<blockquote class=\"wp-embedded-content\" data-secret=\"ngKbjbWDWf\"><a href=\"https:\/\/blogg.svenskakyrkan.se\/vandravagen\/2013\/04\/17\/pa-studiebesok-i-arlabingen\/\">P\u00e5 studiebes\u00f6k i Arlabingen!<\/a><\/blockquote><iframe sandbox=\"allow-scripts\" security=\"restricted\" src=\"https:\/\/blogg.svenskakyrkan.se\/vandravagen\/2013\/04\/17\/pa-studiebesok-i-arlabingen\/embed\/#?secret=ngKbjbWDWf\" width=\"600\" height=\"338\" title=\"\u201dP\u00e5 studiebes\u00f6k i Arlabingen!\u201d &ndash; Vandra V\u00e4gen\" data-secret=\"ngKbjbWDWf\" frameborder=\"0\" marginwidth=\"0\" marginheight=\"0\" scrolling=\"no\" class=\"wp-embedded-content\"><\/iframe><script type=\"text\/javascript\">\n\/* <![CDATA[ *\/\n\/*! This file is auto-generated *\/\n!function(d,l){\"use strict\";l.querySelector&&d.addEventListener&&\"undefined\"!=typeof URL&&(d.wp=d.wp||{},d.wp.receiveEmbedMessage||(d.wp.receiveEmbedMessage=function(e){var t=e.data;if((t||t.secret||t.message||t.value)&&!\/[^a-zA-Z0-9]\/.test(t.secret)){for(var s,r,n,a=l.querySelectorAll('iframe[data-secret=\"'+t.secret+'\"]'),o=l.querySelectorAll('blockquote[data-secret=\"'+t.secret+'\"]'),c=new RegExp(\"^https?:$\",\"i\"),i=0;i<o.length;i++)o[i].style.display=\"none\";for(i=0;i<a.length;i++)s=a[i],e.source===s.contentWindow&&(s.removeAttribute(\"style\"),\"height\"===t.message?(1e3<(r=parseInt(t.value,10))?r=1e3:~~r<200&&(r=200),s.height=r):\"link\"===t.message&&(r=new URL(s.getAttribute(\"src\")),n=new URL(t.value),c.test(n.protocol))&&n.host===r.host&&l.activeElement===s&&(d.top.location.href=t.value))}},d.addEventListener(\"message\",d.wp.receiveEmbedMessage,!1),l.addEventListener(\"DOMContentLoaded\",function(){for(var e,t,s=l.querySelectorAll(\"iframe.wp-embedded-content\"),r=0;r<s.length;r++)(t=(e=s[r]).getAttribute(\"data-secret\"))||(t=Math.random().toString(36).substring(2,12),e.src+=\"#?secret=\"+t,e.setAttribute(\"data-secret\",t)),e.contentWindow.postMessage({message:\"ready\",secret:t},\"*\")},!1)))}(window,document);\n\/\/# sourceURL=https:\/\/blogg.svenskakyrkan.se\/vandravagen\/wp-includes\/js\/wp-embed.min.js\n\/* ]]> *\/\n<\/script>\n","description":"Tillsammans med en liten delegation av anst\u00e4llda i G\u00f6tene f\u00f6rsamling var jag i f\u00f6rra veckan p\u00e5 studiebes\u00f6k hos en av kommunens verkligt stora arbetsgivare (520 anst\u00e4llda tror jag det var), n\u00e4mligen Arla. Det f\u00f6rsta som m\u00f6tte oss var faktiskt en dator. Ordning och reda p\u00e5 bes\u00f6karna har de. Sedan blev det desto mer personligt. V\u00e5ra [&hellip;]","thumbnail_url":"http:\/\/4.bp.blogspot.com\/-wwhpVI_c7CQ\/UWz-Hu7mYyI\/AAAAAAAADJY\/26COKfqXR8g\/s400\/arlaentre.jpg"}