{"version":"1.0","provider_name":"Vandra V\u00e4gen","provider_url":"https:\/\/blogg.svenskakyrkan.se\/vandravagen","author_name":"Tomas Jarvid","author_url":"https:\/\/blogg.svenskakyrkan.se\/vandravagen\/author\/vandravagen\/","title":"R\u00e4tta svaret p\u00e5 bildg\u00e5ta XIV! - Vandra V\u00e4gen","type":"rich","width":600,"height":338,"html":"<blockquote class=\"wp-embedded-content\" data-secret=\"MJYYaCkW8D\"><a href=\"https:\/\/blogg.svenskakyrkan.se\/vandravagen\/2013\/04\/17\/ratta-svaret-pa-bildgata-xiv\/\">R\u00e4tta svaret p\u00e5 bildg\u00e5ta XIV!<\/a><\/blockquote><iframe sandbox=\"allow-scripts\" security=\"restricted\" src=\"https:\/\/blogg.svenskakyrkan.se\/vandravagen\/2013\/04\/17\/ratta-svaret-pa-bildgata-xiv\/embed\/#?secret=MJYYaCkW8D\" width=\"600\" height=\"338\" title=\"\u201dR\u00e4tta svaret p\u00e5 bildg\u00e5ta XIV!\u201d &ndash; Vandra V\u00e4gen\" data-secret=\"MJYYaCkW8D\" frameborder=\"0\" marginwidth=\"0\" marginheight=\"0\" scrolling=\"no\" class=\"wp-embedded-content\"><\/iframe><script type=\"text\/javascript\">\n\/* <![CDATA[ *\/\n\/*! This file is auto-generated *\/\n!function(d,l){\"use strict\";l.querySelector&&d.addEventListener&&\"undefined\"!=typeof URL&&(d.wp=d.wp||{},d.wp.receiveEmbedMessage||(d.wp.receiveEmbedMessage=function(e){var t=e.data;if((t||t.secret||t.message||t.value)&&!\/[^a-zA-Z0-9]\/.test(t.secret)){for(var s,r,n,a=l.querySelectorAll('iframe[data-secret=\"'+t.secret+'\"]'),o=l.querySelectorAll('blockquote[data-secret=\"'+t.secret+'\"]'),c=new RegExp(\"^https?:$\",\"i\"),i=0;i<o.length;i++)o[i].style.display=\"none\";for(i=0;i<a.length;i++)s=a[i],e.source===s.contentWindow&&(s.removeAttribute(\"style\"),\"height\"===t.message?(1e3<(r=parseInt(t.value,10))?r=1e3:~~r<200&&(r=200),s.height=r):\"link\"===t.message&&(r=new URL(s.getAttribute(\"src\")),n=new URL(t.value),c.test(n.protocol))&&n.host===r.host&&l.activeElement===s&&(d.top.location.href=t.value))}},d.addEventListener(\"message\",d.wp.receiveEmbedMessage,!1),l.addEventListener(\"DOMContentLoaded\",function(){for(var e,t,s=l.querySelectorAll(\"iframe.wp-embedded-content\"),r=0;r<s.length;r++)(t=(e=s[r]).getAttribute(\"data-secret\"))||(t=Math.random().toString(36).substring(2,12),e.src+=\"#?secret=\"+t,e.setAttribute(\"data-secret\",t)),e.contentWindow.postMessage({message:\"ready\",secret:t},\"*\")},!1)))}(window,document);\n\/\/# sourceURL=https:\/\/blogg.svenskakyrkan.se\/vandravagen\/wp-includes\/js\/wp-embed.min.js\n\/* ]]> *\/\n<\/script>\n","description":"Sista bildg\u00e5tan i denna omg\u00e5ng av gissa bilden s\u00e5g ut s\u00e5h\u00e4r.\u00a0 Den f\u00f6rest\u00e4ller den unge Jesus som blivit kvar i templet (och kommit bort fr\u00e5n Josef och Maria) vid en pilgrimsh\u00f6gtid f\u00f6r att diskutera med de skriftl\u00e4rda. Det st\u00e5r att de h\u00e4pnade \u00f6ver att han kunde s\u00e5 mycket fast han var s\u00e5 ung. Redan mycket [&hellip;]","thumbnail_url":"http:\/\/3.bp.blogspot.com\/-Qz7kH5fD9vg\/UTegoIlssjI\/AAAAAAAACrk\/DP602dLo94M\/s640\/IMG_2860.jpg"}