{"version":"1.0","provider_name":"Vandra V\u00e4gen","provider_url":"https:\/\/blogg.svenskakyrkan.se\/vandravagen","author_name":"Tomas Jarvid","author_url":"https:\/\/blogg.svenskakyrkan.se\/vandravagen\/author\/vandravagen\/","title":"Vad f\u00f6rest\u00e4ller bilden del XIV - Vandra V\u00e4gen","type":"rich","width":600,"height":338,"html":"<blockquote class=\"wp-embedded-content\" data-secret=\"vtTJtdktr3\"><a href=\"https:\/\/blogg.svenskakyrkan.se\/vandravagen\/2013\/04\/17\/vad-forestaller-bilden-del-xiv\/\">Vad f\u00f6rest\u00e4ller bilden del XIV<\/a><\/blockquote><iframe sandbox=\"allow-scripts\" security=\"restricted\" src=\"https:\/\/blogg.svenskakyrkan.se\/vandravagen\/2013\/04\/17\/vad-forestaller-bilden-del-xiv\/embed\/#?secret=vtTJtdktr3\" width=\"600\" height=\"338\" title=\"\u201dVad f\u00f6rest\u00e4ller bilden del XIV\u201d &ndash; Vandra V\u00e4gen\" data-secret=\"vtTJtdktr3\" frameborder=\"0\" marginwidth=\"0\" marginheight=\"0\" scrolling=\"no\" class=\"wp-embedded-content\"><\/iframe><script type=\"text\/javascript\">\n\/* <![CDATA[ *\/\n\/*! This file is auto-generated *\/\n!function(d,l){\"use strict\";l.querySelector&&d.addEventListener&&\"undefined\"!=typeof URL&&(d.wp=d.wp||{},d.wp.receiveEmbedMessage||(d.wp.receiveEmbedMessage=function(e){var t=e.data;if((t||t.secret||t.message||t.value)&&!\/[^a-zA-Z0-9]\/.test(t.secret)){for(var s,r,n,a=l.querySelectorAll('iframe[data-secret=\"'+t.secret+'\"]'),o=l.querySelectorAll('blockquote[data-secret=\"'+t.secret+'\"]'),c=new RegExp(\"^https?:$\",\"i\"),i=0;i<o.length;i++)o[i].style.display=\"none\";for(i=0;i<a.length;i++)s=a[i],e.source===s.contentWindow&&(s.removeAttribute(\"style\"),\"height\"===t.message?(1e3<(r=parseInt(t.value,10))?r=1e3:~~r<200&&(r=200),s.height=r):\"link\"===t.message&&(r=new URL(s.getAttribute(\"src\")),n=new URL(t.value),c.test(n.protocol))&&n.host===r.host&&l.activeElement===s&&(d.top.location.href=t.value))}},d.addEventListener(\"message\",d.wp.receiveEmbedMessage,!1),l.addEventListener(\"DOMContentLoaded\",function(){for(var e,t,s=l.querySelectorAll(\"iframe.wp-embedded-content\"),r=0;r<s.length;r++)(t=(e=s[r]).getAttribute(\"data-secret\"))||(t=Math.random().toString(36).substring(2,12),e.src+=\"#?secret=\"+t,e.setAttribute(\"data-secret\",t)),e.contentWindow.postMessage({message:\"ready\",secret:t},\"*\")},!1)))}(window,document);\n\/\/# sourceURL=https:\/\/blogg.svenskakyrkan.se\/vandravagen\/wp-includes\/js\/wp-embed.min.js\n\/* ]]> *\/\n<\/script>\n","description":"Snart har jag anv\u00e4nt alla min bildg\u00e5tor f\u00f6r den h\u00e4r g\u00e5ngen men det finns en sista ocks\u00e5. Den kommer h\u00e4r. F\u00f6rst r\u00e4tta svaret p\u00e5 f\u00f6rra fr\u00e5gan dock! Som Simon svarade f\u00f6rest\u00e4ller bilden \u00e5terigen den unge Samuel som v\u00e4xer upp i ett litet tempel med pr\u00e4sten Eli. Han h\u00f6r en r\u00f6st om natten och tror f\u00f6rst [&hellip;]","thumbnail_url":"http:\/\/2.bp.blogspot.com\/--VrJ1WBf30g\/UTegZkHJYoI\/AAAAAAAACrc\/GhxXF0AvgyY\/s400\/IMG_2857.jpg"}