{"version":"1.0","provider_name":"Vandra V\u00e4gen","provider_url":"https:\/\/blogg.svenskakyrkan.se\/vandravagen","author_name":"Tomas Jarvid","author_url":"https:\/\/blogg.svenskakyrkan.se\/vandravagen\/author\/vandravagen\/","title":"F\u00f6rest\u00e4llningen &quot;v\u00e4xtv\u00e4rk&quot; och min tro - Vandra V\u00e4gen","type":"rich","width":600,"height":338,"html":"<blockquote class=\"wp-embedded-content\" data-secret=\"vjDzz7McrI\"><a href=\"https:\/\/blogg.svenskakyrkan.se\/vandravagen\/2013\/04\/21\/forestallningen-vaxtvark-och-min-tro\/\">F\u00f6rest\u00e4llningen &quot;v\u00e4xtv\u00e4rk&quot; och min tro<\/a><\/blockquote><iframe sandbox=\"allow-scripts\" security=\"restricted\" src=\"https:\/\/blogg.svenskakyrkan.se\/vandravagen\/2013\/04\/21\/forestallningen-vaxtvark-och-min-tro\/embed\/#?secret=vjDzz7McrI\" width=\"600\" height=\"338\" title=\"\u201dF\u00f6rest\u00e4llningen &quot;v\u00e4xtv\u00e4rk&quot; och min tro\u201d &ndash; Vandra V\u00e4gen\" data-secret=\"vjDzz7McrI\" frameborder=\"0\" marginwidth=\"0\" marginheight=\"0\" scrolling=\"no\" class=\"wp-embedded-content\"><\/iframe><script type=\"text\/javascript\">\n\/* <![CDATA[ *\/\n\/*! This file is auto-generated *\/\n!function(d,l){\"use strict\";l.querySelector&&d.addEventListener&&\"undefined\"!=typeof URL&&(d.wp=d.wp||{},d.wp.receiveEmbedMessage||(d.wp.receiveEmbedMessage=function(e){var t=e.data;if((t||t.secret||t.message||t.value)&&!\/[^a-zA-Z0-9]\/.test(t.secret)){for(var s,r,n,a=l.querySelectorAll('iframe[data-secret=\"'+t.secret+'\"]'),o=l.querySelectorAll('blockquote[data-secret=\"'+t.secret+'\"]'),c=new RegExp(\"^https?:$\",\"i\"),i=0;i<o.length;i++)o[i].style.display=\"none\";for(i=0;i<a.length;i++)s=a[i],e.source===s.contentWindow&&(s.removeAttribute(\"style\"),\"height\"===t.message?(1e3<(r=parseInt(t.value,10))?r=1e3:~~r<200&&(r=200),s.height=r):\"link\"===t.message&&(r=new URL(s.getAttribute(\"src\")),n=new URL(t.value),c.test(n.protocol))&&n.host===r.host&&l.activeElement===s&&(d.top.location.href=t.value))}},d.addEventListener(\"message\",d.wp.receiveEmbedMessage,!1),l.addEventListener(\"DOMContentLoaded\",function(){for(var e,t,s=l.querySelectorAll(\"iframe.wp-embedded-content\"),r=0;r<s.length;r++)(t=(e=s[r]).getAttribute(\"data-secret\"))||(t=Math.random().toString(36).substring(2,12),e.src+=\"#?secret=\"+t,e.setAttribute(\"data-secret\",t)),e.contentWindow.postMessage({message:\"ready\",secret:t},\"*\")},!1)))}(window,document);\n\/\/# sourceURL=https:\/\/blogg.svenskakyrkan.se\/vandravagen\/wp-includes\/js\/wp-embed.min.js\n\/* ]]> *\/\n<\/script>\n","description":"Hal och sv\u00e5r v\u00e4g? Ig\u00e5r var jag iv\u00e4g fr\u00e5n hemmet p\u00e5 egen hand utan varken fru eller barn eller jobb att g\u00f6ra. Jag for till Mariestads pingstkyrka d\u00e4r jag s\u00e5g f\u00f6rest\u00e4llningen &#8221;V\u00e4xtv\u00e4rk&#8221; som jag tidigare tipsat om p\u00e5 bloggen. Carl-Henrik Jaktlund ber\u00e4ttade om sin v\u00e4g fr\u00e5n barnatro till brinnande tro i ton\u00e5ren och sedan den [&hellip;]","thumbnail_url":"http:\/\/2.bp.blogspot.com\/-cU9rDh_qlrA\/UVYR-WJpaII\/AAAAAAAAC5M\/T_UGiSzGyx0\/s400\/spa%25CC%258Ang.jpg"}