{"version":"1.0","provider_name":"Vandra V\u00e4gen","provider_url":"https:\/\/blogg.svenskakyrkan.se\/vandravagen","author_name":"Tomas Jarvid","author_url":"https:\/\/blogg.svenskakyrkan.se\/vandravagen\/author\/vandravagen\/","title":"Vad betyder det att vara from? - Vandra V\u00e4gen","type":"rich","width":600,"height":338,"html":"<blockquote class=\"wp-embedded-content\" data-secret=\"YpeGzTMvGO\"><a href=\"https:\/\/blogg.svenskakyrkan.se\/vandravagen\/2013\/04\/23\/vad-betyder-det-att-vara-from\/\">Vad betyder det att vara from?<\/a><\/blockquote><iframe sandbox=\"allow-scripts\" security=\"restricted\" src=\"https:\/\/blogg.svenskakyrkan.se\/vandravagen\/2013\/04\/23\/vad-betyder-det-att-vara-from\/embed\/#?secret=YpeGzTMvGO\" width=\"600\" height=\"338\" title=\"\u201dVad betyder det att vara from?\u201d &ndash; Vandra V\u00e4gen\" data-secret=\"YpeGzTMvGO\" frameborder=\"0\" marginwidth=\"0\" marginheight=\"0\" scrolling=\"no\" class=\"wp-embedded-content\"><\/iframe><script type=\"text\/javascript\">\n\/* <![CDATA[ *\/\n\/*! This file is auto-generated *\/\n!function(d,l){\"use strict\";l.querySelector&&d.addEventListener&&\"undefined\"!=typeof URL&&(d.wp=d.wp||{},d.wp.receiveEmbedMessage||(d.wp.receiveEmbedMessage=function(e){var t=e.data;if((t||t.secret||t.message||t.value)&&!\/[^a-zA-Z0-9]\/.test(t.secret)){for(var s,r,n,a=l.querySelectorAll('iframe[data-secret=\"'+t.secret+'\"]'),o=l.querySelectorAll('blockquote[data-secret=\"'+t.secret+'\"]'),c=new RegExp(\"^https?:$\",\"i\"),i=0;i<o.length;i++)o[i].style.display=\"none\";for(i=0;i<a.length;i++)s=a[i],e.source===s.contentWindow&&(s.removeAttribute(\"style\"),\"height\"===t.message?(1e3<(r=parseInt(t.value,10))?r=1e3:~~r<200&&(r=200),s.height=r):\"link\"===t.message&&(r=new URL(s.getAttribute(\"src\")),n=new URL(t.value),c.test(n.protocol))&&n.host===r.host&&l.activeElement===s&&(d.top.location.href=t.value))}},d.addEventListener(\"message\",d.wp.receiveEmbedMessage,!1),l.addEventListener(\"DOMContentLoaded\",function(){for(var e,t,s=l.querySelectorAll(\"iframe.wp-embedded-content\"),r=0;r<s.length;r++)(t=(e=s[r]).getAttribute(\"data-secret\"))||(t=Math.random().toString(36).substring(2,12),e.src+=\"#?secret=\"+t,e.setAttribute(\"data-secret\",t)),e.contentWindow.postMessage({message:\"ready\",secret:t},\"*\")},!1)))}(window,document);\n\/\/# sourceURL=https:\/\/blogg.svenskakyrkan.se\/vandravagen\/wp-includes\/js\/wp-embed.min.js\n\/* ]]> *\/\n<\/script>\n","description":"Sj\u00e4lvgod, jag? I min twittersammanst\u00e4llning varje vecka brukar jag anv\u00e4nda rubriken &#8221;fromma tweets&#8221; f\u00f6r de tweets som har med teologi och kristen tro att g\u00f6ra p\u00e5 ett mer uttalat s\u00e4tt. Varje g\u00e5ng jag skriver den rubriken tvekar jag att g\u00f6ra det eftersom jag inser hur olika ordet l\u00e5ter i olika \u00f6ron, det \u00e4r mest f\u00f6r [&hellip;]","thumbnail_url":"http:\/\/2.bp.blogspot.com\/-1hxanF6Cwmw\/UJ4ISA0gluI\/AAAAAAAAA-c\/a9sueV53jFs\/s320\/IMG_1439.jpg"}