{"version":"1.0","provider_name":"Vandra V\u00e4gen","provider_url":"https:\/\/blogg.svenskakyrkan.se\/vandravagen","author_name":"Tomas Jarvid","author_url":"https:\/\/blogg.svenskakyrkan.se\/vandravagen\/author\/vandravagen\/","title":"N\u00e4r Kyrkan inte \u00e4r himlen p\u00e5 jorden... - Vandra V\u00e4gen","type":"rich","width":600,"height":338,"html":"<blockquote class=\"wp-embedded-content\" data-secret=\"cz6WQsz67U\"><a href=\"https:\/\/blogg.svenskakyrkan.se\/vandravagen\/2013\/04\/28\/nar-kyrkan-inte-ar-himlen-pa-jorden\/\">N\u00e4r Kyrkan inte \u00e4r himlen p\u00e5 jorden&#8230;<\/a><\/blockquote><iframe sandbox=\"allow-scripts\" security=\"restricted\" src=\"https:\/\/blogg.svenskakyrkan.se\/vandravagen\/2013\/04\/28\/nar-kyrkan-inte-ar-himlen-pa-jorden\/embed\/#?secret=cz6WQsz67U\" width=\"600\" height=\"338\" title=\"\u201dN\u00e4r Kyrkan inte \u00e4r himlen p\u00e5 jorden&#8230;\u201d &ndash; Vandra V\u00e4gen\" data-secret=\"cz6WQsz67U\" frameborder=\"0\" marginwidth=\"0\" marginheight=\"0\" scrolling=\"no\" class=\"wp-embedded-content\"><\/iframe><script type=\"text\/javascript\">\n\/* <![CDATA[ *\/\n\/*! This file is auto-generated *\/\n!function(d,l){\"use strict\";l.querySelector&&d.addEventListener&&\"undefined\"!=typeof URL&&(d.wp=d.wp||{},d.wp.receiveEmbedMessage||(d.wp.receiveEmbedMessage=function(e){var t=e.data;if((t||t.secret||t.message||t.value)&&!\/[^a-zA-Z0-9]\/.test(t.secret)){for(var s,r,n,a=l.querySelectorAll('iframe[data-secret=\"'+t.secret+'\"]'),o=l.querySelectorAll('blockquote[data-secret=\"'+t.secret+'\"]'),c=new RegExp(\"^https?:$\",\"i\"),i=0;i<o.length;i++)o[i].style.display=\"none\";for(i=0;i<a.length;i++)s=a[i],e.source===s.contentWindow&&(s.removeAttribute(\"style\"),\"height\"===t.message?(1e3<(r=parseInt(t.value,10))?r=1e3:~~r<200&&(r=200),s.height=r):\"link\"===t.message&&(r=new URL(s.getAttribute(\"src\")),n=new URL(t.value),c.test(n.protocol))&&n.host===r.host&&l.activeElement===s&&(d.top.location.href=t.value))}},d.addEventListener(\"message\",d.wp.receiveEmbedMessage,!1),l.addEventListener(\"DOMContentLoaded\",function(){for(var e,t,s=l.querySelectorAll(\"iframe.wp-embedded-content\"),r=0;r<s.length;r++)(t=(e=s[r]).getAttribute(\"data-secret\"))||(t=Math.random().toString(36).substring(2,12),e.src+=\"#?secret=\"+t,e.setAttribute(\"data-secret\",t)),e.contentWindow.postMessage({message:\"ready\",secret:t},\"*\")},!1)))}(window,document);\n\/\/# sourceURL=https:\/\/blogg.svenskakyrkan.se\/vandravagen\/wp-includes\/js\/wp-embed.min.js\n\/* ]]> *\/\n<\/script>\n","description":"Jag fick h\u00f6ra n\u00e5got klokt av en \u00e4ldre pr\u00e4st h\u00e4romdagen. P\u00e5 tal om att (svenska) kyrkan \u00e4r l\u00e5ngt ifr\u00e5n en perfekt gemenskap citerade han n\u00e5gra ord av Olov Hartman. Orden l\u00e4r st\u00e5 i f\u00f6rordet till en bok som heter n\u00e5got i stil med &#8221;m\u00e4nniskor i r\u00f6tt&#8221; och handlar om livet i fr\u00e4lsningsarm\u00e9n. Fritt \u00e5tergivet skriver [&hellip;]","thumbnail_url":"http:\/\/4.bp.blogspot.com\/-8ARZVPsh1Vw\/T7YZA6MlbQI\/AAAAAAAAAMU\/pk5s0VmDLA0\/s400\/IMG_0993.jpg"}