{"version":"1.0","provider_name":"Vandra V\u00e4gen","provider_url":"https:\/\/blogg.svenskakyrkan.se\/vandravagen","author_name":"Tomas Jarvid","author_url":"https:\/\/blogg.svenskakyrkan.se\/vandravagen\/author\/vandravagen\/","title":"Biskop Jin av Shanghai \u00e4r d\u00f6d - Vandra V\u00e4gen","type":"rich","width":600,"height":338,"html":"<blockquote class=\"wp-embedded-content\" data-secret=\"oEMTqni3TZ\"><a href=\"https:\/\/blogg.svenskakyrkan.se\/vandravagen\/2013\/05\/03\/biskop-jin-av-shanghai-ar-dod\/\">Biskop Jin av Shanghai \u00e4r d\u00f6d<\/a><\/blockquote><iframe sandbox=\"allow-scripts\" security=\"restricted\" src=\"https:\/\/blogg.svenskakyrkan.se\/vandravagen\/2013\/05\/03\/biskop-jin-av-shanghai-ar-dod\/embed\/#?secret=oEMTqni3TZ\" width=\"600\" height=\"338\" title=\"\u201dBiskop Jin av Shanghai \u00e4r d\u00f6d\u201d &ndash; Vandra V\u00e4gen\" data-secret=\"oEMTqni3TZ\" frameborder=\"0\" marginwidth=\"0\" marginheight=\"0\" scrolling=\"no\" class=\"wp-embedded-content\"><\/iframe><script type=\"text\/javascript\">\n\/* <![CDATA[ *\/\n\/*! This file is auto-generated *\/\n!function(d,l){\"use strict\";l.querySelector&&d.addEventListener&&\"undefined\"!=typeof URL&&(d.wp=d.wp||{},d.wp.receiveEmbedMessage||(d.wp.receiveEmbedMessage=function(e){var t=e.data;if((t||t.secret||t.message||t.value)&&!\/[^a-zA-Z0-9]\/.test(t.secret)){for(var s,r,n,a=l.querySelectorAll('iframe[data-secret=\"'+t.secret+'\"]'),o=l.querySelectorAll('blockquote[data-secret=\"'+t.secret+'\"]'),c=new RegExp(\"^https?:$\",\"i\"),i=0;i<o.length;i++)o[i].style.display=\"none\";for(i=0;i<a.length;i++)s=a[i],e.source===s.contentWindow&&(s.removeAttribute(\"style\"),\"height\"===t.message?(1e3<(r=parseInt(t.value,10))?r=1e3:~~r<200&&(r=200),s.height=r):\"link\"===t.message&&(r=new URL(s.getAttribute(\"src\")),n=new URL(t.value),c.test(n.protocol))&&n.host===r.host&&l.activeElement===s&&(d.top.location.href=t.value))}},d.addEventListener(\"message\",d.wp.receiveEmbedMessage,!1),l.addEventListener(\"DOMContentLoaded\",function(){for(var e,t,s=l.querySelectorAll(\"iframe.wp-embedded-content\"),r=0;r<s.length;r++)(t=(e=s[r]).getAttribute(\"data-secret\"))||(t=Math.random().toString(36).substring(2,12),e.src+=\"#?secret=\"+t,e.setAttribute(\"data-secret\",t)),e.contentWindow.postMessage({message:\"ready\",secret:t},\"*\")},!1)))}(window,document);\n\/\/# sourceURL=https:\/\/blogg.svenskakyrkan.se\/vandravagen\/wp-includes\/js\/wp-embed.min.js\n\/* ]]> *\/\n<\/script>\n","description":"Per Larsson st\u00e4ller fr\u00e5gor till biskop Jin Johan Karlemo spred den h\u00e4r l\u00e4nken fr\u00e5n tidningen Dagen\u00a0och p\u00e5 det s\u00e4ttet fick jag veta att den katolske biskopen\u00a0Aloysius Jin Luxian\u00a0i Shanghai har d\u00f6tt, 97 \u00e5r gammal. Som bilden ovan visar har jag (och Johan ocks\u00e5) faktiskt tr\u00e4ffat biskopen personligen p\u00e5 en teologisk studieresa till Kina f\u00f6r n\u00e5gra [&hellip;]","thumbnail_url":"http:\/\/4.bp.blogspot.com\/-217ArrCn2PI\/UYFiUZsDJvI\/AAAAAAAADQY\/MNKNL-fp2qg\/s400\/bp+jin.jpg"}