{"version":"1.0","provider_name":"Vandra V\u00e4gen","provider_url":"https:\/\/blogg.svenskakyrkan.se\/vandravagen","author_name":"Tomas Jarvid","author_url":"https:\/\/blogg.svenskakyrkan.se\/vandravagen\/author\/vandravagen\/","title":"Blandade tankar p\u00e5 konfirmationsdagen - Vandra V\u00e4gen","type":"rich","width":600,"height":338,"html":"<blockquote class=\"wp-embedded-content\" data-secret=\"L3J4Nv0KS9\"><a href=\"https:\/\/blogg.svenskakyrkan.se\/vandravagen\/2013\/05\/12\/blandade-tankar-pa-konfirmationsdagen\/\">Blandade tankar p\u00e5 konfirmationsdagen<\/a><\/blockquote><iframe sandbox=\"allow-scripts\" security=\"restricted\" src=\"https:\/\/blogg.svenskakyrkan.se\/vandravagen\/2013\/05\/12\/blandade-tankar-pa-konfirmationsdagen\/embed\/#?secret=L3J4Nv0KS9\" width=\"600\" height=\"338\" title=\"\u201dBlandade tankar p\u00e5 konfirmationsdagen\u201d &ndash; Vandra V\u00e4gen\" data-secret=\"L3J4Nv0KS9\" frameborder=\"0\" marginwidth=\"0\" marginheight=\"0\" scrolling=\"no\" class=\"wp-embedded-content\"><\/iframe><script type=\"text\/javascript\">\n\/* <![CDATA[ *\/\n\/*! This file is auto-generated *\/\n!function(d,l){\"use strict\";l.querySelector&&d.addEventListener&&\"undefined\"!=typeof URL&&(d.wp=d.wp||{},d.wp.receiveEmbedMessage||(d.wp.receiveEmbedMessage=function(e){var t=e.data;if((t||t.secret||t.message||t.value)&&!\/[^a-zA-Z0-9]\/.test(t.secret)){for(var s,r,n,a=l.querySelectorAll('iframe[data-secret=\"'+t.secret+'\"]'),o=l.querySelectorAll('blockquote[data-secret=\"'+t.secret+'\"]'),c=new RegExp(\"^https?:$\",\"i\"),i=0;i<o.length;i++)o[i].style.display=\"none\";for(i=0;i<a.length;i++)s=a[i],e.source===s.contentWindow&&(s.removeAttribute(\"style\"),\"height\"===t.message?(1e3<(r=parseInt(t.value,10))?r=1e3:~~r<200&&(r=200),s.height=r):\"link\"===t.message&&(r=new URL(s.getAttribute(\"src\")),n=new URL(t.value),c.test(n.protocol))&&n.host===r.host&&l.activeElement===s&&(d.top.location.href=t.value))}},d.addEventListener(\"message\",d.wp.receiveEmbedMessage,!1),l.addEventListener(\"DOMContentLoaded\",function(){for(var e,t,s=l.querySelectorAll(\"iframe.wp-embedded-content\"),r=0;r<s.length;r++)(t=(e=s[r]).getAttribute(\"data-secret\"))||(t=Math.random().toString(36).substring(2,12),e.src+=\"#?secret=\"+t,e.setAttribute(\"data-secret\",t)),e.contentWindow.postMessage({message:\"ready\",secret:t},\"*\")},!1)))}(window,document);\n\/\/# sourceURL=https:\/\/blogg.svenskakyrkan.se\/vandravagen\/wp-includes\/js\/wp-embed.min.js\n\/* ]]> *\/\n<\/script>\n","description":"1, H\u00e4r har jag anstr\u00e4ngt mig f\u00f6r att inte g\u00f6ra f\u00f6r konstigt intryck p\u00e5 konfirmanderna -och s\u00e5 kommer jag kl\u00e4dd s\u00e5h\u00e4r?! 2, J\u00f6sses vad den h\u00e4r kaftanen har blivit stor och h\u00e4ngande? 3, Att de inte jobbar lika mycket p\u00e5 Ica p\u00e5 s\u00f6ndagar \u00e4r ju bra. Men just n\u00e4r jag beh\u00f6vde handla p\u00e5 morgonen?","thumbnail_url":"https:\/\/lh3.googleusercontent.com\/-n-ZpLj6G95A\/UY8_LMNrjOI\/AAAAAAAADYU\/5El70e807nQ\/s400\/blogger-image--1277589871.jpg"}