{"version":"1.0","provider_name":"Vandra V\u00e4gen","provider_url":"https:\/\/blogg.svenskakyrkan.se\/vandravagen","author_name":"Tomas Jarvid","author_url":"https:\/\/blogg.svenskakyrkan.se\/vandravagen\/author\/vandravagen\/","title":"Mellby kyrka och dagens h\u00e4ndelser d\u00e4r - Vandra V\u00e4gen","type":"rich","width":600,"height":338,"html":"<blockquote class=\"wp-embedded-content\" data-secret=\"ybGjT2JjFS\"><a href=\"https:\/\/blogg.svenskakyrkan.se\/vandravagen\/2013\/05\/12\/mellby-kyrka-och-dagens-handelser-dar\/\">Mellby kyrka och dagens h\u00e4ndelser d\u00e4r<\/a><\/blockquote><iframe sandbox=\"allow-scripts\" security=\"restricted\" src=\"https:\/\/blogg.svenskakyrkan.se\/vandravagen\/2013\/05\/12\/mellby-kyrka-och-dagens-handelser-dar\/embed\/#?secret=ybGjT2JjFS\" width=\"600\" height=\"338\" title=\"\u201dMellby kyrka och dagens h\u00e4ndelser d\u00e4r\u201d &ndash; Vandra V\u00e4gen\" data-secret=\"ybGjT2JjFS\" frameborder=\"0\" marginwidth=\"0\" marginheight=\"0\" scrolling=\"no\" class=\"wp-embedded-content\"><\/iframe><script type=\"text\/javascript\">\n\/* <![CDATA[ *\/\n\/*! This file is auto-generated *\/\n!function(d,l){\"use strict\";l.querySelector&&d.addEventListener&&\"undefined\"!=typeof URL&&(d.wp=d.wp||{},d.wp.receiveEmbedMessage||(d.wp.receiveEmbedMessage=function(e){var t=e.data;if((t||t.secret||t.message||t.value)&&!\/[^a-zA-Z0-9]\/.test(t.secret)){for(var s,r,n,a=l.querySelectorAll('iframe[data-secret=\"'+t.secret+'\"]'),o=l.querySelectorAll('blockquote[data-secret=\"'+t.secret+'\"]'),c=new RegExp(\"^https?:$\",\"i\"),i=0;i<o.length;i++)o[i].style.display=\"none\";for(i=0;i<a.length;i++)s=a[i],e.source===s.contentWindow&&(s.removeAttribute(\"style\"),\"height\"===t.message?(1e3<(r=parseInt(t.value,10))?r=1e3:~~r<200&&(r=200),s.height=r):\"link\"===t.message&&(r=new URL(s.getAttribute(\"src\")),n=new URL(t.value),c.test(n.protocol))&&n.host===r.host&&l.activeElement===s&&(d.top.location.href=t.value))}},d.addEventListener(\"message\",d.wp.receiveEmbedMessage,!1),l.addEventListener(\"DOMContentLoaded\",function(){for(var e,t,s=l.querySelectorAll(\"iframe.wp-embedded-content\"),r=0;r<s.length;r++)(t=(e=s[r]).getAttribute(\"data-secret\"))||(t=Math.random().toString(36).substring(2,12),e.src+=\"#?secret=\"+t,e.setAttribute(\"data-secret\",t)),e.contentWindow.postMessage({message:\"ready\",secret:t},\"*\")},!1)))}(window,document);\n\/\/# sourceURL=https:\/\/blogg.svenskakyrkan.se\/vandravagen\/wp-includes\/js\/wp-embed.min.js\n\/* ]]> *\/\n<\/script>\n","description":"H\u00f6gt i tak och l\u00e5ga tr\u00f6sklar Idag var det konfirmation i Mellby f\u00f6r R\u00e5das konfirmander som jag p\u00e5 m\u00e4rkliga v\u00e4gar blivit konfapr\u00e4st \u00e5t. Det blev en v\u00e4ldigt fin gudstj\u00e4nst och konfirmandernas redovisning och medverkan gick v\u00e4ldigt bra. Roligt och fint, tack alla konfirmander och ledare! H\u00e4r kommer n\u00e5gra vackra bilder p\u00e5 Mellby kyrka. F\u00f6rst vill [&hellip;]","thumbnail_url":"http:\/\/2.bp.blogspot.com\/-BUEJd8qd9kw\/UY-8CAdQNBI\/AAAAAAAADZs\/9K3RXG8cL3g\/s640\/mellbytak.jpg"}