{"version":"1.0","provider_name":"Vandra V\u00e4gen","provider_url":"https:\/\/blogg.svenskakyrkan.se\/vandravagen","author_name":"Tomas Jarvid","author_url":"https:\/\/blogg.svenskakyrkan.se\/vandravagen\/author\/vandravagen\/","title":"Bland gravarna p\u00e5 G\u00f6tene kyrkog\u00e5rd - Vandra V\u00e4gen","type":"rich","width":600,"height":338,"html":"<blockquote class=\"wp-embedded-content\" data-secret=\"bVTwyQ1i7L\"><a href=\"https:\/\/blogg.svenskakyrkan.se\/vandravagen\/2013\/05\/14\/bland-gravarna-pa-gotene-kyrkogard\/\">Bland gravarna p\u00e5 G\u00f6tene kyrkog\u00e5rd<\/a><\/blockquote><iframe sandbox=\"allow-scripts\" security=\"restricted\" src=\"https:\/\/blogg.svenskakyrkan.se\/vandravagen\/2013\/05\/14\/bland-gravarna-pa-gotene-kyrkogard\/embed\/#?secret=bVTwyQ1i7L\" width=\"600\" height=\"338\" title=\"\u201dBland gravarna p\u00e5 G\u00f6tene kyrkog\u00e5rd\u201d &ndash; Vandra V\u00e4gen\" data-secret=\"bVTwyQ1i7L\" frameborder=\"0\" marginwidth=\"0\" marginheight=\"0\" scrolling=\"no\" class=\"wp-embedded-content\"><\/iframe><script type=\"text\/javascript\">\n\/* <![CDATA[ *\/\n\/*! This file is auto-generated *\/\n!function(d,l){\"use strict\";l.querySelector&&d.addEventListener&&\"undefined\"!=typeof URL&&(d.wp=d.wp||{},d.wp.receiveEmbedMessage||(d.wp.receiveEmbedMessage=function(e){var t=e.data;if((t||t.secret||t.message||t.value)&&!\/[^a-zA-Z0-9]\/.test(t.secret)){for(var s,r,n,a=l.querySelectorAll('iframe[data-secret=\"'+t.secret+'\"]'),o=l.querySelectorAll('blockquote[data-secret=\"'+t.secret+'\"]'),c=new RegExp(\"^https?:$\",\"i\"),i=0;i<o.length;i++)o[i].style.display=\"none\";for(i=0;i<a.length;i++)s=a[i],e.source===s.contentWindow&&(s.removeAttribute(\"style\"),\"height\"===t.message?(1e3<(r=parseInt(t.value,10))?r=1e3:~~r<200&&(r=200),s.height=r):\"link\"===t.message&&(r=new URL(s.getAttribute(\"src\")),n=new URL(t.value),c.test(n.protocol))&&n.host===r.host&&l.activeElement===s&&(d.top.location.href=t.value))}},d.addEventListener(\"message\",d.wp.receiveEmbedMessage,!1),l.addEventListener(\"DOMContentLoaded\",function(){for(var e,t,s=l.querySelectorAll(\"iframe.wp-embedded-content\"),r=0;r<s.length;r++)(t=(e=s[r]).getAttribute(\"data-secret\"))||(t=Math.random().toString(36).substring(2,12),e.src+=\"#?secret=\"+t,e.setAttribute(\"data-secret\",t)),e.contentWindow.postMessage({message:\"ready\",secret:t},\"*\")},!1)))}(window,document);\n\/\/# sourceURL=https:\/\/blogg.svenskakyrkan.se\/vandravagen\/wp-includes\/js\/wp-embed.min.js\n\/* ]]> *\/\n<\/script>\n","description":"Det har varit ett fint (tycker i alla fall jag) inslag p\u00e5 Vandra V\u00e4gen de g\u00e5nger texter fr\u00e5n olika gravstenar f\u00e5tt tala. Det har varit alltifr\u00e5n min egen gravsten till oskyldiga barn och mission\u00e4rer fr\u00e5n Skraltbr\u00e5ten till sin tids fr\u00e4msta personligheter. Nu har jag g\u00e5tt runt p\u00e5 n\u00e4ra h\u00e5ll n\u00e4mligen p\u00e5 G\u00f6tene kyrkog\u00e5rd.\u00a0 Korset ovan [&hellip;]","thumbnail_url":"http:\/\/4.bp.blogspot.com\/-nWZ1xw7QhV8\/UY-y9iVTFFI\/AAAAAAAADY0\/5ENVdoYVbC8\/s320\/gammalgrav.jpg"}