{"version":"1.0","provider_name":"Vandra V\u00e4gen","provider_url":"https:\/\/blogg.svenskakyrkan.se\/vandravagen","author_name":"Tomas Jarvid","author_url":"https:\/\/blogg.svenskakyrkan.se\/vandravagen\/author\/vandravagen\/","title":"Veckans favoriter fr\u00e5n twitter - Vandra V\u00e4gen","type":"rich","width":600,"height":338,"html":"<blockquote class=\"wp-embedded-content\" data-secret=\"jCJmdqYw3I\"><a href=\"https:\/\/blogg.svenskakyrkan.se\/vandravagen\/2013\/05\/22\/veckans-favoriter-fran-twitter-3\/\">Veckans favoriter fr\u00e5n twitter<\/a><\/blockquote><iframe sandbox=\"allow-scripts\" security=\"restricted\" src=\"https:\/\/blogg.svenskakyrkan.se\/vandravagen\/2013\/05\/22\/veckans-favoriter-fran-twitter-3\/embed\/#?secret=jCJmdqYw3I\" width=\"600\" height=\"338\" title=\"\u201dVeckans favoriter fr\u00e5n twitter\u201d &ndash; Vandra V\u00e4gen\" data-secret=\"jCJmdqYw3I\" frameborder=\"0\" marginwidth=\"0\" marginheight=\"0\" scrolling=\"no\" class=\"wp-embedded-content\"><\/iframe><script type=\"text\/javascript\">\n\/* <![CDATA[ *\/\n\/*! This file is auto-generated *\/\n!function(d,l){\"use strict\";l.querySelector&&d.addEventListener&&\"undefined\"!=typeof URL&&(d.wp=d.wp||{},d.wp.receiveEmbedMessage||(d.wp.receiveEmbedMessage=function(e){var t=e.data;if((t||t.secret||t.message||t.value)&&!\/[^a-zA-Z0-9]\/.test(t.secret)){for(var s,r,n,a=l.querySelectorAll('iframe[data-secret=\"'+t.secret+'\"]'),o=l.querySelectorAll('blockquote[data-secret=\"'+t.secret+'\"]'),c=new RegExp(\"^https?:$\",\"i\"),i=0;i<o.length;i++)o[i].style.display=\"none\";for(i=0;i<a.length;i++)s=a[i],e.source===s.contentWindow&&(s.removeAttribute(\"style\"),\"height\"===t.message?(1e3<(r=parseInt(t.value,10))?r=1e3:~~r<200&&(r=200),s.height=r):\"link\"===t.message&&(r=new URL(s.getAttribute(\"src\")),n=new URL(t.value),c.test(n.protocol))&&n.host===r.host&&l.activeElement===s&&(d.top.location.href=t.value))}},d.addEventListener(\"message\",d.wp.receiveEmbedMessage,!1),l.addEventListener(\"DOMContentLoaded\",function(){for(var e,t,s=l.querySelectorAll(\"iframe.wp-embedded-content\"),r=0;r<s.length;r++)(t=(e=s[r]).getAttribute(\"data-secret\"))||(t=Math.random().toString(36).substring(2,12),e.src+=\"#?secret=\"+t,e.setAttribute(\"data-secret\",t)),e.contentWindow.postMessage({message:\"ready\",secret:t},\"*\")},!1)))}(window,document);\n\/\/# sourceURL=https:\/\/blogg.svenskakyrkan.se\/vandravagen\/wp-includes\/js\/wp-embed.min.js\n\/* ]]> *\/\n<\/script>\n","description":"Jag blev s\u00e5 omskakad n\u00e4r det pl\u00f6tsligt v\u00e4lde in l\u00e4sare p\u00e5 bloggen att jag alldeles kom av mig. Redan onsdag men h\u00e4r kommer f\u00f6rra veckans (och b\u00f6rjan p\u00e5 den h\u00e4r) b\u00e4sta tweets. L\u00e4s och f\u00f6rundras \u00f6ver andlig vishet, klokhet och fyndighet i en stor h\u00f6g. Kristna (?) tweets Och aprop\u00e5 att Jesus inte var mesig [&hellip;]","thumbnail_url":"http:\/\/1.bp.blogspot.com\/-ft1NagZXGTY\/UZtyDN7Rm6I\/AAAAAAAADgw\/kFW2XLu6KWQ\/s400\/annandag+pingst.jpg"}