{"version":"1.0","provider_name":"Vandra V\u00e4gen","provider_url":"https:\/\/blogg.svenskakyrkan.se\/vandravagen","author_name":"Tomas Jarvid","author_url":"https:\/\/blogg.svenskakyrkan.se\/vandravagen\/author\/vandravagen\/","title":"Konsten att s\u00f6ka p\u00e5 Vandra V\u00e4gen - Vandra V\u00e4gen","type":"rich","width":600,"height":338,"html":"<blockquote class=\"wp-embedded-content\" data-secret=\"sNpLqUWyC1\"><a href=\"https:\/\/blogg.svenskakyrkan.se\/vandravagen\/2013\/05\/28\/konsten-att-soka-pa-vandra-vagen\/\">Konsten att s\u00f6ka p\u00e5 Vandra V\u00e4gen<\/a><\/blockquote><iframe sandbox=\"allow-scripts\" security=\"restricted\" src=\"https:\/\/blogg.svenskakyrkan.se\/vandravagen\/2013\/05\/28\/konsten-att-soka-pa-vandra-vagen\/embed\/#?secret=sNpLqUWyC1\" width=\"600\" height=\"338\" title=\"\u201dKonsten att s\u00f6ka p\u00e5 Vandra V\u00e4gen\u201d &ndash; Vandra V\u00e4gen\" data-secret=\"sNpLqUWyC1\" frameborder=\"0\" marginwidth=\"0\" marginheight=\"0\" scrolling=\"no\" class=\"wp-embedded-content\"><\/iframe><script type=\"text\/javascript\">\n\/* <![CDATA[ *\/\n\/*! This file is auto-generated *\/\n!function(d,l){\"use strict\";l.querySelector&&d.addEventListener&&\"undefined\"!=typeof URL&&(d.wp=d.wp||{},d.wp.receiveEmbedMessage||(d.wp.receiveEmbedMessage=function(e){var t=e.data;if((t||t.secret||t.message||t.value)&&!\/[^a-zA-Z0-9]\/.test(t.secret)){for(var s,r,n,a=l.querySelectorAll('iframe[data-secret=\"'+t.secret+'\"]'),o=l.querySelectorAll('blockquote[data-secret=\"'+t.secret+'\"]'),c=new RegExp(\"^https?:$\",\"i\"),i=0;i<o.length;i++)o[i].style.display=\"none\";for(i=0;i<a.length;i++)s=a[i],e.source===s.contentWindow&&(s.removeAttribute(\"style\"),\"height\"===t.message?(1e3<(r=parseInt(t.value,10))?r=1e3:~~r<200&&(r=200),s.height=r):\"link\"===t.message&&(r=new URL(s.getAttribute(\"src\")),n=new URL(t.value),c.test(n.protocol))&&n.host===r.host&&l.activeElement===s&&(d.top.location.href=t.value))}},d.addEventListener(\"message\",d.wp.receiveEmbedMessage,!1),l.addEventListener(\"DOMContentLoaded\",function(){for(var e,t,s=l.querySelectorAll(\"iframe.wp-embedded-content\"),r=0;r<s.length;r++)(t=(e=s[r]).getAttribute(\"data-secret\"))||(t=Math.random().toString(36).substring(2,12),e.src+=\"#?secret=\"+t,e.setAttribute(\"data-secret\",t)),e.contentWindow.postMessage({message:\"ready\",secret:t},\"*\")},!1)))}(window,document);\n\/\/# sourceURL=https:\/\/blogg.svenskakyrkan.se\/vandravagen\/wp-includes\/js\/wp-embed.min.js\n\/* ]]> *\/\n<\/script>\n","description":"Jag hade en g\u00e5ng ett s\u00f6kf\u00e4lt p\u00e5 bloggen. Det funkade av n\u00e5gon anledning riktigt kasst. Man hittade ingenting (och jag vet ju \u00e4nd\u00e5 ganska v\u00e4l vad som finns att leta upp) helt enkelt. S\u00e5 s\u00f6kf\u00e4ltet \u00e5kte bort. S\u00f6kning via google, funkar kanon! Ist\u00e4llet har jag gjort s\u00e5 sj\u00e4lv n\u00e4r jag letat upp bloggposter att jag [&hellip;]","thumbnail_url":"http:\/\/2.bp.blogspot.com\/-XqYYSf0rc18\/UaRdknYxAKI\/AAAAAAAADng\/7bb6zoOxioo\/s640\/so%CC%88ka+i+blogg.jpg"}