{"version":"1.0","provider_name":"Vandra V\u00e4gen","provider_url":"https:\/\/blogg.svenskakyrkan.se\/vandravagen","author_name":"Tomas Jarvid","author_url":"https:\/\/blogg.svenskakyrkan.se\/vandravagen\/author\/vandravagen\/","title":"Veckans favoriter fr\u00e5n twitter - Vandra V\u00e4gen","type":"rich","width":600,"height":338,"html":"<blockquote class=\"wp-embedded-content\" data-secret=\"insH0B7aTg\"><a href=\"https:\/\/blogg.svenskakyrkan.se\/vandravagen\/2013\/05\/28\/veckans-favoriter-fran-twitter-2\/\">Veckans favoriter fr\u00e5n twitter<\/a><\/blockquote><iframe sandbox=\"allow-scripts\" security=\"restricted\" src=\"https:\/\/blogg.svenskakyrkan.se\/vandravagen\/2013\/05\/28\/veckans-favoriter-fran-twitter-2\/embed\/#?secret=insH0B7aTg\" width=\"600\" height=\"338\" title=\"\u201dVeckans favoriter fr\u00e5n twitter\u201d &ndash; Vandra V\u00e4gen\" data-secret=\"insH0B7aTg\" frameborder=\"0\" marginwidth=\"0\" marginheight=\"0\" scrolling=\"no\" class=\"wp-embedded-content\"><\/iframe><script type=\"text\/javascript\">\n\/* <![CDATA[ *\/\n\/*! This file is auto-generated *\/\n!function(d,l){\"use strict\";l.querySelector&&d.addEventListener&&\"undefined\"!=typeof URL&&(d.wp=d.wp||{},d.wp.receiveEmbedMessage||(d.wp.receiveEmbedMessage=function(e){var t=e.data;if((t||t.secret||t.message||t.value)&&!\/[^a-zA-Z0-9]\/.test(t.secret)){for(var s,r,n,a=l.querySelectorAll('iframe[data-secret=\"'+t.secret+'\"]'),o=l.querySelectorAll('blockquote[data-secret=\"'+t.secret+'\"]'),c=new RegExp(\"^https?:$\",\"i\"),i=0;i<o.length;i++)o[i].style.display=\"none\";for(i=0;i<a.length;i++)s=a[i],e.source===s.contentWindow&&(s.removeAttribute(\"style\"),\"height\"===t.message?(1e3<(r=parseInt(t.value,10))?r=1e3:~~r<200&&(r=200),s.height=r):\"link\"===t.message&&(r=new URL(s.getAttribute(\"src\")),n=new URL(t.value),c.test(n.protocol))&&n.host===r.host&&l.activeElement===s&&(d.top.location.href=t.value))}},d.addEventListener(\"message\",d.wp.receiveEmbedMessage,!1),l.addEventListener(\"DOMContentLoaded\",function(){for(var e,t,s=l.querySelectorAll(\"iframe.wp-embedded-content\"),r=0;r<s.length;r++)(t=(e=s[r]).getAttribute(\"data-secret\"))||(t=Math.random().toString(36).substring(2,12),e.src+=\"#?secret=\"+t,e.setAttribute(\"data-secret\",t)),e.contentWindow.postMessage({message:\"ready\",secret:t},\"*\")},!1)))}(window,document);\n\/\/# sourceURL=https:\/\/blogg.svenskakyrkan.se\/vandravagen\/wp-includes\/js\/wp-embed.min.js\n\/* ]]> *\/\n<\/script>\n","description":"\u00c4ntligen tisdag och \u00e4nnu en omg\u00e5ng med tweets som f\u00f6rtj\u00e4nar en andra chans och lite mer uppm\u00e4rksamhet. H\u00e4r \u00e4r mina stj\u00e4rnmarkeringar fr\u00e5n veckan som g\u00e5tt! Kristna (?) tweets Jesus Bieber Sant, fast inte helt enkelt n\u00e4r det handlar om kommunikation med Gud. Kloka tweets Den fr\u00e5gan har jag f\u00e5tt. Fler pappor som har? Om n\u00e5gonsin. [&hellip;]","thumbnail_url":"http:\/\/3.bp.blogspot.com\/-fewYgBa6Gs0\/UaNMZ2aSofI\/AAAAAAAADmc\/oWMotrlI07g\/s400\/tva%CC%88rarg.jpg"}