{"version":"1.0","provider_name":"Vandra V\u00e4gen","provider_url":"https:\/\/blogg.svenskakyrkan.se\/vandravagen","author_name":"Tomas Jarvid","author_url":"https:\/\/blogg.svenskakyrkan.se\/vandravagen\/author\/vandravagen\/","title":"Aftonb\u00f6n f\u00f6r sm\u00e5 och stora - Vandra V\u00e4gen","type":"rich","width":600,"height":338,"html":"<blockquote class=\"wp-embedded-content\" data-secret=\"21dQFXtZe8\"><a href=\"https:\/\/blogg.svenskakyrkan.se\/vandravagen\/2013\/05\/30\/aftonbon-for-sma-och-stora\/\">Aftonb\u00f6n f\u00f6r sm\u00e5 och stora<\/a><\/blockquote><iframe sandbox=\"allow-scripts\" security=\"restricted\" src=\"https:\/\/blogg.svenskakyrkan.se\/vandravagen\/2013\/05\/30\/aftonbon-for-sma-och-stora\/embed\/#?secret=21dQFXtZe8\" width=\"600\" height=\"338\" title=\"\u201dAftonb\u00f6n f\u00f6r sm\u00e5 och stora\u201d &ndash; Vandra V\u00e4gen\" data-secret=\"21dQFXtZe8\" frameborder=\"0\" marginwidth=\"0\" marginheight=\"0\" scrolling=\"no\" class=\"wp-embedded-content\"><\/iframe><script type=\"text\/javascript\">\n\/* <![CDATA[ *\/\n\/*! This file is auto-generated *\/\n!function(d,l){\"use strict\";l.querySelector&&d.addEventListener&&\"undefined\"!=typeof URL&&(d.wp=d.wp||{},d.wp.receiveEmbedMessage||(d.wp.receiveEmbedMessage=function(e){var t=e.data;if((t||t.secret||t.message||t.value)&&!\/[^a-zA-Z0-9]\/.test(t.secret)){for(var s,r,n,a=l.querySelectorAll('iframe[data-secret=\"'+t.secret+'\"]'),o=l.querySelectorAll('blockquote[data-secret=\"'+t.secret+'\"]'),c=new RegExp(\"^https?:$\",\"i\"),i=0;i<o.length;i++)o[i].style.display=\"none\";for(i=0;i<a.length;i++)s=a[i],e.source===s.contentWindow&&(s.removeAttribute(\"style\"),\"height\"===t.message?(1e3<(r=parseInt(t.value,10))?r=1e3:~~r<200&&(r=200),s.height=r):\"link\"===t.message&&(r=new URL(s.getAttribute(\"src\")),n=new URL(t.value),c.test(n.protocol))&&n.host===r.host&&l.activeElement===s&&(d.top.location.href=t.value))}},d.addEventListener(\"message\",d.wp.receiveEmbedMessage,!1),l.addEventListener(\"DOMContentLoaded\",function(){for(var e,t,s=l.querySelectorAll(\"iframe.wp-embedded-content\"),r=0;r<s.length;r++)(t=(e=s[r]).getAttribute(\"data-secret\"))||(t=Math.random().toString(36).substring(2,12),e.src+=\"#?secret=\"+t,e.setAttribute(\"data-secret\",t)),e.contentWindow.postMessage({message:\"ready\",secret:t},\"*\")},!1)))}(window,document);\n\/\/# sourceURL=https:\/\/blogg.svenskakyrkan.se\/vandravagen\/wp-includes\/js\/wp-embed.min.js\n\/* ]]> *\/\n<\/script>\n","description":"Ljus i m\u00f6rkret Jag vill dela n\u00e5gra enkla aftonb\u00f6ner med dig. Enkla men starka ord att f\u00e5 be om aftonen vare sig man \u00e4r barn eller vuxen. Inf\u00f6r Gud \u00e4r vi alla barn, \u00e4ven om vi f\u00f6rst\u00e5s ocks\u00e5 kan vara vuxna barn. Till sina f\u00f6r\u00e4ldrar \u00e4r man ju alltid barn. Den f\u00f6rsta \u00e4r skriven av [&hellip;]","thumbnail_url":"http:\/\/2.bp.blogspot.com\/-8QmC0rXC3Pg\/UaeDfFWNQNI\/AAAAAAAADpY\/aPEtNOqJcA8\/s400\/ljus.jpg"}