{"version":"1.0","provider_name":"Vandra V\u00e4gen","provider_url":"https:\/\/blogg.svenskakyrkan.se\/vandravagen","author_name":"Tomas Jarvid","author_url":"https:\/\/blogg.svenskakyrkan.se\/vandravagen\/author\/vandravagen\/","title":"En r\u00e4tt ovanlig sak som kristna g\u00f6r - Vandra V\u00e4gen","type":"rich","width":600,"height":338,"html":"<blockquote class=\"wp-embedded-content\" data-secret=\"qK343c78CG\"><a href=\"https:\/\/blogg.svenskakyrkan.se\/vandravagen\/2013\/06\/12\/en-ratt-ovanlig-sak-som-kristna-gor\/\">En r\u00e4tt ovanlig sak som kristna g\u00f6r<\/a><\/blockquote><iframe sandbox=\"allow-scripts\" security=\"restricted\" src=\"https:\/\/blogg.svenskakyrkan.se\/vandravagen\/2013\/06\/12\/en-ratt-ovanlig-sak-som-kristna-gor\/embed\/#?secret=qK343c78CG\" width=\"600\" height=\"338\" title=\"\u201dEn r\u00e4tt ovanlig sak som kristna g\u00f6r\u201d &ndash; Vandra V\u00e4gen\" data-secret=\"qK343c78CG\" frameborder=\"0\" marginwidth=\"0\" marginheight=\"0\" scrolling=\"no\" class=\"wp-embedded-content\"><\/iframe><script type=\"text\/javascript\">\n\/* <![CDATA[ *\/\n\/*! This file is auto-generated *\/\n!function(d,l){\"use strict\";l.querySelector&&d.addEventListener&&\"undefined\"!=typeof URL&&(d.wp=d.wp||{},d.wp.receiveEmbedMessage||(d.wp.receiveEmbedMessage=function(e){var t=e.data;if((t||t.secret||t.message||t.value)&&!\/[^a-zA-Z0-9]\/.test(t.secret)){for(var s,r,n,a=l.querySelectorAll('iframe[data-secret=\"'+t.secret+'\"]'),o=l.querySelectorAll('blockquote[data-secret=\"'+t.secret+'\"]'),c=new RegExp(\"^https?:$\",\"i\"),i=0;i<o.length;i++)o[i].style.display=\"none\";for(i=0;i<a.length;i++)s=a[i],e.source===s.contentWindow&&(s.removeAttribute(\"style\"),\"height\"===t.message?(1e3<(r=parseInt(t.value,10))?r=1e3:~~r<200&&(r=200),s.height=r):\"link\"===t.message&&(r=new URL(s.getAttribute(\"src\")),n=new URL(t.value),c.test(n.protocol))&&n.host===r.host&&l.activeElement===s&&(d.top.location.href=t.value))}},d.addEventListener(\"message\",d.wp.receiveEmbedMessage,!1),l.addEventListener(\"DOMContentLoaded\",function(){for(var e,t,s=l.querySelectorAll(\"iframe.wp-embedded-content\"),r=0;r<s.length;r++)(t=(e=s[r]).getAttribute(\"data-secret\"))||(t=Math.random().toString(36).substring(2,12),e.src+=\"#?secret=\"+t,e.setAttribute(\"data-secret\",t)),e.contentWindow.postMessage({message:\"ready\",secret:t},\"*\")},!1)))}(window,document);\n\/\/# sourceURL=https:\/\/blogg.svenskakyrkan.se\/vandravagen\/wp-includes\/js\/wp-embed.min.js\n\/* ]]> *\/\n<\/script>\n","description":"Ocks\u00e5 en slags musik? Det finns n\u00e5gra s\u00e5dana saker som n\u00e4stan bara sker i kyrkan i v\u00e5rt samh\u00e4lle. I optimala fall \u00e4r det en \u00e5ldersblandad milj\u00f6 d\u00e4r alla \u00e5ldrar tr\u00e4ffas tillsammans. Det \u00e4r ocks\u00e5 ofta kyrkan som ordnar l\u00e4ger f\u00f6r barn och unga, en sak att vara stolt \u00f6ver. Men det \u00e4r inte det jag [&hellip;]","thumbnail_url":"http:\/\/3.bp.blogspot.com\/-ttdQ0GBdahQ\/UbiXjsxG--I\/AAAAAAAAD2w\/UZ9ZiMgEfgc\/s400\/IMG_2866.JPG"}