{"version":"1.0","provider_name":"Vandra V\u00e4gen","provider_url":"https:\/\/blogg.svenskakyrkan.se\/vandravagen","author_name":"Tomas Jarvid","author_url":"https:\/\/blogg.svenskakyrkan.se\/vandravagen\/author\/vandravagen\/","title":"En port som \u00f6ppen st\u00e5r - Vandra V\u00e4gen","type":"rich","width":600,"height":338,"html":"<blockquote class=\"wp-embedded-content\" data-secret=\"MwnImUSiOY\"><a href=\"https:\/\/blogg.svenskakyrkan.se\/vandravagen\/2013\/06\/16\/en-port-som-oppen-star\/\">En port som \u00f6ppen st\u00e5r<\/a><\/blockquote><iframe sandbox=\"allow-scripts\" security=\"restricted\" src=\"https:\/\/blogg.svenskakyrkan.se\/vandravagen\/2013\/06\/16\/en-port-som-oppen-star\/embed\/#?secret=MwnImUSiOY\" width=\"600\" height=\"338\" title=\"\u201dEn port som \u00f6ppen st\u00e5r\u201d &ndash; Vandra V\u00e4gen\" data-secret=\"MwnImUSiOY\" frameborder=\"0\" marginwidth=\"0\" marginheight=\"0\" scrolling=\"no\" class=\"wp-embedded-content\"><\/iframe><script type=\"text\/javascript\">\n\/* <![CDATA[ *\/\n\/*! This file is auto-generated *\/\n!function(d,l){\"use strict\";l.querySelector&&d.addEventListener&&\"undefined\"!=typeof URL&&(d.wp=d.wp||{},d.wp.receiveEmbedMessage||(d.wp.receiveEmbedMessage=function(e){var t=e.data;if((t||t.secret||t.message||t.value)&&!\/[^a-zA-Z0-9]\/.test(t.secret)){for(var s,r,n,a=l.querySelectorAll('iframe[data-secret=\"'+t.secret+'\"]'),o=l.querySelectorAll('blockquote[data-secret=\"'+t.secret+'\"]'),c=new RegExp(\"^https?:$\",\"i\"),i=0;i<o.length;i++)o[i].style.display=\"none\";for(i=0;i<a.length;i++)s=a[i],e.source===s.contentWindow&&(s.removeAttribute(\"style\"),\"height\"===t.message?(1e3<(r=parseInt(t.value,10))?r=1e3:~~r<200&&(r=200),s.height=r):\"link\"===t.message&&(r=new URL(s.getAttribute(\"src\")),n=new URL(t.value),c.test(n.protocol))&&n.host===r.host&&l.activeElement===s&&(d.top.location.href=t.value))}},d.addEventListener(\"message\",d.wp.receiveEmbedMessage,!1),l.addEventListener(\"DOMContentLoaded\",function(){for(var e,t,s=l.querySelectorAll(\"iframe.wp-embedded-content\"),r=0;r<s.length;r++)(t=(e=s[r]).getAttribute(\"data-secret\"))||(t=Math.random().toString(36).substring(2,12),e.src+=\"#?secret=\"+t,e.setAttribute(\"data-secret\",t)),e.contentWindow.postMessage({message:\"ready\",secret:t},\"*\")},!1)))}(window,document);\n\/\/# sourceURL=https:\/\/blogg.svenskakyrkan.se\/vandravagen\/wp-includes\/js\/wp-embed.min.js\n\/* ]]> *\/\n<\/script>\n","description":"Har f\u00f6rs\u00f6kt redigera ihop en bild igen. Den \u00e4r min egen s\u00e5 k\u00e4nn dig fri att sprida om du vill. Idag predikar inte jag men en gudstj\u00e4nst ska det allt bli. Jag vet en port som \u00f6ppen st\u00e5r,d\u00e4r fr\u00e5n de gyllne salaren klarhet som fr\u00e5n korset g\u00e5rom Kristi k\u00e4rlek talar.O djup av n\u00e5d, min Gud, [&hellip;]","thumbnail_url":"http:\/\/4.bp.blogspot.com\/-7GgjrN-S6Jo\/Ub1Ot456cfI\/AAAAAAAAD4M\/eCf3mHqGiwo\/s640\/o%CC%88ppenport.jpg"}