{"version":"1.0","provider_name":"Vandra V\u00e4gen","provider_url":"https:\/\/blogg.svenskakyrkan.se\/vandravagen","author_name":"Tomas Jarvid","author_url":"https:\/\/blogg.svenskakyrkan.se\/vandravagen\/author\/vandravagen\/","title":"Veckans samlade favorittweets - Vandra V\u00e4gen","type":"rich","width":600,"height":338,"html":"<blockquote class=\"wp-embedded-content\" data-secret=\"jHeu5NBUmI\"><a href=\"https:\/\/blogg.svenskakyrkan.se\/vandravagen\/2013\/07\/09\/veckans-samlade-favorittweets-7\/\">Veckans samlade favorittweets<\/a><\/blockquote><iframe sandbox=\"allow-scripts\" security=\"restricted\" src=\"https:\/\/blogg.svenskakyrkan.se\/vandravagen\/2013\/07\/09\/veckans-samlade-favorittweets-7\/embed\/#?secret=jHeu5NBUmI\" width=\"600\" height=\"338\" title=\"\u201dVeckans samlade favorittweets\u201d &ndash; Vandra V\u00e4gen\" data-secret=\"jHeu5NBUmI\" frameborder=\"0\" marginwidth=\"0\" marginheight=\"0\" scrolling=\"no\" class=\"wp-embedded-content\"><\/iframe><script type=\"text\/javascript\">\n\/* <![CDATA[ *\/\n\/*! This file is auto-generated *\/\n!function(d,l){\"use strict\";l.querySelector&&d.addEventListener&&\"undefined\"!=typeof URL&&(d.wp=d.wp||{},d.wp.receiveEmbedMessage||(d.wp.receiveEmbedMessage=function(e){var t=e.data;if((t||t.secret||t.message||t.value)&&!\/[^a-zA-Z0-9]\/.test(t.secret)){for(var s,r,n,a=l.querySelectorAll('iframe[data-secret=\"'+t.secret+'\"]'),o=l.querySelectorAll('blockquote[data-secret=\"'+t.secret+'\"]'),c=new RegExp(\"^https?:$\",\"i\"),i=0;i<o.length;i++)o[i].style.display=\"none\";for(i=0;i<a.length;i++)s=a[i],e.source===s.contentWindow&&(s.removeAttribute(\"style\"),\"height\"===t.message?(1e3<(r=parseInt(t.value,10))?r=1e3:~~r<200&&(r=200),s.height=r):\"link\"===t.message&&(r=new URL(s.getAttribute(\"src\")),n=new URL(t.value),c.test(n.protocol))&&n.host===r.host&&l.activeElement===s&&(d.top.location.href=t.value))}},d.addEventListener(\"message\",d.wp.receiveEmbedMessage,!1),l.addEventListener(\"DOMContentLoaded\",function(){for(var e,t,s=l.querySelectorAll(\"iframe.wp-embedded-content\"),r=0;r<s.length;r++)(t=(e=s[r]).getAttribute(\"data-secret\"))||(t=Math.random().toString(36).substring(2,12),e.src+=\"#?secret=\"+t,e.setAttribute(\"data-secret\",t)),e.contentWindow.postMessage({message:\"ready\",secret:t},\"*\")},!1)))}(window,document);\n\/\/# sourceURL=https:\/\/blogg.svenskakyrkan.se\/vandravagen\/wp-includes\/js\/wp-embed.min.js\n\/* ]]> *\/\n<\/script>\n","description":"\u00c4nnu en vecka har b\u00f6rjat, \u00e4nnu en vecka tagit slut. H\u00e4r \u00e4r det b\u00e4sta av det som varit. Twitter \u00e4r ju genren med den korta livsl\u00e4ngden. Jag f\u00f6rs\u00f6ker h\u00e4r h\u00e5lla liv lite till i n\u00e5gra minnesv\u00e4rda tweets! &#8221;Kristna&#8221; tweets P\u00e5minner lite om det jag skrev f\u00f6r l\u00e4\u00e4nge sedan om en k\u00e4rleksl\u00f6s Gud&#8230; Det h\u00e4r har [&hellip;]","thumbnail_url":"http:\/\/4.bp.blogspot.com\/-qL-1ZghMHeo\/Uduu4XkSfpI\/AAAAAAAAEQg\/eesimm7G4PA\/s400\/Ska%CC%88rmavbild+2013-07-09+kl.+07.51.52.png"}