{"version":"1.0","provider_name":"Vandra V\u00e4gen","provider_url":"https:\/\/blogg.svenskakyrkan.se\/vandravagen","author_name":"Tomas Jarvid","author_url":"https:\/\/blogg.svenskakyrkan.se\/vandravagen\/author\/vandravagen\/","title":"Pilgrimsvandra med mig den 31a! - Vandra V\u00e4gen","type":"rich","width":600,"height":338,"html":"<blockquote class=\"wp-embedded-content\" data-secret=\"29a4I10zrn\"><a href=\"https:\/\/blogg.svenskakyrkan.se\/vandravagen\/2013\/07\/20\/pilgrimsvandra-med-mig-den-31a\/\">Pilgrimsvandra med mig den 31a!<\/a><\/blockquote><iframe sandbox=\"allow-scripts\" security=\"restricted\" src=\"https:\/\/blogg.svenskakyrkan.se\/vandravagen\/2013\/07\/20\/pilgrimsvandra-med-mig-den-31a\/embed\/#?secret=29a4I10zrn\" width=\"600\" height=\"338\" title=\"\u201dPilgrimsvandra med mig den 31a!\u201d &ndash; Vandra V\u00e4gen\" data-secret=\"29a4I10zrn\" frameborder=\"0\" marginwidth=\"0\" marginheight=\"0\" scrolling=\"no\" class=\"wp-embedded-content\"><\/iframe><script type=\"text\/javascript\">\n\/* <![CDATA[ *\/\n\/*! This file is auto-generated *\/\n!function(d,l){\"use strict\";l.querySelector&&d.addEventListener&&\"undefined\"!=typeof URL&&(d.wp=d.wp||{},d.wp.receiveEmbedMessage||(d.wp.receiveEmbedMessage=function(e){var t=e.data;if((t||t.secret||t.message||t.value)&&!\/[^a-zA-Z0-9]\/.test(t.secret)){for(var s,r,n,a=l.querySelectorAll('iframe[data-secret=\"'+t.secret+'\"]'),o=l.querySelectorAll('blockquote[data-secret=\"'+t.secret+'\"]'),c=new RegExp(\"^https?:$\",\"i\"),i=0;i<o.length;i++)o[i].style.display=\"none\";for(i=0;i<a.length;i++)s=a[i],e.source===s.contentWindow&&(s.removeAttribute(\"style\"),\"height\"===t.message?(1e3<(r=parseInt(t.value,10))?r=1e3:~~r<200&&(r=200),s.height=r):\"link\"===t.message&&(r=new URL(s.getAttribute(\"src\")),n=new URL(t.value),c.test(n.protocol))&&n.host===r.host&&l.activeElement===s&&(d.top.location.href=t.value))}},d.addEventListener(\"message\",d.wp.receiveEmbedMessage,!1),l.addEventListener(\"DOMContentLoaded\",function(){for(var e,t,s=l.querySelectorAll(\"iframe.wp-embedded-content\"),r=0;r<s.length;r++)(t=(e=s[r]).getAttribute(\"data-secret\"))||(t=Math.random().toString(36).substring(2,12),e.src+=\"#?secret=\"+t,e.setAttribute(\"data-secret\",t)),e.contentWindow.postMessage({message:\"ready\",secret:t},\"*\")},!1)))}(window,document);\n\/\/# sourceURL=https:\/\/blogg.svenskakyrkan.se\/vandravagen\/wp-includes\/js\/wp-embed.min.js\n\/* ]]> *\/\n<\/script>\n","description":"Jag n\u00e4mnde innan semestern att jag ska leda en pilgrimsvandring p\u00e5 sankta Helenas dag (31a juli). Nu b\u00f6rjar det n\u00e4rma sig s\u00e5 nu vill jag p\u00e5minna om den igen. Det finns redan n\u00e5gra anm\u00e4lda och vi blir g\u00e4rna fler. Det g\u00e5r enkelt till. Vi sam\u00e5ker fr\u00e5n G\u00f6tene f\u00f6rsamlingshem klockan 9.00 och startar vandringen vid Sta [&hellip;]","thumbnail_url":"http:\/\/4.bp.blogspot.com\/-8jeyaMSezN8\/Ueo-Ia2QyTI\/AAAAAAAAEd4\/4AlTgZaoLbM\/s640\/pilgrimsvandring+31:7+affisch.jpg"}