{"version":"1.0","provider_name":"Vandra V\u00e4gen","provider_url":"https:\/\/blogg.svenskakyrkan.se\/vandravagen","author_name":"Tomas Jarvid","author_url":"https:\/\/blogg.svenskakyrkan.se\/vandravagen\/author\/vandravagen\/","title":"Vad f\u00f6rest\u00e4ller bilden del XXIII - Vandra V\u00e4gen","type":"rich","width":600,"height":338,"html":"<blockquote class=\"wp-embedded-content\" data-secret=\"WKkSoCGOv2\"><a href=\"https:\/\/blogg.svenskakyrkan.se\/vandravagen\/2013\/08\/15\/vad-forestaller-bilden-del-xxiii\/\">Vad f\u00f6rest\u00e4ller bilden del XXIII<\/a><\/blockquote><iframe sandbox=\"allow-scripts\" security=\"restricted\" src=\"https:\/\/blogg.svenskakyrkan.se\/vandravagen\/2013\/08\/15\/vad-forestaller-bilden-del-xxiii\/embed\/#?secret=WKkSoCGOv2\" width=\"600\" height=\"338\" title=\"\u201dVad f\u00f6rest\u00e4ller bilden del XXIII\u201d &ndash; Vandra V\u00e4gen\" data-secret=\"WKkSoCGOv2\" frameborder=\"0\" marginwidth=\"0\" marginheight=\"0\" scrolling=\"no\" class=\"wp-embedded-content\"><\/iframe><script type=\"text\/javascript\">\n\/* <![CDATA[ *\/\n\/*! This file is auto-generated *\/\n!function(d,l){\"use strict\";l.querySelector&&d.addEventListener&&\"undefined\"!=typeof URL&&(d.wp=d.wp||{},d.wp.receiveEmbedMessage||(d.wp.receiveEmbedMessage=function(e){var t=e.data;if((t||t.secret||t.message||t.value)&&!\/[^a-zA-Z0-9]\/.test(t.secret)){for(var s,r,n,a=l.querySelectorAll('iframe[data-secret=\"'+t.secret+'\"]'),o=l.querySelectorAll('blockquote[data-secret=\"'+t.secret+'\"]'),c=new RegExp(\"^https?:$\",\"i\"),i=0;i<o.length;i++)o[i].style.display=\"none\";for(i=0;i<a.length;i++)s=a[i],e.source===s.contentWindow&&(s.removeAttribute(\"style\"),\"height\"===t.message?(1e3<(r=parseInt(t.value,10))?r=1e3:~~r<200&&(r=200),s.height=r):\"link\"===t.message&&(r=new URL(s.getAttribute(\"src\")),n=new URL(t.value),c.test(n.protocol))&&n.host===r.host&&l.activeElement===s&&(d.top.location.href=t.value))}},d.addEventListener(\"message\",d.wp.receiveEmbedMessage,!1),l.addEventListener(\"DOMContentLoaded\",function(){for(var e,t,s=l.querySelectorAll(\"iframe.wp-embedded-content\"),r=0;r<s.length;r++)(t=(e=s[r]).getAttribute(\"data-secret\"))||(t=Math.random().toString(36).substring(2,12),e.src+=\"#?secret=\"+t,e.setAttribute(\"data-secret\",t)),e.contentWindow.postMessage({message:\"ready\",secret:t},\"*\")},!1)))}(window,document);\n\/\/# sourceURL=https:\/\/blogg.svenskakyrkan.se\/vandravagen\/wp-includes\/js\/wp-embed.min.js\n\/* ]]> *\/\n<\/script>\n","description":"F\u00f6rra bildg\u00e5tan s\u00e5g ut s\u00e5h\u00e4r. Jag hade den l\u00e4nge p\u00e5 v\u00e4ggen som student och det kanske var ett rimligt val eftersom den handlar om att f\u00e5 ett uppdrag av Gud. En \u00e4ngel s\u00f6ker upp den unga Maria och h\u00e4lsar henne som h\u00f6gt ben\u00e5dad. &#8221;Var inte r\u00e4dd&#8221; s\u00e4ger den, du har funnit n\u00e5d hos Gud och [&hellip;]","thumbnail_url":"http:\/\/1.bp.blogspot.com\/-248cyaVXCjI\/Ugx_4u8zcMI\/AAAAAAAAE08\/WQ-5wt3EH_0\/s400\/IMG_3548.jpg"}