{"version":"1.0","provider_name":"Vandra V\u00e4gen","provider_url":"https:\/\/blogg.svenskakyrkan.se\/vandravagen","author_name":"Tomas Jarvid","author_url":"https:\/\/blogg.svenskakyrkan.se\/vandravagen\/author\/vandravagen\/","title":"Gravallvarligt IV; V\u00e4ttl\u00f6sa igen - Vandra V\u00e4gen","type":"rich","width":600,"height":338,"html":"<blockquote class=\"wp-embedded-content\" data-secret=\"K12VZU1yth\"><a href=\"https:\/\/blogg.svenskakyrkan.se\/vandravagen\/2013\/08\/29\/gravallvarligt-iv-vattlosa-igen\/\">Gravallvarligt IV; V\u00e4ttl\u00f6sa igen<\/a><\/blockquote><iframe sandbox=\"allow-scripts\" security=\"restricted\" src=\"https:\/\/blogg.svenskakyrkan.se\/vandravagen\/2013\/08\/29\/gravallvarligt-iv-vattlosa-igen\/embed\/#?secret=K12VZU1yth\" width=\"600\" height=\"338\" title=\"\u201dGravallvarligt IV; V\u00e4ttl\u00f6sa igen\u201d &ndash; Vandra V\u00e4gen\" data-secret=\"K12VZU1yth\" frameborder=\"0\" marginwidth=\"0\" marginheight=\"0\" scrolling=\"no\" class=\"wp-embedded-content\"><\/iframe><script type=\"text\/javascript\">\n\/* <![CDATA[ *\/\n\/*! This file is auto-generated *\/\n!function(d,l){\"use strict\";l.querySelector&&d.addEventListener&&\"undefined\"!=typeof URL&&(d.wp=d.wp||{},d.wp.receiveEmbedMessage||(d.wp.receiveEmbedMessage=function(e){var t=e.data;if((t||t.secret||t.message||t.value)&&!\/[^a-zA-Z0-9]\/.test(t.secret)){for(var s,r,n,a=l.querySelectorAll('iframe[data-secret=\"'+t.secret+'\"]'),o=l.querySelectorAll('blockquote[data-secret=\"'+t.secret+'\"]'),c=new RegExp(\"^https?:$\",\"i\"),i=0;i<o.length;i++)o[i].style.display=\"none\";for(i=0;i<a.length;i++)s=a[i],e.source===s.contentWindow&&(s.removeAttribute(\"style\"),\"height\"===t.message?(1e3<(r=parseInt(t.value,10))?r=1e3:~~r<200&&(r=200),s.height=r):\"link\"===t.message&&(r=new URL(s.getAttribute(\"src\")),n=new URL(t.value),c.test(n.protocol))&&n.host===r.host&&l.activeElement===s&&(d.top.location.href=t.value))}},d.addEventListener(\"message\",d.wp.receiveEmbedMessage,!1),l.addEventListener(\"DOMContentLoaded\",function(){for(var e,t,s=l.querySelectorAll(\"iframe.wp-embedded-content\"),r=0;r<s.length;r++)(t=(e=s[r]).getAttribute(\"data-secret\"))||(t=Math.random().toString(36).substring(2,12),e.src+=\"#?secret=\"+t,e.setAttribute(\"data-secret\",t)),e.contentWindow.postMessage({message:\"ready\",secret:t},\"*\")},!1)))}(window,document);\n\/\/# sourceURL=https:\/\/blogg.svenskakyrkan.se\/vandravagen\/wp-includes\/js\/wp-embed.min.js\n\/* ]]> *\/\n<\/script>\n","description":"Gravstenar och det som st\u00e5r p\u00e5 dem har varit f\u00f6rem\u00e5l f\u00f6r en del bloggposter h\u00e4r p\u00e5 Vandra V\u00e4gen. Nu \u00e4r turen kommen till en som jag l\u00e4nge velat skriva om. Den st\u00e5r ut mot muren mot parkeringen p\u00e5 V\u00e4ttl\u00f6sa kyrkog\u00e5rd (precis som stenen med &#8221;h\u00e4r vilar oskulden&#8221;). Stenen \u00e4r anonym och jag har inte en [&hellip;]","thumbnail_url":"http:\/\/3.bp.blogspot.com\/-sHFsSz7nmYQ\/UhkDDppq3RI\/AAAAAAAAE8g\/M81VOS0hOFM\/s640\/gravsten+va%CC%88ttlo%CC%88sa.jpg"}