{"version":"1.0","provider_name":"Vandra V\u00e4gen","provider_url":"https:\/\/blogg.svenskakyrkan.se\/vandravagen","author_name":"Tomas Jarvid","author_url":"https:\/\/blogg.svenskakyrkan.se\/vandravagen\/author\/vandravagen\/","title":"Vad f\u00f6rest\u00e4ller bilden del XXIV - Vandra V\u00e4gen","type":"rich","width":600,"height":338,"html":"<blockquote class=\"wp-embedded-content\" data-secret=\"ULQWfeYAPZ\"><a href=\"https:\/\/blogg.svenskakyrkan.se\/vandravagen\/2013\/08\/29\/vad-forestaller-bilden-del-xxiv\/\">Vad f\u00f6rest\u00e4ller bilden del XXIV<\/a><\/blockquote><iframe sandbox=\"allow-scripts\" security=\"restricted\" src=\"https:\/\/blogg.svenskakyrkan.se\/vandravagen\/2013\/08\/29\/vad-forestaller-bilden-del-xxiv\/embed\/#?secret=ULQWfeYAPZ\" width=\"600\" height=\"338\" title=\"\u201dVad f\u00f6rest\u00e4ller bilden del XXIV\u201d &ndash; Vandra V\u00e4gen\" data-secret=\"ULQWfeYAPZ\" frameborder=\"0\" marginwidth=\"0\" marginheight=\"0\" scrolling=\"no\" class=\"wp-embedded-content\"><\/iframe><script type=\"text\/javascript\">\n\/* <![CDATA[ *\/\n\/*! This file is auto-generated *\/\n!function(d,l){\"use strict\";l.querySelector&&d.addEventListener&&\"undefined\"!=typeof URL&&(d.wp=d.wp||{},d.wp.receiveEmbedMessage||(d.wp.receiveEmbedMessage=function(e){var t=e.data;if((t||t.secret||t.message||t.value)&&!\/[^a-zA-Z0-9]\/.test(t.secret)){for(var s,r,n,a=l.querySelectorAll('iframe[data-secret=\"'+t.secret+'\"]'),o=l.querySelectorAll('blockquote[data-secret=\"'+t.secret+'\"]'),c=new RegExp(\"^https?:$\",\"i\"),i=0;i<o.length;i++)o[i].style.display=\"none\";for(i=0;i<a.length;i++)s=a[i],e.source===s.contentWindow&&(s.removeAttribute(\"style\"),\"height\"===t.message?(1e3<(r=parseInt(t.value,10))?r=1e3:~~r<200&&(r=200),s.height=r):\"link\"===t.message&&(r=new URL(s.getAttribute(\"src\")),n=new URL(t.value),c.test(n.protocol))&&n.host===r.host&&l.activeElement===s&&(d.top.location.href=t.value))}},d.addEventListener(\"message\",d.wp.receiveEmbedMessage,!1),l.addEventListener(\"DOMContentLoaded\",function(){for(var e,t,s=l.querySelectorAll(\"iframe.wp-embedded-content\"),r=0;r<s.length;r++)(t=(e=s[r]).getAttribute(\"data-secret\"))||(t=Math.random().toString(36).substring(2,12),e.src+=\"#?secret=\"+t,e.setAttribute(\"data-secret\",t)),e.contentWindow.postMessage({message:\"ready\",secret:t},\"*\")},!1)))}(window,document);\n\/\/# sourceURL=https:\/\/blogg.svenskakyrkan.se\/vandravagen\/wp-includes\/js\/wp-embed.min.js\n\/* ]]> *\/\n<\/script>\n","description":"Vips s\u00e5 hade det g\u00e5tt tv\u00e5 veckor sedan senaste bildg\u00e5tan, hur gick det till? Det verkar dessutom vara s\u00e5 l\u00e4nge sedan att jag inte kan se p\u00e5 facebook vem som svarade vad, illa, illa! Ni som vet att ni svarat r\u00e4tt kan ju ber\u00e4tta det f\u00f6r n\u00e5gon i er omgivning och mottaga deras respekt. Eller [&hellip;]","thumbnail_url":"http:\/\/1.bp.blogspot.com\/-PY_EycJlRiE\/Uh7vRCiemPI\/AAAAAAAAFC4\/W_MOaJRLhFc\/s640\/IMG_3550b.jpg"}