{"version":"1.0","provider_name":"Vandra V\u00e4gen","provider_url":"https:\/\/blogg.svenskakyrkan.se\/vandravagen","author_name":"Tomas Jarvid","author_url":"https:\/\/blogg.svenskakyrkan.se\/vandravagen\/author\/vandravagen\/","title":"Kyrka mot egoism - Vandra V\u00e4gen","type":"rich","width":600,"height":338,"html":"<blockquote class=\"wp-embedded-content\" data-secret=\"xR5i5htDwY\"><a href=\"https:\/\/blogg.svenskakyrkan.se\/vandravagen\/2013\/09\/06\/kyrka-mot-egoism\/\">Kyrka mot egoism<\/a><\/blockquote><iframe sandbox=\"allow-scripts\" security=\"restricted\" src=\"https:\/\/blogg.svenskakyrkan.se\/vandravagen\/2013\/09\/06\/kyrka-mot-egoism\/embed\/#?secret=xR5i5htDwY\" width=\"600\" height=\"338\" title=\"\u201dKyrka mot egoism\u201d &ndash; Vandra V\u00e4gen\" data-secret=\"xR5i5htDwY\" frameborder=\"0\" marginwidth=\"0\" marginheight=\"0\" scrolling=\"no\" class=\"wp-embedded-content\"><\/iframe><script type=\"text\/javascript\">\n\/* <![CDATA[ *\/\n\/*! This file is auto-generated *\/\n!function(d,l){\"use strict\";l.querySelector&&d.addEventListener&&\"undefined\"!=typeof URL&&(d.wp=d.wp||{},d.wp.receiveEmbedMessage||(d.wp.receiveEmbedMessage=function(e){var t=e.data;if((t||t.secret||t.message||t.value)&&!\/[^a-zA-Z0-9]\/.test(t.secret)){for(var s,r,n,a=l.querySelectorAll('iframe[data-secret=\"'+t.secret+'\"]'),o=l.querySelectorAll('blockquote[data-secret=\"'+t.secret+'\"]'),c=new RegExp(\"^https?:$\",\"i\"),i=0;i<o.length;i++)o[i].style.display=\"none\";for(i=0;i<a.length;i++)s=a[i],e.source===s.contentWindow&&(s.removeAttribute(\"style\"),\"height\"===t.message?(1e3<(r=parseInt(t.value,10))?r=1e3:~~r<200&&(r=200),s.height=r):\"link\"===t.message&&(r=new URL(s.getAttribute(\"src\")),n=new URL(t.value),c.test(n.protocol))&&n.host===r.host&&l.activeElement===s&&(d.top.location.href=t.value))}},d.addEventListener(\"message\",d.wp.receiveEmbedMessage,!1),l.addEventListener(\"DOMContentLoaded\",function(){for(var e,t,s=l.querySelectorAll(\"iframe.wp-embedded-content\"),r=0;r<s.length;r++)(t=(e=s[r]).getAttribute(\"data-secret\"))||(t=Math.random().toString(36).substring(2,12),e.src+=\"#?secret=\"+t,e.setAttribute(\"data-secret\",t)),e.contentWindow.postMessage({message:\"ready\",secret:t},\"*\")},!1)))}(window,document);\n\/\/# sourceURL=https:\/\/blogg.svenskakyrkan.se\/vandravagen\/wp-includes\/js\/wp-embed.min.js\n\/* ]]> *\/\n<\/script>\n","description":"Elisabeth Christiansson och \u00c5ke Bonnier Elisabeth Christiansson \u00e4r teologie doktor och prefekt p\u00e5 Ersta Sk\u00f6ndals diakoniinstitut. Hon talade p\u00e5 pr\u00e4st och diakonm\u00f6tet i Bor\u00e5s om diakoniarbetets f\u00f6ruts\u00e4ttningar utifr\u00e5n teologi och omgivande samh\u00e4lle. Jag kokar ner det kraftigt till det jag tycker br\u00e4nde till. Efter mycket klokt om de historiska f\u00f6ruts\u00e4ttningar som v\u00e5ra diakoniinstitutioner vuxit fr\u00e5n [&hellip;]","thumbnail_url":"http:\/\/1.bp.blogspot.com\/-IsXFYf6o8E0\/Uii2D4KlAnI\/AAAAAAAAFJQ\/I5PA4gErAxE\/s400\/IMG_4023.JPG"}