{"version":"1.0","provider_name":"Vandra V\u00e4gen","provider_url":"https:\/\/blogg.svenskakyrkan.se\/vandravagen","author_name":"Tomas Jarvid","author_url":"https:\/\/blogg.svenskakyrkan.se\/vandravagen\/author\/vandravagen\/","title":"Vad betyder pr\u00e4stens krage? - Vandra V\u00e4gen","type":"rich","width":600,"height":338,"html":"<blockquote class=\"wp-embedded-content\" data-secret=\"Aj0mqeyZDg\"><a href=\"https:\/\/blogg.svenskakyrkan.se\/vandravagen\/2013\/09\/07\/vad-betyder-prastens-krage\/\">Vad betyder pr\u00e4stens krage?<\/a><\/blockquote><iframe sandbox=\"allow-scripts\" security=\"restricted\" src=\"https:\/\/blogg.svenskakyrkan.se\/vandravagen\/2013\/09\/07\/vad-betyder-prastens-krage\/embed\/#?secret=Aj0mqeyZDg\" width=\"600\" height=\"338\" title=\"\u201dVad betyder pr\u00e4stens krage?\u201d &ndash; Vandra V\u00e4gen\" data-secret=\"Aj0mqeyZDg\" frameborder=\"0\" marginwidth=\"0\" marginheight=\"0\" scrolling=\"no\" class=\"wp-embedded-content\"><\/iframe><script type=\"text\/javascript\">\n\/* <![CDATA[ *\/\n\/*! This file is auto-generated *\/\n!function(d,l){\"use strict\";l.querySelector&&d.addEventListener&&\"undefined\"!=typeof URL&&(d.wp=d.wp||{},d.wp.receiveEmbedMessage||(d.wp.receiveEmbedMessage=function(e){var t=e.data;if((t||t.secret||t.message||t.value)&&!\/[^a-zA-Z0-9]\/.test(t.secret)){for(var s,r,n,a=l.querySelectorAll('iframe[data-secret=\"'+t.secret+'\"]'),o=l.querySelectorAll('blockquote[data-secret=\"'+t.secret+'\"]'),c=new RegExp(\"^https?:$\",\"i\"),i=0;i<o.length;i++)o[i].style.display=\"none\";for(i=0;i<a.length;i++)s=a[i],e.source===s.contentWindow&&(s.removeAttribute(\"style\"),\"height\"===t.message?(1e3<(r=parseInt(t.value,10))?r=1e3:~~r<200&&(r=200),s.height=r):\"link\"===t.message&&(r=new URL(s.getAttribute(\"src\")),n=new URL(t.value),c.test(n.protocol))&&n.host===r.host&&l.activeElement===s&&(d.top.location.href=t.value))}},d.addEventListener(\"message\",d.wp.receiveEmbedMessage,!1),l.addEventListener(\"DOMContentLoaded\",function(){for(var e,t,s=l.querySelectorAll(\"iframe.wp-embedded-content\"),r=0;r<s.length;r++)(t=(e=s[r]).getAttribute(\"data-secret\"))||(t=Math.random().toString(36).substring(2,12),e.src+=\"#?secret=\"+t,e.setAttribute(\"data-secret\",t)),e.contentWindow.postMessage({message:\"ready\",secret:t},\"*\")},!1)))}(window,document);\n\/\/# sourceURL=https:\/\/blogg.svenskakyrkan.se\/vandravagen\/wp-includes\/js\/wp-embed.min.js\n\/* ]]> *\/\n<\/script>\n","description":"Vad betyder egentligen pr\u00e4stens krage? Nu menar jag inte vad den har f\u00f6r ursprung och symbolik \u00e4ven om det vore intressant att f\u00f6rdjupa sig i. Idag handlar det om vad det betyder f\u00f6r dig och mig n\u00e4r vi m\u00f6ter en pr\u00e4st eller diakon i krage. Tankarna \u00e4r fr\u00e5n Sam Wells f\u00f6redrag p\u00e5 pr\u00e4st och diakonm\u00f6tet [&hellip;]","thumbnail_url":"http:\/\/4.bp.blogspot.com\/-GiSJ4Yfjous\/Uiqz0bw7DBI\/AAAAAAAAFJw\/S_MH0xIeUXw\/s640\/pra%CC%88stkrage.jpg"}