{"version":"1.0","provider_name":"Vandra V\u00e4gen","provider_url":"https:\/\/blogg.svenskakyrkan.se\/vandravagen","author_name":"Tomas Jarvid","author_url":"https:\/\/blogg.svenskakyrkan.se\/vandravagen\/author\/vandravagen\/","title":"D\u00f6den och livet i Sk\u00e4lvum - Vandra V\u00e4gen","type":"rich","width":600,"height":338,"html":"<blockquote class=\"wp-embedded-content\" data-secret=\"Rkz46ALCCq\"><a href=\"https:\/\/blogg.svenskakyrkan.se\/vandravagen\/2013\/09\/18\/doden-och-livet-i-skalvum\/\">D\u00f6den och livet i Sk\u00e4lvum<\/a><\/blockquote><iframe sandbox=\"allow-scripts\" security=\"restricted\" src=\"https:\/\/blogg.svenskakyrkan.se\/vandravagen\/2013\/09\/18\/doden-och-livet-i-skalvum\/embed\/#?secret=Rkz46ALCCq\" width=\"600\" height=\"338\" title=\"\u201dD\u00f6den och livet i Sk\u00e4lvum\u201d &ndash; Vandra V\u00e4gen\" data-secret=\"Rkz46ALCCq\" frameborder=\"0\" marginwidth=\"0\" marginheight=\"0\" scrolling=\"no\" class=\"wp-embedded-content\"><\/iframe><script type=\"text\/javascript\">\n\/* <![CDATA[ *\/\n\/*! This file is auto-generated *\/\n!function(d,l){\"use strict\";l.querySelector&&d.addEventListener&&\"undefined\"!=typeof URL&&(d.wp=d.wp||{},d.wp.receiveEmbedMessage||(d.wp.receiveEmbedMessage=function(e){var t=e.data;if((t||t.secret||t.message||t.value)&&!\/[^a-zA-Z0-9]\/.test(t.secret)){for(var s,r,n,a=l.querySelectorAll('iframe[data-secret=\"'+t.secret+'\"]'),o=l.querySelectorAll('blockquote[data-secret=\"'+t.secret+'\"]'),c=new RegExp(\"^https?:$\",\"i\"),i=0;i<o.length;i++)o[i].style.display=\"none\";for(i=0;i<a.length;i++)s=a[i],e.source===s.contentWindow&&(s.removeAttribute(\"style\"),\"height\"===t.message?(1e3<(r=parseInt(t.value,10))?r=1e3:~~r<200&&(r=200),s.height=r):\"link\"===t.message&&(r=new URL(s.getAttribute(\"src\")),n=new URL(t.value),c.test(n.protocol))&&n.host===r.host&&l.activeElement===s&&(d.top.location.href=t.value))}},d.addEventListener(\"message\",d.wp.receiveEmbedMessage,!1),l.addEventListener(\"DOMContentLoaded\",function(){for(var e,t,s=l.querySelectorAll(\"iframe.wp-embedded-content\"),r=0;r<s.length;r++)(t=(e=s[r]).getAttribute(\"data-secret\"))||(t=Math.random().toString(36).substring(2,12),e.src+=\"#?secret=\"+t,e.setAttribute(\"data-secret\",t)),e.contentWindow.postMessage({message:\"ready\",secret:t},\"*\")},!1)))}(window,document);\n\/\/# sourceURL=https:\/\/blogg.svenskakyrkan.se\/vandravagen\/wp-includes\/js\/wp-embed.min.js\n\/* ]]> *\/\n<\/script>\n","description":"Tjoho! Jag tror faktiskt n\u00e5gra har lyssnat p\u00e5 mig p\u00e5 soundcloud efter f\u00f6rra veckans predikan. Det verkar som att man f\u00e5r v\u00e4nta n\u00e5gra sekunder efter att ha tryckt p\u00e5 knappen men sedan l\u00e5ter det. Jag unders\u00f6ker andra m\u00f6jligheter att l\u00e4gga upp s\u00e5 h\u00e4r men kommentera g\u00e4rna om vad du tycker om stramade\/nedladdningsbara predikningar s\u00e5h\u00e4r. Stor [&hellip;]","thumbnail_url":"http:\/\/2.bp.blogspot.com\/-lXGwZarL10Q\/UjfXjkh_2VI\/AAAAAAAAFXo\/qKpReQ23gLI\/s400\/IMG_3865.JPG"}