{"version":"1.0","provider_name":"Vandra V\u00e4gen","provider_url":"https:\/\/blogg.svenskakyrkan.se\/vandravagen","author_name":"Tomas Jarvid","author_url":"https:\/\/blogg.svenskakyrkan.se\/vandravagen\/author\/vandravagen\/","title":"\u00c4nglarna och himlen \u00f6ver Berlin - Vandra V\u00e4gen","type":"rich","width":600,"height":338,"html":"<blockquote class=\"wp-embedded-content\" data-secret=\"byfxAbKlOv\"><a href=\"https:\/\/blogg.svenskakyrkan.se\/vandravagen\/2013\/10\/03\/anglarna-och-himlen-over-berlin\/\">\u00c4nglarna och himlen \u00f6ver Berlin<\/a><\/blockquote><iframe sandbox=\"allow-scripts\" security=\"restricted\" src=\"https:\/\/blogg.svenskakyrkan.se\/vandravagen\/2013\/10\/03\/anglarna-och-himlen-over-berlin\/embed\/#?secret=byfxAbKlOv\" width=\"600\" height=\"338\" title=\"\u201d\u00c4nglarna och himlen \u00f6ver Berlin\u201d &ndash; Vandra V\u00e4gen\" data-secret=\"byfxAbKlOv\" frameborder=\"0\" marginwidth=\"0\" marginheight=\"0\" scrolling=\"no\" class=\"wp-embedded-content\"><\/iframe><script type=\"text\/javascript\">\n\/* <![CDATA[ *\/\n\/*! This file is auto-generated *\/\n!function(d,l){\"use strict\";l.querySelector&&d.addEventListener&&\"undefined\"!=typeof URL&&(d.wp=d.wp||{},d.wp.receiveEmbedMessage||(d.wp.receiveEmbedMessage=function(e){var t=e.data;if((t||t.secret||t.message||t.value)&&!\/[^a-zA-Z0-9]\/.test(t.secret)){for(var s,r,n,a=l.querySelectorAll('iframe[data-secret=\"'+t.secret+'\"]'),o=l.querySelectorAll('blockquote[data-secret=\"'+t.secret+'\"]'),c=new RegExp(\"^https?:$\",\"i\"),i=0;i<o.length;i++)o[i].style.display=\"none\";for(i=0;i<a.length;i++)s=a[i],e.source===s.contentWindow&&(s.removeAttribute(\"style\"),\"height\"===t.message?(1e3<(r=parseInt(t.value,10))?r=1e3:~~r<200&&(r=200),s.height=r):\"link\"===t.message&&(r=new URL(s.getAttribute(\"src\")),n=new URL(t.value),c.test(n.protocol))&&n.host===r.host&&l.activeElement===s&&(d.top.location.href=t.value))}},d.addEventListener(\"message\",d.wp.receiveEmbedMessage,!1),l.addEventListener(\"DOMContentLoaded\",function(){for(var e,t,s=l.querySelectorAll(\"iframe.wp-embedded-content\"),r=0;r<s.length;r++)(t=(e=s[r]).getAttribute(\"data-secret\"))||(t=Math.random().toString(36).substring(2,12),e.src+=\"#?secret=\"+t,e.setAttribute(\"data-secret\",t)),e.contentWindow.postMessage({message:\"ready\",secret:t},\"*\")},!1)))}(window,document);\n\/\/# sourceURL=https:\/\/blogg.svenskakyrkan.se\/vandravagen\/wp-includes\/js\/wp-embed.min.js\n\/* ]]> *\/\n<\/script>\n","description":"\u00c4ngel i \u00f6verrock i Berlin I s\u00f6ndags var det Mikaelidagen i kyrko\u00e5ret, den dag d\u00e5 &#8221;\u00e4nglarna&#8221; \u00e4r temat f\u00f6r texterna. Det \u00e4r r\u00e4tt olika f\u00f6r olika personer hur mycket man t\u00e4nker p\u00e5 eller intresserar sig f\u00f6r \u00e4nglar. Jag har en misstanke om att det paradoxalt nog kan vara s\u00e5 att \u00e4nglar \u00e4r mer popul\u00e4ra i [&hellip;]","thumbnail_url":"http:\/\/3.bp.blogspot.com\/-dgVuXx6Pf04\/Uk0Ib6O8wtI\/AAAAAAAAFlI\/bMUdLY1sCdA\/s400\/himmel+o%CC%88ver+berlin.jpg"}