{"version":"1.0","provider_name":"Vandra V\u00e4gen","provider_url":"https:\/\/blogg.svenskakyrkan.se\/vandravagen","author_name":"Tomas Jarvid","author_url":"https:\/\/blogg.svenskakyrkan.se\/vandravagen\/author\/vandravagen\/","title":"B\u00f6n och att jollra som ett barn - Vandra V\u00e4gen","type":"rich","width":600,"height":338,"html":"<blockquote class=\"wp-embedded-content\" data-secret=\"tx72sXSORx\"><a href=\"https:\/\/blogg.svenskakyrkan.se\/vandravagen\/2013\/10\/04\/bon-och-att-jollra-som-ett-barn\/\">B\u00f6n och att jollra som ett barn<\/a><\/blockquote><iframe sandbox=\"allow-scripts\" security=\"restricted\" src=\"https:\/\/blogg.svenskakyrkan.se\/vandravagen\/2013\/10\/04\/bon-och-att-jollra-som-ett-barn\/embed\/#?secret=tx72sXSORx\" width=\"600\" height=\"338\" title=\"\u201dB\u00f6n och att jollra som ett barn\u201d &ndash; Vandra V\u00e4gen\" data-secret=\"tx72sXSORx\" frameborder=\"0\" marginwidth=\"0\" marginheight=\"0\" scrolling=\"no\" class=\"wp-embedded-content\"><\/iframe><script type=\"text\/javascript\">\n\/* <![CDATA[ *\/\n\/*! This file is auto-generated *\/\n!function(d,l){\"use strict\";l.querySelector&&d.addEventListener&&\"undefined\"!=typeof URL&&(d.wp=d.wp||{},d.wp.receiveEmbedMessage||(d.wp.receiveEmbedMessage=function(e){var t=e.data;if((t||t.secret||t.message||t.value)&&!\/[^a-zA-Z0-9]\/.test(t.secret)){for(var s,r,n,a=l.querySelectorAll('iframe[data-secret=\"'+t.secret+'\"]'),o=l.querySelectorAll('blockquote[data-secret=\"'+t.secret+'\"]'),c=new RegExp(\"^https?:$\",\"i\"),i=0;i<o.length;i++)o[i].style.display=\"none\";for(i=0;i<a.length;i++)s=a[i],e.source===s.contentWindow&&(s.removeAttribute(\"style\"),\"height\"===t.message?(1e3<(r=parseInt(t.value,10))?r=1e3:~~r<200&&(r=200),s.height=r):\"link\"===t.message&&(r=new URL(s.getAttribute(\"src\")),n=new URL(t.value),c.test(n.protocol))&&n.host===r.host&&l.activeElement===s&&(d.top.location.href=t.value))}},d.addEventListener(\"message\",d.wp.receiveEmbedMessage,!1),l.addEventListener(\"DOMContentLoaded\",function(){for(var e,t,s=l.querySelectorAll(\"iframe.wp-embedded-content\"),r=0;r<s.length;r++)(t=(e=s[r]).getAttribute(\"data-secret\"))||(t=Math.random().toString(36).substring(2,12),e.src+=\"#?secret=\"+t,e.setAttribute(\"data-secret\",t)),e.contentWindow.postMessage({message:\"ready\",secret:t},\"*\")},!1)))}(window,document);\n\/\/# sourceURL=https:\/\/blogg.svenskakyrkan.se\/vandravagen\/wp-includes\/js\/wp-embed.min.js\n\/* ]]> *\/\n<\/script>\n","description":"Att ha sm\u00e5barn hemma har gett mig en ny insikt om b\u00f6n. Innan v\u00e5r \u00e4ldsta dotter kunde tala fick jag \u00e4nd\u00e5 ofta f\u00f6r mig att hon kunde det. Jag tyckte att jag f\u00f6rstod s\u00e5 v\u00e4l vad det var hon f\u00f6rs\u00f6kte s\u00e4ga till mig att det k\u00e4ndes som att hon hade sagt det till mig.\u00a0 S\u00e5 [&hellip;]","thumbnail_url":"http:\/\/3.bp.blogspot.com\/-VyMD0ZPhJBg\/Uk0UsIkLQAI\/AAAAAAAAFlY\/p0YAuVDxOGQ\/s640\/IMG_1084.jpg"}