{"version":"1.0","provider_name":"Vandra V\u00e4gen","provider_url":"https:\/\/blogg.svenskakyrkan.se\/vandravagen","author_name":"Tomas Jarvid","author_url":"https:\/\/blogg.svenskakyrkan.se\/vandravagen\/author\/vandravagen\/","title":"R\u00e4tt svar p\u00e5 bildg\u00e5ta XXVI! - Vandra V\u00e4gen","type":"rich","width":600,"height":338,"html":"<blockquote class=\"wp-embedded-content\" data-secret=\"tqR7bLIDPY\"><a href=\"https:\/\/blogg.svenskakyrkan.se\/vandravagen\/2013\/10\/04\/ratt-svar-pa-bildgata-xxvi\/\">R\u00e4tt svar p\u00e5 bildg\u00e5ta XXVI!<\/a><\/blockquote><iframe sandbox=\"allow-scripts\" security=\"restricted\" src=\"https:\/\/blogg.svenskakyrkan.se\/vandravagen\/2013\/10\/04\/ratt-svar-pa-bildgata-xxvi\/embed\/#?secret=tqR7bLIDPY\" width=\"600\" height=\"338\" title=\"\u201dR\u00e4tt svar p\u00e5 bildg\u00e5ta XXVI!\u201d &ndash; Vandra V\u00e4gen\" data-secret=\"tqR7bLIDPY\" frameborder=\"0\" marginwidth=\"0\" marginheight=\"0\" scrolling=\"no\" class=\"wp-embedded-content\"><\/iframe><script type=\"text\/javascript\">\n\/* <![CDATA[ *\/\n\/*! This file is auto-generated *\/\n!function(d,l){\"use strict\";l.querySelector&&d.addEventListener&&\"undefined\"!=typeof URL&&(d.wp=d.wp||{},d.wp.receiveEmbedMessage||(d.wp.receiveEmbedMessage=function(e){var t=e.data;if((t||t.secret||t.message||t.value)&&!\/[^a-zA-Z0-9]\/.test(t.secret)){for(var s,r,n,a=l.querySelectorAll('iframe[data-secret=\"'+t.secret+'\"]'),o=l.querySelectorAll('blockquote[data-secret=\"'+t.secret+'\"]'),c=new RegExp(\"^https?:$\",\"i\"),i=0;i<o.length;i++)o[i].style.display=\"none\";for(i=0;i<a.length;i++)s=a[i],e.source===s.contentWindow&&(s.removeAttribute(\"style\"),\"height\"===t.message?(1e3<(r=parseInt(t.value,10))?r=1e3:~~r<200&&(r=200),s.height=r):\"link\"===t.message&&(r=new URL(s.getAttribute(\"src\")),n=new URL(t.value),c.test(n.protocol))&&n.host===r.host&&l.activeElement===s&&(d.top.location.href=t.value))}},d.addEventListener(\"message\",d.wp.receiveEmbedMessage,!1),l.addEventListener(\"DOMContentLoaded\",function(){for(var e,t,s=l.querySelectorAll(\"iframe.wp-embedded-content\"),r=0;r<s.length;r++)(t=(e=s[r]).getAttribute(\"data-secret\"))||(t=Math.random().toString(36).substring(2,12),e.src+=\"#?secret=\"+t,e.setAttribute(\"data-secret\",t)),e.contentWindow.postMessage({message:\"ready\",secret:t},\"*\")},!1)))}(window,document);\n\/\/# sourceURL=https:\/\/blogg.svenskakyrkan.se\/vandravagen\/wp-includes\/js\/wp-embed.min.js\n\/* ]]> *\/\n<\/script>\n","description":"Som Simon och flera andra visste f\u00f6rest\u00e4ller den h\u00e4r bilden (ur en barnbibel) hur Jesus ger syn \u00e5t en blindf\u00f6dd man (notera solglas\u00f6gonen och k\u00e4ppen) genom att stryka lera p\u00e5 \u00f6gonen och sedan l\u00e5ta honom tv\u00e4tta sig i Siloadammen. I samband med detta \u00e4r det en fr\u00e4n diskussion om huruvida det \u00e4r p\u00e5 grund av [&hellip;]","thumbnail_url":"http:\/\/4.bp.blogspot.com\/--X89AWwvGIM\/Uk5XF1Qo5rI\/AAAAAAAAFlo\/sj99Pmw3jV4\/s640\/IMG_4083.jpg"}