{"version":"1.0","provider_name":"Vandra V\u00e4gen","provider_url":"https:\/\/blogg.svenskakyrkan.se\/vandravagen","author_name":"Tomas Jarvid","author_url":"https:\/\/blogg.svenskakyrkan.se\/vandravagen\/author\/vandravagen\/","title":"Synden blir man inte av med - Vandra V\u00e4gen","type":"rich","width":600,"height":338,"html":"<blockquote class=\"wp-embedded-content\" data-secret=\"vG1vOvow35\"><a href=\"https:\/\/blogg.svenskakyrkan.se\/vandravagen\/2013\/10\/05\/synden-blir-man-inte-av-med\/\">Synden blir man inte av med<\/a><\/blockquote><iframe sandbox=\"allow-scripts\" security=\"restricted\" src=\"https:\/\/blogg.svenskakyrkan.se\/vandravagen\/2013\/10\/05\/synden-blir-man-inte-av-med\/embed\/#?secret=vG1vOvow35\" width=\"600\" height=\"338\" title=\"\u201dSynden blir man inte av med\u201d &ndash; Vandra V\u00e4gen\" data-secret=\"vG1vOvow35\" frameborder=\"0\" marginwidth=\"0\" marginheight=\"0\" scrolling=\"no\" class=\"wp-embedded-content\"><\/iframe><script type=\"text\/javascript\">\n\/* <![CDATA[ *\/\n\/*! This file is auto-generated *\/\n!function(d,l){\"use strict\";l.querySelector&&d.addEventListener&&\"undefined\"!=typeof URL&&(d.wp=d.wp||{},d.wp.receiveEmbedMessage||(d.wp.receiveEmbedMessage=function(e){var t=e.data;if((t||t.secret||t.message||t.value)&&!\/[^a-zA-Z0-9]\/.test(t.secret)){for(var s,r,n,a=l.querySelectorAll('iframe[data-secret=\"'+t.secret+'\"]'),o=l.querySelectorAll('blockquote[data-secret=\"'+t.secret+'\"]'),c=new RegExp(\"^https?:$\",\"i\"),i=0;i<o.length;i++)o[i].style.display=\"none\";for(i=0;i<a.length;i++)s=a[i],e.source===s.contentWindow&&(s.removeAttribute(\"style\"),\"height\"===t.message?(1e3<(r=parseInt(t.value,10))?r=1e3:~~r<200&&(r=200),s.height=r):\"link\"===t.message&&(r=new URL(s.getAttribute(\"src\")),n=new URL(t.value),c.test(n.protocol))&&n.host===r.host&&l.activeElement===s&&(d.top.location.href=t.value))}},d.addEventListener(\"message\",d.wp.receiveEmbedMessage,!1),l.addEventListener(\"DOMContentLoaded\",function(){for(var e,t,s=l.querySelectorAll(\"iframe.wp-embedded-content\"),r=0;r<s.length;r++)(t=(e=s[r]).getAttribute(\"data-secret\"))||(t=Math.random().toString(36).substring(2,12),e.src+=\"#?secret=\"+t,e.setAttribute(\"data-secret\",t)),e.contentWindow.postMessage({message:\"ready\",secret:t},\"*\")},!1)))}(window,document);\n\/\/# sourceURL=https:\/\/blogg.svenskakyrkan.se\/vandravagen\/wp-includes\/js\/wp-embed.min.js\n\/* ]]> *\/\n<\/script>\n","description":"Dj\u00e4vulen och d\u00f6dens gap i Sk\u00e4lvums kyrka, ondskan v\u00e4ldigt konkret skildrad! Idag vill jag dela ett citat. Egentligen \u00e4r det ett \u00e4mne som jag verkligen borde g\u00e5 till botten med h\u00e4r p\u00e5 bloggen men det f\u00e5r dr\u00f6ja. Begreppet &#8221;synd&#8221; \u00e4r sv\u00e5rt f\u00f6r m\u00e5nga att hantera idag. Ofta verkar ordet anv\u00e4ndas om antingen sex eller bakverk [&hellip;]","thumbnail_url":"http:\/\/4.bp.blogspot.com\/-kVTMGEt_1Sg\/Uk-gRjMYBgI\/AAAAAAAAFl4\/YRHMHOLgjJ0\/s640\/do%CC%88dens+gap.jpg"}