{"version":"1.0","provider_name":"Vandra V\u00e4gen","provider_url":"https:\/\/blogg.svenskakyrkan.se\/vandravagen","author_name":"Tomas Jarvid","author_url":"https:\/\/blogg.svenskakyrkan.se\/vandravagen\/author\/vandravagen\/","title":"8X bra l\u00e4sning fr\u00e5n annat h\u00e5ll - Vandra V\u00e4gen","type":"rich","width":600,"height":338,"html":"<blockquote class=\"wp-embedded-content\" data-secret=\"lYoWpU8md8\"><a href=\"https:\/\/blogg.svenskakyrkan.se\/vandravagen\/2013\/10\/16\/8x-bra-lasning-fran-annat-hall\/\">8X bra l\u00e4sning fr\u00e5n annat h\u00e5ll<\/a><\/blockquote><iframe sandbox=\"allow-scripts\" security=\"restricted\" src=\"https:\/\/blogg.svenskakyrkan.se\/vandravagen\/2013\/10\/16\/8x-bra-lasning-fran-annat-hall\/embed\/#?secret=lYoWpU8md8\" width=\"600\" height=\"338\" title=\"\u201d8X bra l\u00e4sning fr\u00e5n annat h\u00e5ll\u201d &ndash; Vandra V\u00e4gen\" data-secret=\"lYoWpU8md8\" frameborder=\"0\" marginwidth=\"0\" marginheight=\"0\" scrolling=\"no\" class=\"wp-embedded-content\"><\/iframe><script type=\"text\/javascript\">\n\/* <![CDATA[ *\/\n\/*! This file is auto-generated *\/\n!function(d,l){\"use strict\";l.querySelector&&d.addEventListener&&\"undefined\"!=typeof URL&&(d.wp=d.wp||{},d.wp.receiveEmbedMessage||(d.wp.receiveEmbedMessage=function(e){var t=e.data;if((t||t.secret||t.message||t.value)&&!\/[^a-zA-Z0-9]\/.test(t.secret)){for(var s,r,n,a=l.querySelectorAll('iframe[data-secret=\"'+t.secret+'\"]'),o=l.querySelectorAll('blockquote[data-secret=\"'+t.secret+'\"]'),c=new RegExp(\"^https?:$\",\"i\"),i=0;i<o.length;i++)o[i].style.display=\"none\";for(i=0;i<a.length;i++)s=a[i],e.source===s.contentWindow&&(s.removeAttribute(\"style\"),\"height\"===t.message?(1e3<(r=parseInt(t.value,10))?r=1e3:~~r<200&&(r=200),s.height=r):\"link\"===t.message&&(r=new URL(s.getAttribute(\"src\")),n=new URL(t.value),c.test(n.protocol))&&n.host===r.host&&l.activeElement===s&&(d.top.location.href=t.value))}},d.addEventListener(\"message\",d.wp.receiveEmbedMessage,!1),l.addEventListener(\"DOMContentLoaded\",function(){for(var e,t,s=l.querySelectorAll(\"iframe.wp-embedded-content\"),r=0;r<s.length;r++)(t=(e=s[r]).getAttribute(\"data-secret\"))||(t=Math.random().toString(36).substring(2,12),e.src+=\"#?secret=\"+t,e.setAttribute(\"data-secret\",t)),e.contentWindow.postMessage({message:\"ready\",secret:t},\"*\")},!1)))}(window,document);\n\/\/# sourceURL=https:\/\/blogg.svenskakyrkan.se\/vandravagen\/wp-includes\/js\/wp-embed.min.js\n\/* ]]> *\/\n<\/script>\n","description":"P\u00e5 annat h\u00e5ll kanske n\u00e5gon just nu blir lyft i huvudet av en elefant? D\u00e5 och d\u00e5 h\u00e5ller jag snattran till f\u00f6rm\u00e5n f\u00f6r andra, det f\u00f6rekommer ocks\u00e5 p\u00e5 bloggen. H\u00e4r \u00e4r l\u00e4nkar till kloka och intressanta tankar p\u00e5 annat h\u00e5ll. Jag tycker de alla \u00e4r v\u00e4rda ett klick! J\u00e4mf\u00f6relses v\u00e5ndaEmelie skriver om avundsjukan n\u00e4r n\u00e5gon [&hellip;]","thumbnail_url":"http:\/\/1.bp.blogspot.com\/-L7dMSvbafkA\/UlzfwtzOItI\/AAAAAAAAFtg\/8aA8vko6IqQ\/s640\/IMG_4067.JPG"}