{"version":"1.0","provider_name":"Vandra V\u00e4gen","provider_url":"https:\/\/blogg.svenskakyrkan.se\/vandravagen","author_name":"Tomas Jarvid","author_url":"https:\/\/blogg.svenskakyrkan.se\/vandravagen\/author\/vandravagen\/","title":"F\u00e5r man ta kort p\u00e5 gudstj\u00e4nster? - Vandra V\u00e4gen","type":"rich","width":600,"height":338,"html":"<blockquote class=\"wp-embedded-content\" data-secret=\"y0Tk9pdLvm\"><a href=\"https:\/\/blogg.svenskakyrkan.se\/vandravagen\/2013\/10\/22\/far-man-ta-kort-pa-gudstjanster\/\">F\u00e5r man ta kort p\u00e5 gudstj\u00e4nster?<\/a><\/blockquote><iframe sandbox=\"allow-scripts\" security=\"restricted\" src=\"https:\/\/blogg.svenskakyrkan.se\/vandravagen\/2013\/10\/22\/far-man-ta-kort-pa-gudstjanster\/embed\/#?secret=y0Tk9pdLvm\" width=\"600\" height=\"338\" title=\"\u201dF\u00e5r man ta kort p\u00e5 gudstj\u00e4nster?\u201d &ndash; Vandra V\u00e4gen\" data-secret=\"y0Tk9pdLvm\" frameborder=\"0\" marginwidth=\"0\" marginheight=\"0\" scrolling=\"no\" class=\"wp-embedded-content\"><\/iframe><script type=\"text\/javascript\">\n\/* <![CDATA[ *\/\n\/*! This file is auto-generated *\/\n!function(d,l){\"use strict\";l.querySelector&&d.addEventListener&&\"undefined\"!=typeof URL&&(d.wp=d.wp||{},d.wp.receiveEmbedMessage||(d.wp.receiveEmbedMessage=function(e){var t=e.data;if((t||t.secret||t.message||t.value)&&!\/[^a-zA-Z0-9]\/.test(t.secret)){for(var s,r,n,a=l.querySelectorAll('iframe[data-secret=\"'+t.secret+'\"]'),o=l.querySelectorAll('blockquote[data-secret=\"'+t.secret+'\"]'),c=new RegExp(\"^https?:$\",\"i\"),i=0;i<o.length;i++)o[i].style.display=\"none\";for(i=0;i<a.length;i++)s=a[i],e.source===s.contentWindow&&(s.removeAttribute(\"style\"),\"height\"===t.message?(1e3<(r=parseInt(t.value,10))?r=1e3:~~r<200&&(r=200),s.height=r):\"link\"===t.message&&(r=new URL(s.getAttribute(\"src\")),n=new URL(t.value),c.test(n.protocol))&&n.host===r.host&&l.activeElement===s&&(d.top.location.href=t.value))}},d.addEventListener(\"message\",d.wp.receiveEmbedMessage,!1),l.addEventListener(\"DOMContentLoaded\",function(){for(var e,t,s=l.querySelectorAll(\"iframe.wp-embedded-content\"),r=0;r<s.length;r++)(t=(e=s[r]).getAttribute(\"data-secret\"))||(t=Math.random().toString(36).substring(2,12),e.src+=\"#?secret=\"+t,e.setAttribute(\"data-secret\",t)),e.contentWindow.postMessage({message:\"ready\",secret:t},\"*\")},!1)))}(window,document);\n\/\/# sourceURL=https:\/\/blogg.svenskakyrkan.se\/vandravagen\/wp-includes\/js\/wp-embed.min.js\n\/* ]]> *\/\n<\/script>\n","description":"Fotad p\u00e5 gudstj\u00e4nst, ser lite st\u00f6rd ut? Det fotograferas mycket p\u00e5 gudstj\u00e4nster nu f\u00f6r tiden. D\u00e5 t\u00e4nker jag inte p\u00e5 att folk vill ha samlarbilder p\u00e5 pr\u00e4sten (det har inte blivit n\u00e5got stort problem f\u00f6r mig \u00e4n i alla fall?) utan framf\u00f6rallt fotgrafering p\u00e5 dop och br\u00f6llop. Jag brukar f\u00f6rs\u00f6ka s\u00e4ga till i b\u00f6rjan p\u00e5 [&hellip;]","thumbnail_url":"http:\/\/1.bp.blogspot.com\/-d1r1hMN8Ms0\/UmYKyR9R53I\/AAAAAAAAFwg\/fqqXi6fvI4w\/s400\/IMG_2964.jpg"}