{"version":"1.0","provider_name":"Vandra V\u00e4gen","provider_url":"https:\/\/blogg.svenskakyrkan.se\/vandravagen","author_name":"Tomas Jarvid","author_url":"https:\/\/blogg.svenskakyrkan.se\/vandravagen\/author\/vandravagen\/","title":"Trons tv\u00e5 ansikten - Vandra V\u00e4gen","type":"rich","width":600,"height":338,"html":"<blockquote class=\"wp-embedded-content\" data-secret=\"n8pF2MycwU\"><a href=\"https:\/\/blogg.svenskakyrkan.se\/vandravagen\/2013\/11\/06\/trons-tva-ansikten\/\">Trons tv\u00e5 ansikten<\/a><\/blockquote><iframe sandbox=\"allow-scripts\" security=\"restricted\" src=\"https:\/\/blogg.svenskakyrkan.se\/vandravagen\/2013\/11\/06\/trons-tva-ansikten\/embed\/#?secret=n8pF2MycwU\" width=\"600\" height=\"338\" title=\"\u201dTrons tv\u00e5 ansikten\u201d &ndash; Vandra V\u00e4gen\" data-secret=\"n8pF2MycwU\" frameborder=\"0\" marginwidth=\"0\" marginheight=\"0\" scrolling=\"no\" class=\"wp-embedded-content\"><\/iframe><script type=\"text\/javascript\">\n\/* <![CDATA[ *\/\n\/*! This file is auto-generated *\/\n!function(d,l){\"use strict\";l.querySelector&&d.addEventListener&&\"undefined\"!=typeof URL&&(d.wp=d.wp||{},d.wp.receiveEmbedMessage||(d.wp.receiveEmbedMessage=function(e){var t=e.data;if((t||t.secret||t.message||t.value)&&!\/[^a-zA-Z0-9]\/.test(t.secret)){for(var s,r,n,a=l.querySelectorAll('iframe[data-secret=\"'+t.secret+'\"]'),o=l.querySelectorAll('blockquote[data-secret=\"'+t.secret+'\"]'),c=new RegExp(\"^https?:$\",\"i\"),i=0;i<o.length;i++)o[i].style.display=\"none\";for(i=0;i<a.length;i++)s=a[i],e.source===s.contentWindow&&(s.removeAttribute(\"style\"),\"height\"===t.message?(1e3<(r=parseInt(t.value,10))?r=1e3:~~r<200&&(r=200),s.height=r):\"link\"===t.message&&(r=new URL(s.getAttribute(\"src\")),n=new URL(t.value),c.test(n.protocol))&&n.host===r.host&&l.activeElement===s&&(d.top.location.href=t.value))}},d.addEventListener(\"message\",d.wp.receiveEmbedMessage,!1),l.addEventListener(\"DOMContentLoaded\",function(){for(var e,t,s=l.querySelectorAll(\"iframe.wp-embedded-content\"),r=0;r<s.length;r++)(t=(e=s[r]).getAttribute(\"data-secret\"))||(t=Math.random().toString(36).substring(2,12),e.src+=\"#?secret=\"+t,e.setAttribute(\"data-secret\",t)),e.contentWindow.postMessage({message:\"ready\",secret:t},\"*\")},!1)))}(window,document);\n\/\/# sourceURL=https:\/\/blogg.svenskakyrkan.se\/vandravagen\/wp-includes\/js\/wp-embed.min.js\n\/* ]]> *\/\n<\/script>\n","description":"Tillit kr\u00e4vs absolut men det \u00e4r viktigt att bj\u00e4lken h\u00e5ller ocks\u00e5&#8230; Jag h\u00f6rde h\u00e4romdagen p\u00e5 podden &#8221;samtid och sanning&#8221; med Martin Helgesson och Stefan Gustavsson. Jag rekommenderar det varmt. Sist handlade det om Eskil Francks bok om hur hans v\u00e4g bort fr\u00e5n den kristna tron sett ut. Franck var pr\u00e4st i m\u00e5nga \u00e5r och \u00e4ven [&hellip;]","thumbnail_url":"http:\/\/2.bp.blogspot.com\/-aeA1SkcgujM\/UnnziuwX9dI\/AAAAAAAAF0o\/L30OpivI5Ic\/s640\/IMG_3815.JPG"}