{"version":"1.0","provider_name":"Vandra V\u00e4gen","provider_url":"https:\/\/blogg.svenskakyrkan.se\/vandravagen","author_name":"Tomas Jarvid","author_url":"https:\/\/blogg.svenskakyrkan.se\/vandravagen\/author\/vandravagen\/","title":"Flytt och tankar p\u00e5 israeliternas flyttlass - Vandra V\u00e4gen","type":"rich","width":600,"height":338,"html":"<blockquote class=\"wp-embedded-content\" data-secret=\"VqKRFiOsCn\"><a href=\"https:\/\/blogg.svenskakyrkan.se\/vandravagen\/2013\/11\/16\/flytt-och-tankar-pa-israeliternas-flyttlass\/\">Flytt och tankar p\u00e5 israeliternas flyttlass<\/a><\/blockquote><iframe sandbox=\"allow-scripts\" security=\"restricted\" src=\"https:\/\/blogg.svenskakyrkan.se\/vandravagen\/2013\/11\/16\/flytt-och-tankar-pa-israeliternas-flyttlass\/embed\/#?secret=VqKRFiOsCn\" width=\"600\" height=\"338\" title=\"\u201dFlytt och tankar p\u00e5 israeliternas flyttlass\u201d &ndash; Vandra V\u00e4gen\" data-secret=\"VqKRFiOsCn\" frameborder=\"0\" marginwidth=\"0\" marginheight=\"0\" scrolling=\"no\" class=\"wp-embedded-content\"><\/iframe><script type=\"text\/javascript\">\n\/* <![CDATA[ *\/\n\/*! This file is auto-generated *\/\n!function(d,l){\"use strict\";l.querySelector&&d.addEventListener&&\"undefined\"!=typeof URL&&(d.wp=d.wp||{},d.wp.receiveEmbedMessage||(d.wp.receiveEmbedMessage=function(e){var t=e.data;if((t||t.secret||t.message||t.value)&&!\/[^a-zA-Z0-9]\/.test(t.secret)){for(var s,r,n,a=l.querySelectorAll('iframe[data-secret=\"'+t.secret+'\"]'),o=l.querySelectorAll('blockquote[data-secret=\"'+t.secret+'\"]'),c=new RegExp(\"^https?:$\",\"i\"),i=0;i<o.length;i++)o[i].style.display=\"none\";for(i=0;i<a.length;i++)s=a[i],e.source===s.contentWindow&&(s.removeAttribute(\"style\"),\"height\"===t.message?(1e3<(r=parseInt(t.value,10))?r=1e3:~~r<200&&(r=200),s.height=r):\"link\"===t.message&&(r=new URL(s.getAttribute(\"src\")),n=new URL(t.value),c.test(n.protocol))&&n.host===r.host&&l.activeElement===s&&(d.top.location.href=t.value))}},d.addEventListener(\"message\",d.wp.receiveEmbedMessage,!1),l.addEventListener(\"DOMContentLoaded\",function(){for(var e,t,s=l.querySelectorAll(\"iframe.wp-embedded-content\"),r=0;r<s.length;r++)(t=(e=s[r]).getAttribute(\"data-secret\"))||(t=Math.random().toString(36).substring(2,12),e.src+=\"#?secret=\"+t,e.setAttribute(\"data-secret\",t)),e.contentWindow.postMessage({message:\"ready\",secret:t},\"*\")},!1)))}(window,document);\n\/\/# sourceURL=https:\/\/blogg.svenskakyrkan.se\/vandravagen\/wp-includes\/js\/wp-embed.min.js\n\/* ]]> *\/\n<\/script>\n","description":"Den h\u00e4r mannen har packat med sig sin get! Vi h\u00e5ller p\u00e5 att flytta. Idag k\u00f6r vi en vagn med r\u00e4tt mycket grejer och sedan flyttar vi p\u00e5 riktigt om tv\u00e5 veckor med destination Husaby. Det f\u00e5r mig att t\u00e4nka p\u00e5 en k\u00e4nd flytt i bibeln (nej, likheterna \u00e4r inte s\u00e5 stora men \u00e4nd\u00e5): efter [&hellip;]","thumbnail_url":"http:\/\/3.bp.blogspot.com\/-N58of5qdzKw\/UocUDkQgfMI\/AAAAAAAAF3U\/ybk2vTpg9pA\/s640\/IMG_3929.JPG"}