{"version":"1.0","provider_name":"Vandra V\u00e4gen","provider_url":"https:\/\/blogg.svenskakyrkan.se\/vandravagen","author_name":"Tomas Jarvid","author_url":"https:\/\/blogg.svenskakyrkan.se\/vandravagen\/author\/vandravagen\/","title":"En andlig kostcirkel - Vandra V\u00e4gen","type":"rich","width":600,"height":338,"html":"<blockquote class=\"wp-embedded-content\" data-secret=\"3H6AummCEr\"><a href=\"https:\/\/blogg.svenskakyrkan.se\/vandravagen\/2013\/11\/26\/en-andlig-kostcirkel\/\">En andlig kostcirkel<\/a><\/blockquote><iframe sandbox=\"allow-scripts\" security=\"restricted\" src=\"https:\/\/blogg.svenskakyrkan.se\/vandravagen\/2013\/11\/26\/en-andlig-kostcirkel\/embed\/#?secret=3H6AummCEr\" width=\"600\" height=\"338\" title=\"\u201dEn andlig kostcirkel\u201d &ndash; Vandra V\u00e4gen\" data-secret=\"3H6AummCEr\" frameborder=\"0\" marginwidth=\"0\" marginheight=\"0\" scrolling=\"no\" class=\"wp-embedded-content\"><\/iframe><script type=\"text\/javascript\">\n\/* <![CDATA[ *\/\n\/*! This file is auto-generated *\/\n!function(d,l){\"use strict\";l.querySelector&&d.addEventListener&&\"undefined\"!=typeof URL&&(d.wp=d.wp||{},d.wp.receiveEmbedMessage||(d.wp.receiveEmbedMessage=function(e){var t=e.data;if((t||t.secret||t.message||t.value)&&!\/[^a-zA-Z0-9]\/.test(t.secret)){for(var s,r,n,a=l.querySelectorAll('iframe[data-secret=\"'+t.secret+'\"]'),o=l.querySelectorAll('blockquote[data-secret=\"'+t.secret+'\"]'),c=new RegExp(\"^https?:$\",\"i\"),i=0;i<o.length;i++)o[i].style.display=\"none\";for(i=0;i<a.length;i++)s=a[i],e.source===s.contentWindow&&(s.removeAttribute(\"style\"),\"height\"===t.message?(1e3<(r=parseInt(t.value,10))?r=1e3:~~r<200&&(r=200),s.height=r):\"link\"===t.message&&(r=new URL(s.getAttribute(\"src\")),n=new URL(t.value),c.test(n.protocol))&&n.host===r.host&&l.activeElement===s&&(d.top.location.href=t.value))}},d.addEventListener(\"message\",d.wp.receiveEmbedMessage,!1),l.addEventListener(\"DOMContentLoaded\",function(){for(var e,t,s=l.querySelectorAll(\"iframe.wp-embedded-content\"),r=0;r<s.length;r++)(t=(e=s[r]).getAttribute(\"data-secret\"))||(t=Math.random().toString(36).substring(2,12),e.src+=\"#?secret=\"+t,e.setAttribute(\"data-secret\",t)),e.contentWindow.postMessage({message:\"ready\",secret:t},\"*\")},!1)))}(window,document);\n\/\/# sourceURL=https:\/\/blogg.svenskakyrkan.se\/vandravagen\/wp-includes\/js\/wp-embed.min.js\n\/* ]]> *\/\n<\/script>\n","description":"En stor andlig kostcirkel \u00c4rkebiskop Anders Wejryd ger ut en andaktsbok med texter f\u00f6r hela \u00e5ret. Som den \u00e5terkommande bloggl\u00e4saren vet \u00e4r ocks\u00e5 jag med och skriver en s\u00e5dan bok p\u00e5 Verbums f\u00f6rlag. I b\u00e5da fallen (tror jag) utg\u00e5r texterna fr\u00e5n kyrko\u00e5ret. D\u00e4r finns texter fastst\u00e4llda f\u00f6r varje vecka under \u00e5ret och f\u00f6r stora helgdagar. [&hellip;]","thumbnail_url":"http:\/\/www.svenskakyrkan.se\/Webbplats\/System\/Bilder\/b1be5776-52cd-4fb9-ad40-8b5ff9886c9e~__H.gif"}