{"version":"1.0","provider_name":"Vandra V\u00e4gen","provider_url":"https:\/\/blogg.svenskakyrkan.se\/vandravagen","author_name":"Tomas Jarvid","author_url":"https:\/\/blogg.svenskakyrkan.se\/vandravagen\/author\/vandravagen\/","title":"\u00c4r det l\u00e5ngtr\u00e5kigt i himlen? - Vandra V\u00e4gen","type":"rich","width":600,"height":338,"html":"<blockquote class=\"wp-embedded-content\" data-secret=\"V36w54lKla\"><a href=\"https:\/\/blogg.svenskakyrkan.se\/vandravagen\/2013\/11\/27\/ar-det-langtrakigt-i-himlen\/\">\u00c4r det l\u00e5ngtr\u00e5kigt i himlen?<\/a><\/blockquote><iframe sandbox=\"allow-scripts\" security=\"restricted\" src=\"https:\/\/blogg.svenskakyrkan.se\/vandravagen\/2013\/11\/27\/ar-det-langtrakigt-i-himlen\/embed\/#?secret=V36w54lKla\" width=\"600\" height=\"338\" title=\"\u201d\u00c4r det l\u00e5ngtr\u00e5kigt i himlen?\u201d &ndash; Vandra V\u00e4gen\" data-secret=\"V36w54lKla\" frameborder=\"0\" marginwidth=\"0\" marginheight=\"0\" scrolling=\"no\" class=\"wp-embedded-content\"><\/iframe><script type=\"text\/javascript\">\n\/* <![CDATA[ *\/\n\/*! This file is auto-generated *\/\n!function(d,l){\"use strict\";l.querySelector&&d.addEventListener&&\"undefined\"!=typeof URL&&(d.wp=d.wp||{},d.wp.receiveEmbedMessage||(d.wp.receiveEmbedMessage=function(e){var t=e.data;if((t||t.secret||t.message||t.value)&&!\/[^a-zA-Z0-9]\/.test(t.secret)){for(var s,r,n,a=l.querySelectorAll('iframe[data-secret=\"'+t.secret+'\"]'),o=l.querySelectorAll('blockquote[data-secret=\"'+t.secret+'\"]'),c=new RegExp(\"^https?:$\",\"i\"),i=0;i<o.length;i++)o[i].style.display=\"none\";for(i=0;i<a.length;i++)s=a[i],e.source===s.contentWindow&&(s.removeAttribute(\"style\"),\"height\"===t.message?(1e3<(r=parseInt(t.value,10))?r=1e3:~~r<200&&(r=200),s.height=r):\"link\"===t.message&&(r=new URL(s.getAttribute(\"src\")),n=new URL(t.value),c.test(n.protocol))&&n.host===r.host&&l.activeElement===s&&(d.top.location.href=t.value))}},d.addEventListener(\"message\",d.wp.receiveEmbedMessage,!1),l.addEventListener(\"DOMContentLoaded\",function(){for(var e,t,s=l.querySelectorAll(\"iframe.wp-embedded-content\"),r=0;r<s.length;r++)(t=(e=s[r]).getAttribute(\"data-secret\"))||(t=Math.random().toString(36).substring(2,12),e.src+=\"#?secret=\"+t,e.setAttribute(\"data-secret\",t)),e.contentWindow.postMessage({message:\"ready\",secret:t},\"*\")},!1)))}(window,document);\n\/\/# sourceURL=https:\/\/blogg.svenskakyrkan.se\/vandravagen\/wp-includes\/js\/wp-embed.min.js\n\/* ]]> *\/\n<\/script>\n","description":"Strid mot Djevulen. T\u00e4nk att f\u00e5 vila fr\u00e5n den! S\u00e5h\u00e4r i doms\u00f6ndagstid blickar vi mot tidens slut och Guds nya skapelse, eller himlen om man s\u00e5 vill (\u00e4ven om det ordet kan leda tankarna fel). N\u00e4r man t\u00e4nker p\u00e5 himlen och d\u00f6den talas det ofta om vila. &#8221;Vila i frid&#8221; s\u00e4ger vi. Sj\u00f6mannens \u00e4nka s [&hellip;]","thumbnail_url":"http:\/\/3.bp.blogspot.com\/-R45x1RotEvo\/UpXpOhNDrNI\/AAAAAAAAF-Q\/QAM_7Fj0bG4\/s640\/IMG_2398.JPG"}