{"version":"1.0","provider_name":"Vandra V\u00e4gen","provider_url":"https:\/\/blogg.svenskakyrkan.se\/vandravagen","author_name":"Tomas Jarvid","author_url":"https:\/\/blogg.svenskakyrkan.se\/vandravagen\/author\/vandravagen\/","title":"Har du en bra v\u00e4rldsbild? - Vandra V\u00e4gen","type":"rich","width":600,"height":338,"html":"<blockquote class=\"wp-embedded-content\" data-secret=\"9nMAskWzwa\"><a href=\"https:\/\/blogg.svenskakyrkan.se\/vandravagen\/2013\/12\/13\/har-du-en-bra-varldsbild\/\">Har du en bra v\u00e4rldsbild?<\/a><\/blockquote><iframe sandbox=\"allow-scripts\" security=\"restricted\" src=\"https:\/\/blogg.svenskakyrkan.se\/vandravagen\/2013\/12\/13\/har-du-en-bra-varldsbild\/embed\/#?secret=9nMAskWzwa\" width=\"600\" height=\"338\" title=\"\u201dHar du en bra v\u00e4rldsbild?\u201d &ndash; Vandra V\u00e4gen\" data-secret=\"9nMAskWzwa\" frameborder=\"0\" marginwidth=\"0\" marginheight=\"0\" scrolling=\"no\" class=\"wp-embedded-content\"><\/iframe><script type=\"text\/javascript\">\n\/* <![CDATA[ *\/\n\/*! This file is auto-generated *\/\n!function(d,l){\"use strict\";l.querySelector&&d.addEventListener&&\"undefined\"!=typeof URL&&(d.wp=d.wp||{},d.wp.receiveEmbedMessage||(d.wp.receiveEmbedMessage=function(e){var t=e.data;if((t||t.secret||t.message||t.value)&&!\/[^a-zA-Z0-9]\/.test(t.secret)){for(var s,r,n,a=l.querySelectorAll('iframe[data-secret=\"'+t.secret+'\"]'),o=l.querySelectorAll('blockquote[data-secret=\"'+t.secret+'\"]'),c=new RegExp(\"^https?:$\",\"i\"),i=0;i<o.length;i++)o[i].style.display=\"none\";for(i=0;i<a.length;i++)s=a[i],e.source===s.contentWindow&&(s.removeAttribute(\"style\"),\"height\"===t.message?(1e3<(r=parseInt(t.value,10))?r=1e3:~~r<200&&(r=200),s.height=r):\"link\"===t.message&&(r=new URL(s.getAttribute(\"src\")),n=new URL(t.value),c.test(n.protocol))&&n.host===r.host&&l.activeElement===s&&(d.top.location.href=t.value))}},d.addEventListener(\"message\",d.wp.receiveEmbedMessage,!1),l.addEventListener(\"DOMContentLoaded\",function(){for(var e,t,s=l.querySelectorAll(\"iframe.wp-embedded-content\"),r=0;r<s.length;r++)(t=(e=s[r]).getAttribute(\"data-secret\"))||(t=Math.random().toString(36).substring(2,12),e.src+=\"#?secret=\"+t,e.setAttribute(\"data-secret\",t)),e.contentWindow.postMessage({message:\"ready\",secret:t},\"*\")},!1)))}(window,document);\n\/\/# sourceURL=https:\/\/blogg.svenskakyrkan.se\/vandravagen\/wp-includes\/js\/wp-embed.min.js\n\/* ]]> *\/\n<\/script>\n","description":"Jag skrev f\u00f6r ett tag sedan om att man kan ha en bra v\u00e4rldsbild \u00e4ven om den alltid \u00e4r f\u00f6r liten. S\u00e5 h\u00e4r s\u00e5g till exempel v\u00e4rlden ut enligt den gamle greken Herodotos: Jag har t\u00e4nkt lite till p\u00e5 v\u00e4rldsbilder. Ulf Jonsson, katolsk religionsfilosof har i ett sammanhang p\u00e5pekat att vi runt om i v\u00e4rlden [&hellip;]","thumbnail_url":"http:\/\/2.bp.blogspot.com\/-AY0Dp9gJKco\/Uqi-TMk7pLI\/AAAAAAAAGHw\/37Z7C-F-1bo\/s640\/IMG_2401.JPG"}